{"id":9160,"date":"2022-09-13T09:48:25","date_gmt":"2022-09-13T09:48:25","guid":{"rendered":"https:\/\/iris-cc.cat\/contacte"},"modified":"2025-04-10T10:40:59","modified_gmt":"2025-04-10T10:40:59","slug":"contact-us","status":"publish","type":"page","link":"https:\/\/iris-cc.cat\/en\/contact-us","title":{"rendered":"Contact us"},"content":{"rendered":"\t\t<div data-elementor-type=\"wp-page\" data-elementor-id=\"9160\" class=\"elementor elementor-9160 elementor-7084\" data-elementor-post-type=\"page\">\n\t\t\t\t\t\t<section class=\"elementor-section elementor-top-section elementor-element elementor-element-12ec45a elementor-section-boxed elementor-section-height-default elementor-section-height-default\" data-id=\"12ec45a\" data-element_type=\"section\">\n\t\t\t\t\t\t<div class=\"elementor-container elementor-column-gap-default\">\n\t\t\t\t\t<div class=\"elementor-column elementor-col-100 elementor-top-column elementor-element elementor-element-b5ae156\" data-id=\"b5ae156\" data-element_type=\"column\">\n\t\t\t<div class=\"elementor-widget-wrap elementor-element-populated\">\n\t\t\t\t\t\t<div class=\"elementor-element elementor-element-099002d elementor-widget elementor-widget-heading\" data-id=\"099002d\" data-element_type=\"widget\" data-widget_type=\"heading.default\">\n\t\t\t\t<div class=\"elementor-widget-container\">\n\t\t\t<h1 class=\"elementor-heading-title elementor-size-default\">CONTACT US<\/h1>\t\t<\/div>\n\t\t\t\t<\/div>\n\t\t\t\t\t<\/div>\n\t\t<\/div>\n\t\t\t\t\t<\/div>\n\t\t<\/section>\n\t\t\t\t<section class=\"elementor-section elementor-top-section elementor-element elementor-element-26b1845 elementor-section-boxed elementor-section-height-default elementor-section-height-default\" data-id=\"26b1845\" data-element_type=\"section\">\n\t\t\t\t\t\t<div class=\"elementor-container elementor-column-gap-default\">\n\t\t\t\t\t<div class=\"elementor-column elementor-col-100 elementor-top-column elementor-element elementor-element-9361d7f\" data-id=\"9361d7f\" data-element_type=\"column\">\n\t\t\t<div class=\"elementor-widget-wrap elementor-element-populated\">\n\t\t\t\t\t\t<div class=\"elementor-element elementor-element-bfcc32f elementor-widget elementor-widget-heading\" data-id=\"bfcc32f\" data-element_type=\"widget\" data-widget_type=\"heading.default\">\n\t\t\t\t<div class=\"elementor-widget-container\">\n\t\t\t<h2 class=\"elementor-heading-title elementor-size-default\">Institutional Contacts<\/h2>\t\t<\/div>\n\t\t\t\t<\/div>\n\t\t\t\t<div class=\"elementor-element elementor-element-2cc2ece elementor-widget__width-initial elementor-widget-mobile__width-inherit elementor-widget elementor-widget-text-editor\" data-id=\"2cc2ece\" data-element_type=\"widget\" data-widget_type=\"text-editor.default\">\n\t\t\t\t<div class=\"elementor-widget-container\">\n\t\t\t\t\t\t\t<p>Web: <a href=\"http:\/\/www.iris-cc.cat\" target=\"_blank\" rel=\"noopener\">www.iris-cc.cat<\/a><br \/>Tel.: 93 135 83 15<br \/>Address: Ctra. De Roda n\u00fam. 70, 08500 VIC<br \/>Email: <a href=\"mailto:info@iris-cc.cat\" target=\"_blank\" rel=\"noopener\">info@iris-cc.cat<\/a><\/p><p><strong><br \/>Director of the Institute:<\/strong><br \/>Jos\u00e9 Jer\u00f3nimo Navas Palacios<br \/>Email: <a href=\"mailto:direccio@iris-cc.cat\" target=\"_blank\" rel=\"noopener\">direccio@iris-cc.cat<\/a><\/p>\t\t\t\t\t\t<\/div>\n\t\t\t\t<\/div>\n\t\t\t\t<div class=\"elementor-element elementor-element-00fedff elementor-widget__width-initial elementor-widget-mobile__width-inherit elementor-widget elementor-widget-text-editor\" data-id=\"00fedff\" data-element_type=\"widget\" data-widget_type=\"text-editor.default\">\n\t\t\t\t<div class=\"elementor-widget-container\">\n\t\t\t\t\t\t\t<p><strong>Manager of the Institute:<\/strong><br \/>Olga Bellorb\u00ed Rubio<br \/>Email: <a href=\"mailto:direccio@iris-cc.cat\">direccio@iris-cc.cat<\/a><\/p><p><strong><br \/>Direction Secretary:<br \/><\/strong>Xavier Freixa Parareda<br \/>Email: <a href=\"mailto:info@iris-cc.cat\">info@iris-cc.cat<\/a><br \/>Tel.: 93 135 83 15<\/p>\t\t\t\t\t\t<\/div>\n\t\t\t\t<\/div>\n\t\t\t\t\t<\/div>\n\t\t<\/div>\n\t\t\t\t\t<\/div>\n\t\t<\/section>\n\t\t\t\t<section class=\"elementor-section elementor-top-section elementor-element elementor-element-7c34d38 elementor-section-boxed elementor-section-height-default elementor-section-height-default\" data-id=\"7c34d38\" data-element_type=\"section\">\n\t\t\t\t\t\t<div class=\"elementor-container elementor-column-gap-default\">\n\t\t\t\t\t<div class=\"elementor-column elementor-col-100 elementor-top-column elementor-element elementor-element-6de1b2d\" data-id=\"6de1b2d\" data-element_type=\"column\">\n\t\t\t<div class=\"elementor-widget-wrap elementor-element-populated\">\n\t\t\t\t\t\t<div class=\"elementor-element elementor-element-fa56abd elementor-widget elementor-widget-heading\" data-id=\"fa56abd\" data-element_type=\"widget\" data-widget_type=\"heading.default\">\n\t\t\t\t<div class=\"elementor-widget-container\">\n\t\t\t<h2 class=\"elementor-heading-title elementor-size-default\">Projects and clinical trials<\/h2>\t\t<\/div>\n\t\t\t\t<\/div>\n\t\t\t\t<div class=\"elementor-element elementor-element-31356b4 elementor-widget__width-initial elementor-widget-mobile__width-inherit elementor-widget elementor-widget-text-editor\" data-id=\"31356b4\" data-element_type=\"widget\" data-widget_type=\"text-editor.default\">\n\t\t\t\t<div class=\"elementor-widget-container\">\n\t\t\t\t\t\t\t<p><strong>Head of the Projects Unit:<br \/><\/strong>Juan Manuel Barroso<br \/>Email: <a href=\"mailto:projectes@iris-cc.cat\" target=\"_blank\" rel=\"noopener\">projectes@iris-cc.cat<\/a><br \/>Tel.: 93 135 83 15<\/p><p><strong><br \/>Head of the Clinical Trials Unit:<br \/><\/strong>Gemma Cuberas Borr\u00f3s<br \/>Email: <a href=\"mailto:aacc@iris-cc.cat\" target=\"_blank\" rel=\"noopener\">aacc@iris-cc.cat<\/a><br \/>Tel.: \u00a093 875 93 00 (ext. 3024)<\/p>\t\t\t\t\t\t<\/div>\n\t\t\t\t<\/div>\n\t\t\t\t<div class=\"elementor-element elementor-element-f1033a7 elementor-widget__width-initial elementor-widget-mobile__width-inherit elementor-widget elementor-widget-text-editor\" data-id=\"f1033a7\" data-element_type=\"widget\" data-widget_type=\"text-editor.default\">\n\t\t\t\t<div class=\"elementor-widget-container\">\n\t\t\t\t\t\t\t<p><strong>CEIm Secretary:<br \/><\/strong>Elisabet Roldan Bueno<br \/>Email: <a href=\"mailto:ceim@iris-cc.cat\" target=\"_blank\" rel=\"noopener\">ceim@iris-cc.cat<\/a><\/p><p><strong>Clinical Trials Manager<\/strong><br \/>Silvia Cano S\u00e1nchez<br \/>Email: <a href=\"mailto:aacc@iris-cc.cat\" target=\"_blank\" rel=\"noopener\">aacc@iris-cc.cat<\/a><br \/><a href=\"mailto:facturacio@iris-cc.cat\">facturacio@iris-cc.cat<\/a><\/p>\t\t\t\t\t\t<\/div>\n\t\t\t\t<\/div>\n\t\t\t\t\t<\/div>\n\t\t<\/div>\n\t\t\t\t\t<\/div>\n\t\t<\/section>\n\t\t\t\t<section class=\"elementor-section elementor-top-section elementor-element elementor-element-d3c42f7 elementor-section-boxed elementor-section-height-default elementor-section-height-default\" data-id=\"d3c42f7\" data-element_type=\"section\">\n\t\t\t\t\t\t<div class=\"elementor-container elementor-column-gap-default\">\n\t\t\t\t\t<div class=\"elementor-column elementor-col-100 elementor-top-column elementor-element elementor-element-613bf79\" data-id=\"613bf79\" data-element_type=\"column\">\n\t\t\t<div class=\"elementor-widget-wrap elementor-element-populated\">\n\t\t\t\t\t\t<div class=\"elementor-element elementor-element-91ed5a4 elementor-widget elementor-widget-heading\" data-id=\"91ed5a4\" data-element_type=\"widget\" data-widget_type=\"heading.default\">\n\t\t\t\t<div class=\"elementor-widget-container\">\n\t\t\t<h2 class=\"elementor-heading-title elementor-size-default\">Biobank<\/h2>\t\t<\/div>\n\t\t\t\t<\/div>\n\t\t\t\t<div class=\"elementor-element elementor-element-cb7be07 elementor-widget__width-initial elementor-widget-mobile__width-inherit elementor-widget elementor-widget-text-editor\" data-id=\"cb7be07\" data-element_type=\"widget\" data-widget_type=\"text-editor.default\">\n\t\t\t\t<div class=\"elementor-widget-container\">\n\t\t\t\t\t\t\t<p><strong>Head of the Biobank Unit<br \/><\/strong>Maria Alejo S\u00e1nchez<br \/>Tel.: 93 135 83 15<br \/>Email: <a href=\"mailto:biobanc@iris-cc.cat\" target=\"_blank\" rel=\"noopener\">biobanc@iris-cc.cat<\/a><\/p><p>\u00a0<\/p><p><strong>Coordinator of the Biobank Unit<br \/><\/strong>Gisela Margarit Torras<br \/>Email: <a href=\"mailto:biobanc@iris-cc.cat\" target=\"_blank\" rel=\"noopener\">biobanc@iris-cc.cat<\/a><\/p>\t\t\t\t\t\t<\/div>\n\t\t\t\t<\/div>\n\t\t\t\t<div class=\"elementor-element elementor-element-a22cf53 elementor-widget__width-initial elementor-widget-mobile__width-inherit elementor-widget elementor-widget-text-editor\" data-id=\"a22cf53\" data-element_type=\"widget\" data-widget_type=\"text-editor.default\">\n\t\t\t\t<div class=\"elementor-widget-container\">\n\t\t\t\t\t\t\t<p><strong>Technician of the Biobank Unit<br \/><\/strong>Kimberly Salas Le\u00f3n<br \/>Tel.: 666 15 13 89<br \/>Email: <a href=\"mailto:biobanc@iris-cc.cat\" target=\"_blank\" rel=\"noopener\">biobanc@iris-cc.cat<\/a><\/p>\t\t\t\t\t\t<\/div>\n\t\t\t\t<\/div>\n\t\t\t\t\t<\/div>\n\t\t<\/div>\n\t\t\t\t\t<\/div>\n\t\t<\/section>\n\t\t\t\t<section class=\"elementor-section elementor-top-section elementor-element elementor-element-e47d4b5 elementor-section-boxed elementor-section-height-default elementor-section-height-default\" data-id=\"e47d4b5\" data-element_type=\"section\">\n\t\t\t\t\t\t<div class=\"elementor-container elementor-column-gap-default\">\n\t\t\t\t\t<div class=\"elementor-column elementor-col-100 elementor-top-column elementor-element elementor-element-c45a4bb\" data-id=\"c45a4bb\" data-element_type=\"column\">\n\t\t\t<div class=\"elementor-widget-wrap elementor-element-populated\">\n\t\t\t\t\t\t<div class=\"elementor-element elementor-element-46ae7ec elementor-widget elementor-widget-heading\" data-id=\"46ae7ec\" data-element_type=\"widget\" data-widget_type=\"heading.default\">\n\t\t\t\t<div class=\"elementor-widget-container\">\n\t\t\t<h2 class=\"elementor-heading-title elementor-size-default\">Innovation<\/h2>\t\t<\/div>\n\t\t\t\t<\/div>\n\t\t\t\t<div class=\"elementor-element elementor-element-810f800 elementor-widget__width-initial elementor-widget-mobile__width-inherit elementor-widget elementor-widget-text-editor\" data-id=\"810f800\" data-element_type=\"widget\" data-widget_type=\"text-editor.default\">\n\t\t\t\t<div class=\"elementor-widget-container\">\n\t\t\t\t\t\t\t<p><strong>Innovation Unit<br \/><\/strong>Elena Medarde Barrag\u00e1n<br \/>Tel.: 93 135 83 15<br \/>Email: <a href=\"mailto:info@iris-cc.cat\" target=\"_blank\" rel=\"noopener\">info@iris-cc.cat<\/a><\/p>\t\t\t\t\t\t<\/div>\n\t\t\t\t<\/div>\n\t\t\t\t\t<\/div>\n\t\t<\/div>\n\t\t\t\t\t<\/div>\n\t\t<\/section>\n\t\t\t\t<section class=\"elementor-section elementor-top-section elementor-element elementor-element-0dcd67e elementor-section-boxed elementor-section-height-default elementor-section-height-default\" data-id=\"0dcd67e\" data-element_type=\"section\">\n\t\t\t\t\t\t<div class=\"elementor-container elementor-column-gap-default\">\n\t\t\t\t\t<div class=\"elementor-column elementor-col-100 elementor-top-column elementor-element elementor-element-8850234\" data-id=\"8850234\" data-element_type=\"column\">\n\t\t\t<div class=\"elementor-widget-wrap elementor-element-populated\">\n\t\t\t\t\t\t<div class=\"elementor-element elementor-element-020ad30 elementor-widget elementor-widget-heading\" data-id=\"020ad30\" data-element_type=\"widget\" data-widget_type=\"heading.default\">\n\t\t\t\t<div class=\"elementor-widget-container\">\n\t\t\t<h2 class=\"elementor-heading-title elementor-size-default\">Epidemiology and Biostatistics<\/h2>\t\t<\/div>\n\t\t\t\t<\/div>\n\t\t\t\t<div class=\"elementor-element elementor-element-b3f4f47 elementor-widget__width-initial elementor-widget-mobile__width-inherit elementor-widget elementor-widget-text-editor\" data-id=\"b3f4f47\" data-element_type=\"widget\" data-widget_type=\"text-editor.default\">\n\t\t\t\t<div class=\"elementor-widget-container\">\n\t\t\t\t\t\t\t<p><strong>Epidemiology and Biostatistics Unit<br \/><\/strong>Irene Roman Degano<br \/>Tel.: 93 135 83 15<br \/>Email: <a href=\"mailto:info@iris-cc.cat\" target=\"_blank\" rel=\"noopener\">info@iris-cc.cat<\/a><\/p>\t\t\t\t\t\t<\/div>\n\t\t\t\t<\/div>\n\t\t\t\t\t<\/div>\n\t\t<\/div>\n\t\t\t\t\t<\/div>\n\t\t<\/section>\n\t\t\t\t<section class=\"elementor-section elementor-top-section elementor-element elementor-element-2048192 elementor-section-boxed elementor-section-height-default elementor-section-height-default\" data-id=\"2048192\" data-element_type=\"section\">\n\t\t\t\t\t\t<div class=\"elementor-container elementor-column-gap-default\">\n\t\t\t\t\t<div class=\"elementor-column elementor-col-100 elementor-top-column elementor-element elementor-element-ffa6082\" data-id=\"ffa6082\" data-element_type=\"column\">\n\t\t\t<div class=\"elementor-widget-wrap elementor-element-populated\">\n\t\t\t\t\t\t<div class=\"elementor-element elementor-element-7db8d34 elementor-widget elementor-widget-heading\" data-id=\"7db8d34\" data-element_type=\"widget\" data-widget_type=\"heading.default\">\n\t\t\t\t<div class=\"elementor-widget-container\">\n\t\t\t<h2 class=\"elementor-heading-title elementor-size-default\">Communication<\/h2>\t\t<\/div>\n\t\t\t\t<\/div>\n\t\t\t\t<div class=\"elementor-element elementor-element-9bc417b elementor-widget__width-initial elementor-widget-mobile__width-inherit elementor-widget elementor-widget-text-editor\" data-id=\"9bc417b\" data-element_type=\"widget\" data-widget_type=\"text-editor.default\">\n\t\t\t\t<div class=\"elementor-widget-container\">\n\t\t\t\t\t\t\t<p>The responsibility of the internal and external communication of the IRIS-CC corresponds to the Direction of the Institution. Initially, the Direction, with the work group of the communication managers of the Founding Institutions, will work together in the management of communication actions.<\/p>\t\t\t\t\t\t<\/div>\n\t\t\t\t<\/div>\n\t\t\t\t\t<\/div>\n\t\t<\/div>\n\t\t\t\t\t<\/div>\n\t\t<\/section>\n\t\t\t\t<section class=\"elementor-section elementor-top-section elementor-element elementor-element-8454d5a elementor-section-boxed elementor-section-height-default elementor-section-height-default\" data-id=\"8454d5a\" data-element_type=\"section\">\n\t\t\t\t\t\t<div class=\"elementor-container elementor-column-gap-default\">\n\t\t\t\t\t<div class=\"elementor-column elementor-col-50 elementor-top-column elementor-element elementor-element-c23fb90\" data-id=\"c23fb90\" data-element_type=\"column\">\n\t\t\t<div class=\"elementor-widget-wrap elementor-element-populated\">\n\t\t\t\t\t\t<div class=\"elementor-element elementor-element-34ebeec elementor-widget elementor-widget-heading\" data-id=\"34ebeec\" data-element_type=\"widget\" data-widget_type=\"heading.default\">\n\t\t\t\t<div class=\"elementor-widget-container\">\n\t\t\t<h3 class=\"elementor-heading-title elementor-size-default\">IRIS-CC<\/h3>\t\t<\/div>\n\t\t\t\t<\/div>\n\t\t\t\t<div class=\"elementor-element elementor-element-d42c299 elementor-widget elementor-widget-text-editor\" data-id=\"d42c299\" data-element_type=\"widget\" data-widget_type=\"text-editor.default\">\n\t\t\t\t<div class=\"elementor-widget-container\">\n\t\t\t\t\t\t\t<p><strong>Director of the Institute:<\/strong><br \/>Jos\u00e9 Jer\u00f3nimo Navas Palacios<br \/>Email: <a href=\"mailto:direccio@iris-cc.cat\">direccio@iris-cc.cat<\/a><br \/>Tel.: 93 135 83 15<\/p>\t\t\t\t\t\t<\/div>\n\t\t\t\t<\/div>\n\t\t\t\t\t<\/div>\n\t\t<\/div>\n\t\t\t\t<div class=\"elementor-column elementor-col-50 elementor-top-column elementor-element elementor-element-95a8e94\" data-id=\"95a8e94\" data-element_type=\"column\">\n\t\t\t<div class=\"elementor-widget-wrap elementor-element-populated\">\n\t\t\t\t\t\t<div class=\"elementor-element elementor-element-3dac4e0 elementor-widget elementor-widget-heading\" data-id=\"3dac4e0\" data-element_type=\"widget\" data-widget_type=\"heading.default\">\n\t\t\t\t<div class=\"elementor-widget-container\">\n\t\t\t<h3 class=\"elementor-heading-title elementor-size-default\">Communication services of the Founding Institutions<\/h3>\t\t<\/div>\n\t\t\t\t<\/div>\n\t\t\t\t<div class=\"elementor-element elementor-element-8d42a88 elementor-widget elementor-widget-text-editor\" data-id=\"8d42a88\" data-element_type=\"widget\" data-widget_type=\"text-editor.default\">\n\t\t\t\t<div class=\"elementor-widget-container\">\n\t\t\t\t\t\t\t<p><a href=\"https:\/\/www.uvic.cat\/premsa\">Uvic-UCC \u2013 FUBalmes<\/a><br \/><a href=\"https:\/\/www.umanresa.cat\/ca\/comunicacio\/premsa\">Uvic-UCC \u2013 FUBages<\/a><br \/><a href=\"https:\/\/umedicina.cat\/institucio\/fess\">Uvic-UCC \u2013 FESS<\/a><br \/><a href=\"https:\/\/www.elisava.net\/\">Fundaci\u00f3 Elisava<\/a><br \/><a href=\"https:\/\/www.althaia.cat\/althaia\/ca\/corporatiu\/comunicacio\">Fundaci\u00f3 Althaia<\/a><br \/><a href=\"mailto:comunicacio.cc.ics@gencat.cat\">ICS \u2013 Cat Central<\/a><br \/><a href=\"https:\/\/www.chv.cat\/consorci\/comunicacio\/\">Consorci Hospitalari de Vic<\/a><br \/><a href=\"http:\/\/www.fhsc.cat\/ca\/fundacio\/comunicacio\/\">Fundaci\u00f3 Hospital Santa Creu<\/a><br \/><a href=\"https:\/\/santandreusalut.cat\/\">Sant Andreu Salut<\/a><br \/><a href=\"https:\/\/www.eapvic.org\/ca\/\">EBA Vic Sud<\/a><br \/><a href=\"https:\/\/hospiolot.com\/comunicacio\/\">Hospital d\u2019Olot<\/a><br \/><a href=\"https:\/\/fhsjdm.cat\/cat\/comunicacio\/\">Fundaci\u00f3 Hospital Sant Joan de D\u00e9u de Martorell<\/a><br \/><a href=\"https:\/\/www.osonament.cat\/blog\/\">Fundaci\u00f3 Centre M\u00e8dic Psicopedag\u00f2gic d\u2019Osona<\/a><br \/><a href=\"http:\/\/www.hospitaldecampdevanol.cat\/atencio-als-mitjans\">Hospital de Campdev\u00e0nol<\/a><\/p>\t\t\t\t\t\t<\/div>\n\t\t\t\t<\/div>\n\t\t\t\t\t<\/div>\n\t\t<\/div>\n\t\t\t\t\t<\/div>\n\t\t<\/section>\n\t\t\t\t<section class=\"elementor-section elementor-top-section elementor-element elementor-element-2d50bc7 elementor-section-boxed elementor-section-height-default elementor-section-height-default\" data-id=\"2d50bc7\" data-element_type=\"section\">\n\t\t\t\t\t\t<div class=\"elementor-container elementor-column-gap-default\">\n\t\t\t\t\t<div class=\"elementor-column elementor-col-100 elementor-top-column elementor-element elementor-element-5470463\" data-id=\"5470463\" data-element_type=\"column\">\n\t\t\t<div class=\"elementor-widget-wrap elementor-element-populated\">\n\t\t\t\t\t\t<div class=\"elementor-element elementor-element-6b2bb2b elementor-widget elementor-widget-heading\" data-id=\"6b2bb2b\" data-element_type=\"widget\" data-widget_type=\"heading.default\">\n\t\t\t\t<div class=\"elementor-widget-container\">\n\t\t\t<h2 class=\"elementor-heading-title elementor-size-default\">IRIS-CC logos\u200b\u200b<\/h2>\t\t<\/div>\n\t\t\t\t<\/div>\n\t\t\t\t<div class=\"elementor-element elementor-element-4a0e689 elementor-widget elementor-widget-text-editor\" data-id=\"4a0e689\" data-element_type=\"widget\" data-widget_type=\"text-editor.default\">\n\t\t\t\t<div class=\"elementor-widget-container\">\n\t\t\t\t\t\t\t<p>You can find the IRIS-CC logo in different formats for the institute&#8217;s communication.<\/p>\t\t\t\t\t\t<\/div>\n\t\t\t\t<\/div>\n\t\t\t\t<div class=\"elementor-element elementor-element-116792e elementor-widget elementor-widget-shortcode\" data-id=\"116792e\" data-element_type=\"widget\" data-widget_type=\"shortcode.default\">\n\t\t\t\t<div class=\"elementor-widget-container\">\n\t\t\t\t\t<div class=\"elementor-shortcode\"><div class='w3eden'><!-- WPDM Link Template: Default Template -->\n\n<div class=\"link-template-default card mb-2\">\n    <div class=\"card-body\">\n        <div class=\"media\">\n            <div class=\"mr-3 img-48\"><img decoding=\"async\" class=\"wpdm_icon\" alt=\"Icon\" src=\"https:\/\/iris-cc.cat\/wp-content\/plugins\/download-manager\/assets\/file-type-icons\/zip.svg\" \/><\/div>\n            <div class=\"media-body\">\n                <h3 class=\"package-title\"><a href='https:\/\/iris-cc.cat\/en\/download\/logotipos-iris-cc'>IRIS-CC Logo<\/a><\/h3>\n                <div class=\"text-muted text-small\"><i class=\"fas fa-copy\"><\/i> 1 file(s) <i class=\"fas fa-hdd ml-3\"><\/i> 27.32 KB<\/div>\n            <\/div>\n            <div class=\"ml-3\">\n                <a class='wpdm-download-link download-on-click btn btn-primary ' rel='nofollow' href='#' data-downloadurl=\"https:\/\/iris-cc.cat\/en\/download\/logotipos-iris-cc?wpdmdl=11779&refresh=69f3603edfe911777557566\">Download<\/a>\n            <\/div>\n        <\/div>\n    <\/div>\n<\/div>\n\n<\/div><\/div>\n\t\t\t\t<\/div>\n\t\t\t\t<\/div>\n\t\t\t\t<div class=\"elementor-element elementor-element-c54f81c elementor-widget elementor-widget-heading\" data-id=\"c54f81c\" data-element_type=\"widget\" data-widget_type=\"heading.default\">\n\t\t\t\t<div class=\"elementor-widget-container\">\n\t\t\t<h2 class=\"elementor-heading-title elementor-size-default\">Ethical channel<\/h2>\t\t<\/div>\n\t\t\t\t<\/div>\n\t\t\t\t<div class=\"elementor-element elementor-element-a52874f elementor-widget elementor-widget-text-editor\" data-id=\"a52874f\" data-element_type=\"widget\" data-widget_type=\"text-editor.default\">\n\t\t\t\t<div class=\"elementor-widget-container\">\n\t\t\t\t\t\t\t<p>At the <strong>IRIS-CC Foundation<\/strong>, we provide an <strong>ethical channel<\/strong> as a confidential communication tool to report potential irregularities, actions contrary to our values, or legal non-compliance. This channel is part of our commitment to<strong> transparency, integrity, and continuous improvement<\/strong>, ensuring the protection of individuals.<\/p>\t\t\t\t\t\t<\/div>\n\t\t\t\t<\/div>\n\t\t\t\t<div class=\"elementor-element elementor-element-d8426e7 elementor-align-center elementor-widget elementor-widget-button\" data-id=\"d8426e7\" data-element_type=\"widget\" data-widget_type=\"button.default\">\n\t\t\t\t<div class=\"elementor-widget-container\">\n\t\t\t\t\t\t\t<div class=\"elementor-button-wrapper\">\n\t\t\t\t\t<a class=\"elementor-button elementor-button-link elementor-size-sm\" href=\"https:\/\/www.suiteadeplus.com\/en\/web\/canal-etico\/registro?id=JmFj65MG\">\n\t\t\t\t\t\t<span class=\"elementor-button-content-wrapper\">\n\t\t\t\t\t\t\t\t\t<span class=\"elementor-button-text\">Click here<\/span>\n\t\t\t\t\t<\/span>\n\t\t\t\t\t<\/a>\n\t\t\t\t<\/div>\n\t\t\t\t\t\t<\/div>\n\t\t\t\t<\/div>\n\t\t\t\t<div class=\"elementor-element elementor-element-21a89de elementor-widget elementor-widget-shortcode\" data-id=\"21a89de\" data-element_type=\"widget\" data-widget_type=\"shortcode.default\">\n\t\t\t\t<div class=\"elementor-widget-container\">\n\t\t\t\t\t<div class=\"elementor-shortcode\"><div class='w3eden'><!-- WPDM Link Template: Default Template -->\n\n<div class=\"link-template-default card mb-2\">\n    <div class=\"card-body\">\n        <div class=\"media\">\n            <div class=\"mr-3 img-48\"><img decoding=\"async\" class=\"wpdm_icon\" alt=\"Icon\" src=\"https:\/\/iris-cc.cat\/wp-content\/plugins\/download-manager\/assets\/file-type-icons\/pdf.svg\" \/><\/div>\n            <div class=\"media-body\">\n                <h3 class=\"package-title\"><a href='https:\/\/iris-cc.cat\/en\/download\/politica-de-canal-etic-2'>Pol\u00edtica de canal \u00e8tic<\/a><\/h3>\n                <div class=\"text-muted text-small\"><i class=\"fas fa-copy\"><\/i> 1 file(s) <i class=\"fas fa-hdd ml-3\"><\/i> 207.55 KB<\/div>\n            <\/div>\n            <div class=\"ml-3\">\n                <a class='wpdm-download-link download-on-click btn btn-primary ' rel='nofollow' href='#' data-downloadurl=\"https:\/\/iris-cc.cat\/en\/download\/politica-de-canal-etic-2?wpdmdl=15411&refresh=69f3603eed8bc1777557566\">Download<\/a>\n            <\/div>\n        <\/div>\n    <\/div>\n<\/div>\n\n<\/div>\n<div class='w3eden'><!-- WPDM Link Template: Default Template -->\n\n<div class=\"link-template-default card mb-2\">\n    <div class=\"card-body\">\n        <div class=\"media\">\n            <div class=\"mr-3 img-48\"><img decoding=\"async\" class=\"wpdm_icon\" alt=\"Icon\" src=\"https:\/\/iris-cc.cat\/wp-content\/plugins\/download-manager\/assets\/file-type-icons\/pdf.svg\" \/><\/div>\n            <div class=\"media-body\">\n                <h3 class=\"package-title\"><a href='https:\/\/iris-cc.cat\/en\/download\/procediment-de-gestio-de-comunicacions-al-canal-etic-2'>Procediment de gesti\u00f3 de comunicacions al canal \u00e8tic<\/a><\/h3>\n                <div class=\"text-muted text-small\"><i class=\"fas fa-copy\"><\/i> 1 file(s) <i class=\"fas fa-hdd ml-3\"><\/i> 172.07 KB<\/div>\n            <\/div>\n            <div class=\"ml-3\">\n                <a class='wpdm-download-link download-on-click btn btn-primary ' rel='nofollow' href='#' data-downloadurl=\"https:\/\/iris-cc.cat\/en\/download\/procediment-de-gestio-de-comunicacions-al-canal-etic-2?wpdmdl=15412&refresh=69f3603ef2c131777557566\">Download<\/a>\n            <\/div>\n        <\/div>\n    <\/div>\n<\/div>\n\n<\/div><\/div>\n\t\t\t\t<\/div>\n\t\t\t\t<\/div>\n\t\t\t\t\t<\/div>\n\t\t<\/div>\n\t\t\t\t\t<\/div>\n\t\t<\/section>\n\t\t\t\t<\/div>\n\t\t","protected":false},"excerpt":{"rendered":"<p>CONTACT US Institutional Contacts Web: www.iris-cc.catTel.: 93 135 83 15Address: Ctra. De Roda n\u00fam. 70, 08500 VICEmail: info@iris-cc.cat Director of the Institute:Jos\u00e9 Jer\u00f3nimo Navas PalaciosEmail: direccio@iris-cc.cat Manager of the Institute:Olga Bellorb\u00ed RubioEmail: direccio@iris-cc.cat Direction Secretary:Xavier Freixa PararedaEmail: info@iris-cc.catTel.: 93 135 83 15 Projects and clinical trials Head of the Projects Unit:Juan Manuel BarrosoEmail: projectes@iris-cc.catTel.: 93&hellip;<\/p>\n","protected":false},"author":1,"featured_media":0,"parent":0,"menu_order":0,"comment_status":"closed","ping_status":"closed","template":"","meta":{"footnotes":""},"class_list":["post-9160","page","type-page","status-publish","hentry"],"yoast_head":"<!-- This site is optimized with the Yoast SEO plugin v23.9 - https:\/\/yoast.com\/wordpress\/plugins\/seo\/ -->\n<title>Contact us - IRIS-CC<\/title>\n<meta name=\"robots\" content=\"index, follow, max-snippet:-1, max-image-preview:large, max-video-preview:-1\" \/>\n<link rel=\"canonical\" href=\"https:\/\/iris-cc.cat\/en\/contact-us\" \/>\n<meta property=\"og:locale\" content=\"en_US\" \/>\n<meta property=\"og:type\" content=\"article\" \/>\n<meta property=\"og:title\" content=\"Contact us - IRIS-CC\" \/>\n<meta property=\"og:description\" content=\"CONTACT US Institutional Contacts Web: www.iris-cc.catTel.: 93 135 83 15Address: Ctra. De Roda n\u00fam. 70, 08500 VICEmail: info@iris-cc.cat Director of the Institute:Jos\u00e9 Jer\u00f3nimo Navas PalaciosEmail: direccio@iris-cc.cat Manager of the Institute:Olga Bellorb\u00ed RubioEmail: direccio@iris-cc.cat Direction Secretary:Xavier Freixa PararedaEmail: info@iris-cc.catTel.: 93 135 83 15 Projects and clinical trials Head of the Projects Unit:Juan Manuel BarrosoEmail: projectes@iris-cc.catTel.: 93&hellip;\" \/>\n<meta property=\"og:url\" content=\"https:\/\/iris-cc.cat\/en\/contact-us\" \/>\n<meta property=\"og:site_name\" content=\"IRIS-CC\" \/>\n<meta property=\"article:modified_time\" content=\"2025-04-10T10:40:59+00:00\" \/>\n<meta name=\"twitter:card\" content=\"summary_large_image\" \/>\n<meta name=\"twitter:label1\" content=\"Est. reading time\" \/>\n\t<meta name=\"twitter:data1\" content=\"2 minutes\" \/>\n<script type=\"application\/ld+json\" class=\"yoast-schema-graph\">{\"@context\":\"https:\/\/schema.org\",\"@graph\":[{\"@type\":\"WebPage\",\"@id\":\"https:\/\/iris-cc.cat\/en\/contact-us\",\"url\":\"https:\/\/iris-cc.cat\/en\/contact-us\",\"name\":\"Contact us - IRIS-CC\",\"isPartOf\":{\"@id\":\"https:\/\/iris-cc.cat\/en#website\"},\"datePublished\":\"2022-09-13T09:48:25+00:00\",\"dateModified\":\"2025-04-10T10:40:59+00:00\",\"breadcrumb\":{\"@id\":\"https:\/\/iris-cc.cat\/en\/contact-us#breadcrumb\"},\"inLanguage\":\"en-US\",\"potentialAction\":[{\"@type\":\"ReadAction\",\"target\":[\"https:\/\/iris-cc.cat\/en\/contact-us\"]}]},{\"@type\":\"BreadcrumbList\",\"@id\":\"https:\/\/iris-cc.cat\/en\/contact-us#breadcrumb\",\"itemListElement\":[{\"@type\":\"ListItem\",\"position\":1,\"name\":\"Inici\",\"item\":\"https:\/\/iris-cc.cat\/en\"},{\"@type\":\"ListItem\",\"position\":2,\"name\":\"Contact us\"}]},{\"@type\":\"WebSite\",\"@id\":\"https:\/\/iris-cc.cat\/en#website\",\"url\":\"https:\/\/iris-cc.cat\/en\",\"name\":\"IRIS-CC\",\"description\":\"Institut de Recerca i Innovaci\u00f3 en Ci\u00e8ncies de la Vida i de la Salut a la Catalunya Central\",\"publisher\":{\"@id\":\"https:\/\/iris-cc.cat\/en#organization\"},\"potentialAction\":[{\"@type\":\"SearchAction\",\"target\":{\"@type\":\"EntryPoint\",\"urlTemplate\":\"https:\/\/iris-cc.cat\/en?s={search_term_string}\"},\"query-input\":{\"@type\":\"PropertyValueSpecification\",\"valueRequired\":true,\"valueName\":\"search_term_string\"}}],\"inLanguage\":\"en-US\"},{\"@type\":\"Organization\",\"@id\":\"https:\/\/iris-cc.cat\/en#organization\",\"name\":\"Institut de Recerca i Innovaci\u00f3 en Ci\u00e8ncies de la Vida i de la Salut a la Catalunya Central\",\"url\":\"https:\/\/iris-cc.cat\/en\",\"logo\":{\"@type\":\"ImageObject\",\"inLanguage\":\"en-US\",\"@id\":\"https:\/\/iris-cc.cat\/en#\/schema\/logo\/image\/\",\"url\":\"https:\/\/iris-cc.cat\/wp-content\/uploads\/2022\/08\/iris-cc-logo.png\",\"contentUrl\":\"https:\/\/iris-cc.cat\/wp-content\/uploads\/2022\/08\/iris-cc-logo.png\",\"width\":628,\"height\":172,\"caption\":\"Institut de Recerca i Innovaci\u00f3 en Ci\u00e8ncies de la Vida i de la Salut a la Catalunya Central\"},\"image\":{\"@id\":\"https:\/\/iris-cc.cat\/en#\/schema\/logo\/image\/\"}}]}<\/script>\n<!-- \/ Yoast SEO plugin. -->","yoast_head_json":{"title":"Contact us - IRIS-CC","robots":{"index":"index","follow":"follow","max-snippet":"max-snippet:-1","max-image-preview":"max-image-preview:large","max-video-preview":"max-video-preview:-1"},"canonical":"https:\/\/iris-cc.cat\/en\/contact-us","og_locale":"en_US","og_type":"article","og_title":"Contact us - IRIS-CC","og_description":"CONTACT US Institutional Contacts Web: www.iris-cc.catTel.: 93 135 83 15Address: Ctra. De Roda n\u00fam. 70, 08500 VICEmail: info@iris-cc.cat Director of the Institute:Jos\u00e9 Jer\u00f3nimo Navas PalaciosEmail: direccio@iris-cc.cat Manager of the Institute:Olga Bellorb\u00ed RubioEmail: direccio@iris-cc.cat Direction Secretary:Xavier Freixa PararedaEmail: info@iris-cc.catTel.: 93 135 83 15 Projects and clinical trials Head of the Projects Unit:Juan Manuel BarrosoEmail: projectes@iris-cc.catTel.: 93&hellip;","og_url":"https:\/\/iris-cc.cat\/en\/contact-us","og_site_name":"IRIS-CC","article_modified_time":"2025-04-10T10:40:59+00:00","twitter_card":"summary_large_image","twitter_misc":{"Est. reading time":"2 minutes"},"schema":{"@context":"https:\/\/schema.org","@graph":[{"@type":"WebPage","@id":"https:\/\/iris-cc.cat\/en\/contact-us","url":"https:\/\/iris-cc.cat\/en\/contact-us","name":"Contact us - IRIS-CC","isPartOf":{"@id":"https:\/\/iris-cc.cat\/en#website"},"datePublished":"2022-09-13T09:48:25+00:00","dateModified":"2025-04-10T10:40:59+00:00","breadcrumb":{"@id":"https:\/\/iris-cc.cat\/en\/contact-us#breadcrumb"},"inLanguage":"en-US","potentialAction":[{"@type":"ReadAction","target":["https:\/\/iris-cc.cat\/en\/contact-us"]}]},{"@type":"BreadcrumbList","@id":"https:\/\/iris-cc.cat\/en\/contact-us#breadcrumb","itemListElement":[{"@type":"ListItem","position":1,"name":"Inici","item":"https:\/\/iris-cc.cat\/en"},{"@type":"ListItem","position":2,"name":"Contact us"}]},{"@type":"WebSite","@id":"https:\/\/iris-cc.cat\/en#website","url":"https:\/\/iris-cc.cat\/en","name":"IRIS-CC","description":"Institut de Recerca i Innovaci\u00f3 en Ci\u00e8ncies de la Vida i de la Salut a la Catalunya Central","publisher":{"@id":"https:\/\/iris-cc.cat\/en#organization"},"potentialAction":[{"@type":"SearchAction","target":{"@type":"EntryPoint","urlTemplate":"https:\/\/iris-cc.cat\/en?s={search_term_string}"},"query-input":{"@type":"PropertyValueSpecification","valueRequired":true,"valueName":"search_term_string"}}],"inLanguage":"en-US"},{"@type":"Organization","@id":"https:\/\/iris-cc.cat\/en#organization","name":"Institut de Recerca i Innovaci\u00f3 en Ci\u00e8ncies de la Vida i de la Salut a la Catalunya Central","url":"https:\/\/iris-cc.cat\/en","logo":{"@type":"ImageObject","inLanguage":"en-US","@id":"https:\/\/iris-cc.cat\/en#\/schema\/logo\/image\/","url":"https:\/\/iris-cc.cat\/wp-content\/uploads\/2022\/08\/iris-cc-logo.png","contentUrl":"https:\/\/iris-cc.cat\/wp-content\/uploads\/2022\/08\/iris-cc-logo.png","width":628,"height":172,"caption":"Institut de Recerca i Innovaci\u00f3 en Ci\u00e8ncies de la Vida i de la Salut a la Catalunya Central"},"image":{"@id":"https:\/\/iris-cc.cat\/en#\/schema\/logo\/image\/"}}]}},"_links":{"self":[{"href":"https:\/\/iris-cc.cat\/en\/wp-json\/wp\/v2\/pages\/9160","targetHints":{"allow":["GET"]}}],"collection":[{"href":"https:\/\/iris-cc.cat\/en\/wp-json\/wp\/v2\/pages"}],"about":[{"href":"https:\/\/iris-cc.cat\/en\/wp-json\/wp\/v2\/types\/page"}],"author":[{"embeddable":true,"href":"https:\/\/iris-cc.cat\/en\/wp-json\/wp\/v2\/users\/1"}],"replies":[{"embeddable":true,"href":"https:\/\/iris-cc.cat\/en\/wp-json\/wp\/v2\/comments?post=9160"}],"version-history":[{"count":147,"href":"https:\/\/iris-cc.cat\/en\/wp-json\/wp\/v2\/pages\/9160\/revisions"}],"predecessor-version":[{"id":15581,"href":"https:\/\/iris-cc.cat\/en\/wp-json\/wp\/v2\/pages\/9160\/revisions\/15581"}],"wp:attachment":[{"href":"https:\/\/iris-cc.cat\/en\/wp-json\/wp\/v2\/media?parent=9160"}],"curies":[{"name":"wp","href":"https:\/\/api.w.org\/{rel}","templated":true}]}}