{"id":8102,"date":"2022-08-23T13:21:36","date_gmt":"2022-08-23T13:21:36","guid":{"rendered":"https:\/\/iris-cc.cat\/el-instituto"},"modified":"2026-04-07T10:13:39","modified_gmt":"2026-04-07T10:13:39","slug":"instituto","status":"publish","type":"page","link":"https:\/\/iris-cc.cat\/es\/instituto","title":{"rendered":"El Instituto"},"content":{"rendered":"\t\t<div data-elementor-type=\"wp-page\" data-elementor-id=\"8102\" class=\"elementor elementor-8102 elementor-6532\" data-elementor-post-type=\"page\">\n\t\t\t\t\t\t<section class=\"elementor-section elementor-top-section elementor-element elementor-element-12ec45a elementor-section-boxed elementor-section-height-default elementor-section-height-default\" data-id=\"12ec45a\" data-element_type=\"section\">\n\t\t\t\t\t\t<div class=\"elementor-container elementor-column-gap-default\">\n\t\t\t\t\t<div class=\"elementor-column elementor-col-100 elementor-top-column elementor-element elementor-element-b5ae156\" data-id=\"b5ae156\" data-element_type=\"column\">\n\t\t\t<div class=\"elementor-widget-wrap elementor-element-populated\">\n\t\t\t\t\t\t<div class=\"elementor-element elementor-element-099002d elementor-widget elementor-widget-heading\" data-id=\"099002d\" data-element_type=\"widget\" data-widget_type=\"heading.default\">\n\t\t\t\t<div class=\"elementor-widget-container\">\n\t\t\t<h1 class=\"elementor-heading-title elementor-size-default\">EL INSTITUTO<\/h1>\t\t<\/div>\n\t\t\t\t<\/div>\n\t\t\t\t\t<\/div>\n\t\t<\/div>\n\t\t\t\t\t<\/div>\n\t\t<\/section>\n\t\t\t\t<section class=\"elementor-section elementor-top-section elementor-element elementor-element-d40a90f elementor-section-boxed elementor-section-height-default elementor-section-height-default\" data-id=\"d40a90f\" data-element_type=\"section\">\n\t\t\t\t\t\t<div class=\"elementor-container elementor-column-gap-default\">\n\t\t\t\t\t<div class=\"elementor-column elementor-col-100 elementor-top-column elementor-element elementor-element-e62bc27\" data-id=\"e62bc27\" data-element_type=\"column\">\n\t\t\t<div class=\"elementor-widget-wrap elementor-element-populated\">\n\t\t\t\t\t\t<div class=\"elementor-element elementor-element-d24b6ce elementor-widget elementor-widget-text-editor\" data-id=\"d24b6ce\" data-element_type=\"widget\" data-widget_type=\"text-editor.default\">\n\t\t\t\t<div class=\"elementor-widget-container\">\n\t\t\t\t\t\t\t<h4>El IRIS-CC es una Fundaci\u00f3n Privada que gobierna, dirige y gestiona el Instituto de Investigaci\u00f3n e Innovaci\u00f3n en Ciencias de la Vida y de la Salud en la Catalu\u00f1a Central. Es el resultado de una alianza estrat\u00e9gica entre 17 instituciones acad\u00e9micas, sanitarias y sociales de la Catalu\u00f1a Central y su \u00e1rea de influencia.<\/h4>\t\t\t\t\t\t<\/div>\n\t\t\t\t<\/div>\n\t\t\t\t<div class=\"elementor-element elementor-element-68bde60 footer-logos  elementor-widget elementor-widget-shortcode\" data-id=\"68bde60\" data-element_type=\"widget\" data-widget_type=\"shortcode.default\">\n\t\t\t\t<div class=\"elementor-widget-container\">\n\t\t\t\t\t<div class=\"elementor-shortcode\">\t\n\t\t<div id=\"gs_logo_area_1\" class=\"gs_logo_area gs_logo_area_1 grid1\" style=\"opacity: 0; visibility: hidden;\">\n\t\t\t<div class=\"gs_logo_area--inner\">\n\t\n\t\t\t\t\n<div class=\"gs_logo_container gs_logo_container_grid gs_logo_fix_height_and_center\" style=\"justify-content:flex-start\">\n\n\t\n\t\t\n\t\t\t<div class=\"gs_logo_single--wrapper\">\n\t\t\t\t<div class=\"gs_logo_single\">\n\t\t\t\t\t\n\t\t\t\t\t<!-- Logo Image -->\n\t\t\t\t\t<a href=\"https:\/\/www.uvic.cat\/\" target=\"_blank\" rel=\"noopener\"><img fetchpriority=\"high\" decoding=\"async\" width=\"736\" height=\"157\" src=\"https:\/\/iris-cc.cat\/wp-content\/uploads\/2022\/08\/universitat-de-vic.png\" class=\"gs-logo--img wp-post-image\" alt=\"\" title=\"Universitat de Vic\" srcset=\"https:\/\/iris-cc.cat\/wp-content\/uploads\/2022\/08\/universitat-de-vic.png 736w, https:\/\/iris-cc.cat\/wp-content\/uploads\/2022\/08\/universitat-de-vic-300x64.png 300w\" sizes=\"(max-width: 736px) 100vw, 736px\" \/><\/a>\n\t\t\t\t\t<!-- Logo Title -->\n\t\t\t\t\t\n\t\t\t\t\t<!-- Logo Category -->\n\t\t\t\t\t\n\t\t\t\t<\/div>\n\t\t\t<\/div>\n\n\t\t\n\t\t\t<div class=\"gs_logo_single--wrapper\">\n\t\t\t\t<div class=\"gs_logo_single\">\n\t\t\t\t\t\n\t\t\t\t\t<!-- Logo Image -->\n\t\t\t\t\t<a href=\"https:\/\/www.uvic.cat\/universitat\/fundacio-universitaria-balmes\" target=\"_blank\" rel=\"noopener\"><img decoding=\"async\" width=\"314\" height=\"156\" src=\"https:\/\/iris-cc.cat\/wp-content\/uploads\/2022\/08\/fundacio-universitaria-balmes.png\" class=\"gs-logo--img wp-post-image\" alt=\"\" title=\"Fundaci\u00f3 Universit\u00e0ria Balmes\" srcset=\"https:\/\/iris-cc.cat\/wp-content\/uploads\/2022\/08\/fundacio-universitaria-balmes.png 314w, https:\/\/iris-cc.cat\/wp-content\/uploads\/2022\/08\/fundacio-universitaria-balmes-300x149.png 300w\" sizes=\"(max-width: 314px) 100vw, 314px\" \/><\/a>\n\t\t\t\t\t<!-- Logo Title -->\n\t\t\t\t\t\n\t\t\t\t\t<!-- Logo Category -->\n\t\t\t\t\t\n\t\t\t\t<\/div>\n\t\t\t<\/div>\n\n\t\t\n\t\t\t<div class=\"gs_logo_single--wrapper\">\n\t\t\t\t<div class=\"gs_logo_single\">\n\t\t\t\t\t\n\t\t\t\t\t<!-- Logo Image -->\n\t\t\t\t\t<a href=\"https:\/\/www.elisava.net\/\" target=\"_blank\" rel=\"noopener\"><img decoding=\"async\" width=\"342\" height=\"156\" src=\"https:\/\/iris-cc.cat\/wp-content\/uploads\/2022\/08\/elisava.png\" class=\"gs-logo--img wp-post-image\" alt=\"\" title=\"Elisava\" srcset=\"https:\/\/iris-cc.cat\/wp-content\/uploads\/2022\/08\/elisava.png 342w, https:\/\/iris-cc.cat\/wp-content\/uploads\/2022\/08\/elisava-300x137.png 300w\" sizes=\"(max-width: 342px) 100vw, 342px\" \/><\/a>\n\t\t\t\t\t<!-- Logo Title -->\n\t\t\t\t\t\n\t\t\t\t\t<!-- Logo Category -->\n\t\t\t\t\t\n\t\t\t\t<\/div>\n\t\t\t<\/div>\n\n\t\t\n\t\t\t<div class=\"gs_logo_single--wrapper\">\n\t\t\t\t<div class=\"gs_logo_single\">\n\t\t\t\t\t\n\t\t\t\t\t<!-- Logo Image -->\n\t\t\t\t\t<a href=\"https:\/\/www.umedicina.cat\/institucio\/fess\" target=\"_blank\" rel=\"noopener\"><img loading=\"lazy\" decoding=\"async\" width=\"316\" height=\"157\" src=\"https:\/\/iris-cc.cat\/wp-content\/uploads\/2022\/08\/fess.png\" class=\"gs-logo--img wp-post-image\" alt=\"\" title=\"FESS\" srcset=\"https:\/\/iris-cc.cat\/wp-content\/uploads\/2022\/08\/fess.png 316w, https:\/\/iris-cc.cat\/wp-content\/uploads\/2022\/08\/fess-300x149.png 300w\" sizes=\"(max-width: 316px) 100vw, 316px\" \/><\/a>\n\t\t\t\t\t<!-- Logo Title -->\n\t\t\t\t\t\n\t\t\t\t\t<!-- Logo Category -->\n\t\t\t\t\t\n\t\t\t\t<\/div>\n\t\t\t<\/div>\n\n\t\t\n\t\t\t<div class=\"gs_logo_single--wrapper\">\n\t\t\t\t<div class=\"gs_logo_single\">\n\t\t\t\t\t\n\t\t\t\t\t<!-- Logo Image -->\n\t\t\t\t\t<a href=\"https:\/\/www.umanresa.cat\/ca\/fubages\" target=\"_blank\" rel=\"noopener\"><img loading=\"lazy\" decoding=\"async\" width=\"371\" height=\"157\" src=\"https:\/\/iris-cc.cat\/wp-content\/uploads\/2022\/08\/fundacio-universitaria-del-bages.png\" class=\"gs-logo--img wp-post-image\" alt=\"\" title=\"Fundaci\u00f3 Universit\u00e0ria del Bages\" srcset=\"https:\/\/iris-cc.cat\/wp-content\/uploads\/2022\/08\/fundacio-universitaria-del-bages.png 371w, https:\/\/iris-cc.cat\/wp-content\/uploads\/2022\/08\/fundacio-universitaria-del-bages-300x127.png 300w\" sizes=\"(max-width: 371px) 100vw, 371px\" \/><\/a>\n\t\t\t\t\t<!-- Logo Title -->\n\t\t\t\t\t\n\t\t\t\t\t<!-- Logo Category -->\n\t\t\t\t\t\n\t\t\t\t<\/div>\n\t\t\t<\/div>\n\n\t\t\n\t\t\t<div class=\"gs_logo_single--wrapper\">\n\t\t\t\t<div class=\"gs_logo_single\">\n\t\t\t\t\t\n\t\t\t\t\t<!-- Logo Image -->\n\t\t\t\t\t<a href=\"https:\/\/www.althaia.cat\/\" target=\"_blank\" rel=\"noopener\"><img loading=\"lazy\" decoding=\"async\" width=\"325\" height=\"157\" src=\"https:\/\/iris-cc.cat\/wp-content\/uploads\/2022\/08\/althaia.png\" class=\"gs-logo--img wp-post-image\" alt=\"\" title=\"Althaia\" srcset=\"https:\/\/iris-cc.cat\/wp-content\/uploads\/2022\/08\/althaia.png 325w, https:\/\/iris-cc.cat\/wp-content\/uploads\/2022\/08\/althaia-300x145.png 300w\" sizes=\"(max-width: 325px) 100vw, 325px\" \/><\/a>\n\t\t\t\t\t<!-- Logo Title -->\n\t\t\t\t\t\n\t\t\t\t\t<!-- Logo Category -->\n\t\t\t\t\t\n\t\t\t\t<\/div>\n\t\t\t<\/div>\n\n\t\t\n\t\t\t<div class=\"gs_logo_single--wrapper\">\n\t\t\t\t<div class=\"gs_logo_single\">\n\t\t\t\t\t\n\t\t\t\t\t<!-- Logo Image -->\n\t\t\t\t\t<a href=\"https:\/\/icscatalunyacentral.cat\/\" target=\"_blank\" rel=\"noopener\"><img loading=\"lazy\" decoding=\"async\" width=\"736\" height=\"157\" src=\"https:\/\/iris-cc.cat\/wp-content\/uploads\/2022\/10\/Salut-ICS-AP-negre.png\" class=\"gs-logo--img wp-post-image\" alt=\"\" title=\"Institut Catal\u00e0 de la Salut\" srcset=\"https:\/\/iris-cc.cat\/wp-content\/uploads\/2022\/10\/Salut-ICS-AP-negre.png 736w, https:\/\/iris-cc.cat\/wp-content\/uploads\/2022\/10\/Salut-ICS-AP-negre-300x64.png 300w\" sizes=\"(max-width: 736px) 100vw, 736px\" \/><\/a>\n\t\t\t\t\t<!-- Logo Title -->\n\t\t\t\t\t\n\t\t\t\t\t<!-- Logo Category -->\n\t\t\t\t\t\n\t\t\t\t<\/div>\n\t\t\t<\/div>\n\n\t\t\n\t\t\t<div class=\"gs_logo_single--wrapper\">\n\t\t\t\t<div class=\"gs_logo_single\">\n\t\t\t\t\t\n\t\t\t\t\t<!-- Logo Image -->\n\t\t\t\t\t<a href=\"https:\/\/www.chv.cat\/\" target=\"_blank\" rel=\"noopener\"><img loading=\"lazy\" decoding=\"async\" width=\"347\" height=\"156\" src=\"https:\/\/iris-cc.cat\/wp-content\/uploads\/2022\/08\/chv.png\" class=\"gs-logo--img wp-post-image\" alt=\"\" title=\"Consorci Hospitalari de Vic\" srcset=\"https:\/\/iris-cc.cat\/wp-content\/uploads\/2022\/08\/chv.png 347w, https:\/\/iris-cc.cat\/wp-content\/uploads\/2022\/08\/chv-300x135.png 300w\" sizes=\"(max-width: 347px) 100vw, 347px\" \/><\/a>\n\t\t\t\t\t<!-- Logo Title -->\n\t\t\t\t\t\n\t\t\t\t\t<!-- Logo Category -->\n\t\t\t\t\t\n\t\t\t\t<\/div>\n\t\t\t<\/div>\n\n\t\t\n\t\t\t<div class=\"gs_logo_single--wrapper\">\n\t\t\t\t<div class=\"gs_logo_single\">\n\t\t\t\t\t\n\t\t\t\t\t<!-- Logo Image -->\n\t\t\t\t\t<a href=\"http:\/\/www.fhsc.cat\/\" target=\"_blank\" rel=\"noopener\"><img loading=\"lazy\" decoding=\"async\" width=\"456\" height=\"157\" src=\"https:\/\/iris-cc.cat\/wp-content\/uploads\/2022\/08\/fundacio-hospital-santa-creu.png\" class=\"gs-logo--img wp-post-image\" alt=\"\" title=\"Fundaci\u00f3 Hospital de la Santa Creu de Vic\" srcset=\"https:\/\/iris-cc.cat\/wp-content\/uploads\/2022\/08\/fundacio-hospital-santa-creu.png 456w, https:\/\/iris-cc.cat\/wp-content\/uploads\/2022\/08\/fundacio-hospital-santa-creu-300x103.png 300w\" sizes=\"(max-width: 456px) 100vw, 456px\" \/><\/a>\n\t\t\t\t\t<!-- Logo Title -->\n\t\t\t\t\t\n\t\t\t\t\t<!-- Logo Category -->\n\t\t\t\t\t\n\t\t\t\t<\/div>\n\t\t\t<\/div>\n\n\t\t\n\t\t\t<div class=\"gs_logo_single--wrapper\">\n\t\t\t\t<div class=\"gs_logo_single\">\n\t\t\t\t\t\n\t\t\t\t\t<!-- Logo Image -->\n\t\t\t\t\t<a href=\"https:\/\/hospiolot.com\/\" target=\"_blank\" rel=\"noopener\"><img loading=\"lazy\" decoding=\"async\" width=\"224\" height=\"156\" src=\"https:\/\/iris-cc.cat\/wp-content\/uploads\/2022\/08\/hospital-olot.png\" class=\"gs-logo--img wp-post-image\" alt=\"\" title=\"Hospital d&#8217;Olot\" \/><\/a>\n\t\t\t\t\t<!-- Logo Title -->\n\t\t\t\t\t\n\t\t\t\t\t<!-- Logo Category -->\n\t\t\t\t\t\n\t\t\t\t<\/div>\n\t\t\t<\/div>\n\n\t\t\n\t\t\t<div class=\"gs_logo_single--wrapper\">\n\t\t\t\t<div class=\"gs_logo_single\">\n\t\t\t\t\t\n\t\t\t\t\t<!-- Logo Image -->\n\t\t\t\t\t<a href=\"https:\/\/santandreusalut.cat\/\" target=\"_blank\" rel=\"noopener\"><img loading=\"lazy\" decoding=\"async\" width=\"194\" height=\"157\" src=\"https:\/\/iris-cc.cat\/wp-content\/uploads\/2022\/08\/sant-andreu-salut.png\" class=\"gs-logo--img wp-post-image\" alt=\"\" title=\"Sant Andreu Salut\" \/><\/a>\n\t\t\t\t\t<!-- Logo Title -->\n\t\t\t\t\t\n\t\t\t\t\t<!-- Logo Category -->\n\t\t\t\t\t\n\t\t\t\t<\/div>\n\t\t\t<\/div>\n\n\t\t\n\t\t\t<div class=\"gs_logo_single--wrapper\">\n\t\t\t\t<div class=\"gs_logo_single\">\n\t\t\t\t\t\n\t\t\t\t\t<!-- Logo Image -->\n\t\t\t\t\t<a href=\"https:\/\/www.osonament.cat\/\" target=\"_blank\" rel=\"noopener\"><img loading=\"lazy\" decoding=\"async\" width=\"378\" height=\"156\" src=\"https:\/\/iris-cc.cat\/wp-content\/uploads\/2022\/08\/osonament.png\" class=\"gs-logo--img wp-post-image\" alt=\"\" title=\"Osonament\" srcset=\"https:\/\/iris-cc.cat\/wp-content\/uploads\/2022\/08\/osonament.png 378w, https:\/\/iris-cc.cat\/wp-content\/uploads\/2022\/08\/osonament-300x124.png 300w\" sizes=\"(max-width: 378px) 100vw, 378px\" \/><\/a>\n\t\t\t\t\t<!-- Logo Title -->\n\t\t\t\t\t\n\t\t\t\t\t<!-- Logo Category -->\n\t\t\t\t\t\n\t\t\t\t<\/div>\n\t\t\t<\/div>\n\n\t\t\n\t\t\t<div class=\"gs_logo_single--wrapper\">\n\t\t\t\t<div class=\"gs_logo_single\">\n\t\t\t\t\t\n\t\t\t\t\t<!-- Logo Image -->\n\t\t\t\t\t<a href=\"http:\/\/www.hospitaldecampdevanol.cat\/\" target=\"_blank\" rel=\"noopener\"><img loading=\"lazy\" decoding=\"async\" width=\"403\" height=\"156\" src=\"https:\/\/iris-cc.cat\/wp-content\/uploads\/2022\/08\/hospital-campdevanol.png\" class=\"gs-logo--img wp-post-image\" alt=\"\" title=\"Hospital de Campdev\u00e0nol\" srcset=\"https:\/\/iris-cc.cat\/wp-content\/uploads\/2022\/08\/hospital-campdevanol.png 403w, https:\/\/iris-cc.cat\/wp-content\/uploads\/2022\/08\/hospital-campdevanol-300x116.png 300w\" sizes=\"(max-width: 403px) 100vw, 403px\" \/><\/a>\n\t\t\t\t\t<!-- Logo Title -->\n\t\t\t\t\t\n\t\t\t\t\t<!-- Logo Category -->\n\t\t\t\t\t\n\t\t\t\t<\/div>\n\t\t\t<\/div>\n\n\t\t\n\t\t\t<div class=\"gs_logo_single--wrapper\">\n\t\t\t\t<div class=\"gs_logo_single\">\n\t\t\t\t\t\n\t\t\t\t\t<!-- Logo Image -->\n\t\t\t\t\t<a href=\"https:\/\/www.eapvic.org\/ca\/\" target=\"_blank\" rel=\"noopener\"><img loading=\"lazy\" decoding=\"async\" width=\"126\" height=\"156\" src=\"https:\/\/iris-cc.cat\/wp-content\/uploads\/2022\/08\/eap-vic.png\" class=\"gs-logo--img wp-post-image\" alt=\"\" title=\"EAP Vic\" \/><\/a>\n\t\t\t\t\t<!-- Logo Title -->\n\t\t\t\t\t\n\t\t\t\t\t<!-- Logo Category -->\n\t\t\t\t\t\n\t\t\t\t<\/div>\n\t\t\t<\/div>\n\n\t\t\n\t\t\t<div class=\"gs_logo_single--wrapper\">\n\t\t\t\t<div class=\"gs_logo_single\">\n\t\t\t\t\t\n\t\t\t\t\t<!-- Logo Image -->\n\t\t\t\t\t<a href=\"https:\/\/fhsjdm.cat\/\" target=\"_blank\" rel=\"noopener\"><img loading=\"lazy\" decoding=\"async\" width=\"329\" height=\"157\" src=\"https:\/\/iris-cc.cat\/wp-content\/uploads\/2022\/08\/sant-joan-de-deu.png\" class=\"gs-logo--img wp-post-image\" alt=\"\" title=\"Sant Joan de D\u00e9u\" srcset=\"https:\/\/iris-cc.cat\/wp-content\/uploads\/2022\/08\/sant-joan-de-deu.png 329w, https:\/\/iris-cc.cat\/wp-content\/uploads\/2022\/08\/sant-joan-de-deu-300x143.png 300w\" sizes=\"(max-width: 329px) 100vw, 329px\" \/><\/a>\n\t\t\t\t\t<!-- Logo Title -->\n\t\t\t\t\t\n\t\t\t\t\t<!-- Logo Category -->\n\t\t\t\t\t\n\t\t\t\t<\/div>\n\t\t\t<\/div>\n\n\t\t\n\t\t\t<div class=\"gs_logo_single--wrapper\">\n\t\t\t\t<div class=\"gs_logo_single\">\n\t\t\t\t\t\n\t\t\t\t\t<!-- Logo Image -->\n\t\t\t\t\t<a href=\"https:\/\/osonacontraelcancer.cat\/\" target=\"_blank\" rel=\"noopener\"><img loading=\"lazy\" decoding=\"async\" width=\"1024\" height=\"467\" src=\"https:\/\/iris-cc.cat\/wp-content\/uploads\/2024\/09\/osona-contra-el-cancer-logotip-3-1024x467.png\" class=\"gs-logo--img wp-post-image\" alt=\"\" title=\"Osona contra el c\u00e0ncer\" srcset=\"https:\/\/iris-cc.cat\/wp-content\/uploads\/2024\/09\/osona-contra-el-cancer-logotip-3-1024x467.png 1024w, https:\/\/iris-cc.cat\/wp-content\/uploads\/2024\/09\/osona-contra-el-cancer-logotip-3-300x137.png 300w, https:\/\/iris-cc.cat\/wp-content\/uploads\/2024\/09\/osona-contra-el-cancer-logotip-3-768x351.png 768w, https:\/\/iris-cc.cat\/wp-content\/uploads\/2024\/09\/osona-contra-el-cancer-logotip-3.png 1354w\" sizes=\"(max-width: 1024px) 100vw, 1024px\" \/><\/a>\n\t\t\t\t\t<!-- Logo Title -->\n\t\t\t\t\t\n\t\t\t\t\t<!-- Logo Category -->\n\t\t\t\t\t\n\t\t\t\t<\/div>\n\t\t\t<\/div>\n\n\t\t\n\t\t\t<div class=\"gs_logo_single--wrapper\">\n\t\t\t\t<div class=\"gs_logo_single\">\n\t\t\t\t\t\n\t\t\t\t\t<!-- Logo Image -->\n\t\t\t\t\t<a href=\"https:\/\/bayesconsultori.cat\/\" target=\"_blank\" rel=\"noopener\"><img loading=\"lazy\" decoding=\"async\" width=\"1024\" height=\"328\" src=\"https:\/\/iris-cc.cat\/wp-content\/uploads\/2024\/09\/logo_bayes_cosultori-1-1024x328.png\" class=\"gs-logo--img wp-post-image\" alt=\"\" title=\"Bay\u00e9s consultori\" srcset=\"https:\/\/iris-cc.cat\/wp-content\/uploads\/2024\/09\/logo_bayes_cosultori-1-1024x328.png 1024w, https:\/\/iris-cc.cat\/wp-content\/uploads\/2024\/09\/logo_bayes_cosultori-1-300x96.png 300w, https:\/\/iris-cc.cat\/wp-content\/uploads\/2024\/09\/logo_bayes_cosultori-1-768x246.png 768w, https:\/\/iris-cc.cat\/wp-content\/uploads\/2024\/09\/logo_bayes_cosultori-1-1536x492.png 1536w, https:\/\/iris-cc.cat\/wp-content\/uploads\/2024\/09\/logo_bayes_cosultori-1.png 1930w\" sizes=\"(max-width: 1024px) 100vw, 1024px\" \/><\/a>\n\t\t\t\t\t<!-- Logo Title -->\n\t\t\t\t\t\n\t\t\t\t\t<!-- Logo Category -->\n\t\t\t\t\t\n\t\t\t\t<\/div>\n\t\t\t<\/div>\n\n\t\t\n\t\t\t<div class=\"gs_logo_single--wrapper\">\n\t\t\t\t<div class=\"gs_logo_single\">\n\t\t\t\t\t\n\t\t\t\t\t<!-- Logo Image -->\n\t\t\t\t\t<a href=\"https:\/\/ampans.cat\/\" target=\"_blank\" rel=\"noopener\"><img loading=\"lazy\" decoding=\"async\" width=\"431\" height=\"217\" src=\"https:\/\/iris-cc.cat\/wp-content\/uploads\/2024\/09\/logo_AMPANS-3.png\" class=\"gs-logo--img wp-post-image\" alt=\"\" title=\"Ampans\" srcset=\"https:\/\/iris-cc.cat\/wp-content\/uploads\/2024\/09\/logo_AMPANS-3.png 431w, https:\/\/iris-cc.cat\/wp-content\/uploads\/2024\/09\/logo_AMPANS-3-300x151.png 300w\" sizes=\"(max-width: 431px) 100vw, 431px\" \/><\/a>\n\t\t\t\t\t<!-- Logo Title -->\n\t\t\t\t\t\n\t\t\t\t\t<!-- Logo Category -->\n\t\t\t\t\t\n\t\t\t\t<\/div>\n\t\t\t<\/div>\n\n\t\t\t\t\n\t\n<\/div>\t\t\t<\/div>\n\t\t<\/div>\n\t\n\t\t<style>#gs_logo_area_1:not(.verticaltickerdown):not(.verticalticker) .gs_logo_container{margin-left:-5px}#gs_logo_area_1:not(.verticaltickerdown):not(.verticalticker) .gs_logo_container{margin-right:-5px}#gs_logo_area_1:not(.verticaltickerdown):not(.verticalticker) .gs_logo_single--wrapper{padding:5px}#gs_logo_area_1 ul.gs-logo-filter-cats{text-align:center!important}#gs_logo_area_1 .gs_logo_single--wrapper{width:20%}@media (max-width:1023px){#gs_logo_area_1 .gs_logo_single--wrapper{width:33.333333333333%}}@media (max-width:767px){#gs_logo_area_1 .gs_logo_single--wrapper{width:50%}}<\/style><\/div>\n\t\t\t\t<\/div>\n\t\t\t\t<\/div>\n\t\t\t\t<div class=\"elementor-element elementor-element-46e32cd elementor-widget elementor-widget-text-editor\" data-id=\"46e32cd\" data-element_type=\"widget\" data-widget_type=\"text-editor.default\">\n\t\t\t\t<div class=\"elementor-widget-container\">\n\t\t\t\t\t\t\t<h4>El Gobierno de la Generalitat de Catalu\u00f1a aprob\u00f3 la constituci\u00f3n de la Fundaci\u00f3n privada IRIS-CC con fecha de 19 de abril de 2022. El 6 de mayo de 2022 tuvo lugar la reuni\u00f3n constituyente del Patronato.<\/h4>\n\t\t\t\t\t\t<\/div>\n\t\t\t\t<\/div>\n\t\t\t\t\t<\/div>\n\t\t<\/div>\n\t\t\t\t\t<\/div>\n\t\t<\/section>\n\t\t\t\t<section class=\"elementor-section elementor-top-section elementor-element elementor-element-0768bf8 elementor-section-boxed elementor-section-height-default elementor-section-height-default\" data-id=\"0768bf8\" data-element_type=\"section\">\n\t\t\t\t\t\t<div class=\"elementor-container elementor-column-gap-default\">\n\t\t\t\t\t<div class=\"elementor-column elementor-col-100 elementor-top-column elementor-element elementor-element-9104ea6\" data-id=\"9104ea6\" data-element_type=\"column\">\n\t\t\t<div class=\"elementor-widget-wrap elementor-element-populated\">\n\t\t\t\t\t\t<div class=\"elementor-element elementor-element-6fd029a elementor-widget elementor-widget-image\" data-id=\"6fd029a\" data-element_type=\"widget\" data-widget_type=\"image.default\">\n\t\t\t\t<div class=\"elementor-widget-container\">\n\t\t\t\t\t\t\t\t\t\t\t\t\t<img loading=\"lazy\" decoding=\"async\" width=\"1200\" height=\"628\" src=\"https:\/\/iris-cc.cat\/wp-content\/uploads\/2022\/09\/institut.jpg\" class=\"attachment-full size-full wp-image-8053\" alt=\"\" srcset=\"https:\/\/iris-cc.cat\/wp-content\/uploads\/2022\/09\/institut.jpg 1200w, https:\/\/iris-cc.cat\/wp-content\/uploads\/2022\/09\/institut-300x157.jpg 300w, https:\/\/iris-cc.cat\/wp-content\/uploads\/2022\/09\/institut-1024x536.jpg 1024w, https:\/\/iris-cc.cat\/wp-content\/uploads\/2022\/09\/institut-768x402.jpg 768w\" sizes=\"(max-width: 1200px) 100vw, 1200px\" \/>\t\t\t\t\t\t\t\t\t\t\t\t\t<\/div>\n\t\t\t\t<\/div>\n\t\t\t\t\t<\/div>\n\t\t<\/div>\n\t\t\t\t\t<\/div>\n\t\t<\/section>\n\t\t\t\t<section class=\"elementor-section elementor-top-section elementor-element elementor-element-26b1845 elementor-section-boxed elementor-section-height-default elementor-section-height-default\" data-id=\"26b1845\" data-element_type=\"section\">\n\t\t\t\t\t\t<div class=\"elementor-container elementor-column-gap-default\">\n\t\t\t\t\t<div class=\"elementor-column elementor-col-100 elementor-top-column elementor-element elementor-element-9361d7f\" data-id=\"9361d7f\" data-element_type=\"column\">\n\t\t\t<div class=\"elementor-widget-wrap elementor-element-populated\">\n\t\t\t\t\t\t<div class=\"elementor-element elementor-element-bfcc32f elementor-widget elementor-widget-heading\" data-id=\"bfcc32f\" data-element_type=\"widget\" data-widget_type=\"heading.default\">\n\t\t\t\t<div class=\"elementor-widget-container\">\n\t\t\t<h2 class=\"elementor-heading-title elementor-size-default\">Organizaci\u00f3n<\/h2>\t\t<\/div>\n\t\t\t\t<\/div>\n\t\t\t\t\t<\/div>\n\t\t<\/div>\n\t\t\t\t\t<\/div>\n\t\t<\/section>\n\t\t\t\t<section class=\"elementor-section elementor-top-section elementor-element elementor-element-a20e751 elementor-section-boxed elementor-section-height-default elementor-section-height-default\" data-id=\"a20e751\" data-element_type=\"section\">\n\t\t\t\t\t\t<div class=\"elementor-container elementor-column-gap-default\">\n\t\t\t\t\t<div class=\"elementor-column elementor-col-100 elementor-top-column elementor-element elementor-element-f2cbb63\" data-id=\"f2cbb63\" data-element_type=\"column\">\n\t\t\t<div class=\"elementor-widget-wrap elementor-element-populated\">\n\t\t\t\t\t\t<div class=\"elementor-element elementor-element-34ebeec elementor-widget elementor-widget-heading\" data-id=\"34ebeec\" data-element_type=\"widget\" data-widget_type=\"heading.default\">\n\t\t\t\t<div class=\"elementor-widget-container\">\n\t\t\t<h3 class=\"elementor-heading-title elementor-size-default\">\u00d3rganos de gobierno<\/h3>\t\t<\/div>\n\t\t\t\t<\/div>\n\t\t\t\t\t<\/div>\n\t\t<\/div>\n\t\t\t\t\t<\/div>\n\t\t<\/section>\n\t\t\t\t<section class=\"elementor-section elementor-top-section elementor-element elementor-element-cb5ec7e elementor-section-boxed elementor-section-height-default elementor-section-height-default\" data-id=\"cb5ec7e\" data-element_type=\"section\">\n\t\t\t\t\t\t<div class=\"elementor-container elementor-column-gap-default\">\n\t\t\t\t\t<div class=\"elementor-column elementor-col-50 elementor-top-column elementor-element elementor-element-728455a\" data-id=\"728455a\" data-element_type=\"column\">\n\t\t\t<div class=\"elementor-widget-wrap elementor-element-populated\">\n\t\t\t\t\t\t<div class=\"elementor-element elementor-element-a56c6e3 elementor-widget elementor-widget-heading\" data-id=\"a56c6e3\" data-element_type=\"widget\" data-widget_type=\"heading.default\">\n\t\t\t\t<div class=\"elementor-widget-container\">\n\t\t\t<h6 class=\"elementor-heading-title elementor-size-default\">Patronato<\/h6>\t\t<\/div>\n\t\t\t\t<\/div>\n\t\t\t\t<div class=\"elementor-element elementor-element-4457492 elementor-widget elementor-widget-text-editor\" data-id=\"4457492\" data-element_type=\"widget\" data-widget_type=\"text-editor.default\">\n\t\t\t\t<div class=\"elementor-widget-container\">\n\t\t\t\t\t\t\t<p><strong>Josep Eladi Ba\u00f1os D\u00edez<\/strong>, Rector de la UVIC-UCC, Presidente<\/p><p><strong>Eva Espasa Borr\u00e0s<\/strong>, Vicerrectora de Investigaci\u00f3n y Transferencia de Conocimiento de la UVIC-UCC<\/p><p><strong>Jordi Baiget i Cantons<\/strong>, Director General de la FUBalmes<\/p><p><strong>Antoni Llobet Mercader<\/strong>, Director General de la FUBages<\/p><p><strong>Joan Vila Marta<\/strong>, Concejal Ayuntamiento de Manresa<\/p><p><strong>Jaume Aubia Marimon<\/strong>, Presidente Ejecutivo Grup Med<\/p><p><strong>Josep Arimany Manso<\/strong>, Presidente de la FESS-Facultad de Medicina de la UVIC-UCC<\/p><p><strong>Marina Geli i F\u00e0brega<\/strong>, Directora General de la FESS-Facultad de Medicina de la UVIC-UCC<\/p><p><strong>Jordi Conejos Sancho<\/strong>, Presidente de la Fundaci\u00f3 Elisava<\/p><p><strong>Javier Pe\u00f1a Andr\u00e9s<\/strong>, Director General de la Fundaci\u00f3 Elisava<\/p><p><strong>\u00c0urea Autet Puig<\/strong>, Directora de Salut Mental de la Fundaci\u00f3 Althaia<\/p><p><strong>Manel Jovells i Cases<\/strong>, Director General de la Fundaci\u00f3 Althaia<\/p><p><strong>Montserrat Domenech Santasusana<\/strong>, Directora Asistencial de la Fundaci\u00f3 Althaia<\/p><p><strong>Dolors Gass\u00f3 Bonveh\u00ed<\/strong>, Fundaci\u00f3 Althaia<\/p><p><strong>N\u00faria Prat Gil<\/strong>, Gerente del ICS en la Catalu\u00f1a Central, Vicepresidenta segunda<\/p><p><strong>Francesc Iglesias Garcia<\/strong>, responsable oficina de apoyo a la investigaci\u00f3n e innovaci\u00f3n del ICS<\/p><p><strong>Sara Manjon del Solar<\/strong>, Gerente del Consorci Hospitalari de Vic y la Fundaci\u00f3n Hospital de la Santa Creu de Vic. Vicepresidenta tercera<\/p><p><strong>Joan Escarrabill Sanglas<\/strong>, Consorci Hospitalari de Vic.<\/p><p><strong>Joan Mir Tubau<\/strong>, Fundaci\u00f3 Hospital de la Santa Creu de Vic<\/p><p><strong>Jordi Roca Casas<\/strong>, Director de Estrategia e Innovaci\u00f3n del Consorci Hospitalari de Vic y la Fundaci\u00f3n Hospital de la Santa Creu de Vic<\/p><p><strong>Manel Valls Martorell<\/strong>, Director General de la Fundaci\u00f3 Sant Andreu Salut de Manresa<\/p><p><strong>Manel Peir\u00f3 Posadas<\/strong>, Fundaci\u00f3 Sant Andreu Salut Manresa<\/p><p><strong>Jordi Trelis Navarro, <\/strong>Director Gerente de la Fundaci\u00f3 Hospital Sant Joan de D\u00e9u de Martorell<\/p><p><strong>Llu\u00eds Rami\u00f3 Torrent\u00e0<\/strong>, Director Gerente del Hospital d\u2019Olot<\/p><p><strong>N\u00faria Gomis Vila<\/strong>, Codirectora de la Fundaci\u00f3 Hospital de Campdev\u00e0nol<\/p><p><strong>Marta Serrarols Soldevila<\/strong>, Gerente-Consejera Delegada Directora de la EBA EAP Vic-Sud<\/p><p><strong>Merc\u00e8 Gener\u00f3<\/strong>, Gerencia de la Fundaci\u00f3 Osonament<\/p><p><strong>Cl\u00e0udia Bay\u00e9s Gen\u00eds<\/strong>, Gerencia del Consultori Bay\u00e9s<\/p><p><strong>Antoni Joan Espinal Freixas<\/strong>, Director General de la Fundaci\u00f3 AMPANS<\/p><p><strong>Josep Fabreg\u00f3 Trabal<\/strong>, Vocal de la junta de Osona contra el c\u00e0ncer<\/p><p><strong>Jordi Espona Arum\u00ed<\/strong>, Secretario del Patronato<\/p>\t\t\t\t\t\t<\/div>\n\t\t\t\t<\/div>\n\t\t\t\t\t<\/div>\n\t\t<\/div>\n\t\t\t\t<div class=\"elementor-column elementor-col-50 elementor-top-column elementor-element elementor-element-18e923f\" data-id=\"18e923f\" data-element_type=\"column\">\n\t\t\t<div class=\"elementor-widget-wrap elementor-element-populated\">\n\t\t\t\t\t\t<div class=\"elementor-element elementor-element-1cc76e8 elementor-widget elementor-widget-heading\" data-id=\"1cc76e8\" data-element_type=\"widget\" data-widget_type=\"heading.default\">\n\t\t\t\t<div class=\"elementor-widget-container\">\n\t\t\t<h6 class=\"elementor-heading-title elementor-size-default\">Comisi\u00f3n delegada<\/h6>\t\t<\/div>\n\t\t\t\t<\/div>\n\t\t\t\t<div class=\"elementor-element elementor-element-0387640 elementor-widget elementor-widget-text-editor\" data-id=\"0387640\" data-element_type=\"widget\" data-widget_type=\"text-editor.default\">\n\t\t\t\t<div class=\"elementor-widget-container\">\n\t\t\t\t\t\t\t<p><strong>Josep Eladi Ba\u00f1os<\/strong>, Rector de la UVUC-UCC. Presidente<\/p><p><strong>Jordi Baiget i Cantons<\/strong>, Director General de la FUBalmes<\/p><p><strong>Antoni Llobet Mercad\u00e9<\/strong>, Director General de la FUBages<\/p><p><strong>Marina Geli F\u00e0brega<\/strong>, Directora General de la FESS<\/p><p><strong>Javier Pe\u00f1a Andr\u00e9s<\/strong>, Director General de la Fundaci\u00f3 Elisava<\/p><p><strong>Manel Jovells i Cases<\/strong>, Director General de la Fundaci\u00f3 Althaia<\/p><p><strong>N\u00faria Prat Gil<\/strong>, Gerente del ICS en la Catalu\u00f1a Central<\/p><p><strong>Sara Manj\u00f3n del Solar<\/strong>, Directora Gerente del CHV<\/p>\t\t\t\t\t\t<\/div>\n\t\t\t\t<\/div>\n\t\t\t\t<section class=\"elementor-section elementor-inner-section elementor-element elementor-element-90ec231 elementor-section-boxed elementor-section-height-default elementor-section-height-default\" data-id=\"90ec231\" data-element_type=\"section\">\n\t\t\t\t\t\t<div class=\"elementor-container elementor-column-gap-default\">\n\t\t\t\t\t<div class=\"elementor-column elementor-col-100 elementor-inner-column elementor-element elementor-element-7a8b27d\" data-id=\"7a8b27d\" data-element_type=\"column\">\n\t\t\t<div class=\"elementor-widget-wrap elementor-element-populated\">\n\t\t\t\t\t\t<div class=\"elementor-element elementor-element-e6e8221 elementor-widget elementor-widget-heading\" data-id=\"e6e8221\" data-element_type=\"widget\" data-widget_type=\"heading.default\">\n\t\t\t\t<div class=\"elementor-widget-container\">\n\t\t\t<h3 class=\"elementor-heading-title elementor-size-default\">\u00d3rganos de Direcci\u00f3n<\/h3>\t\t<\/div>\n\t\t\t\t<\/div>\n\t\t\t\t\t<\/div>\n\t\t<\/div>\n\t\t\t\t\t<\/div>\n\t\t<\/section>\n\t\t\t\t<section class=\"elementor-section elementor-inner-section elementor-element elementor-element-51c4c59 elementor-section-boxed elementor-section-height-default elementor-section-height-default\" data-id=\"51c4c59\" data-element_type=\"section\">\n\t\t\t\t\t\t<div class=\"elementor-container elementor-column-gap-default\">\n\t\t\t\t\t<div class=\"elementor-column elementor-col-50 elementor-inner-column elementor-element elementor-element-31ff390\" data-id=\"31ff390\" data-element_type=\"column\">\n\t\t\t<div class=\"elementor-widget-wrap elementor-element-populated\">\n\t\t\t\t\t\t<div class=\"elementor-element elementor-element-f741c12 elementor-widget elementor-widget-heading\" data-id=\"f741c12\" data-element_type=\"widget\" data-widget_type=\"heading.default\">\n\t\t\t\t<div class=\"elementor-widget-container\">\n\t\t\t<h6 class=\"elementor-heading-title elementor-size-default\">Direcci\u00f3n<\/h6>\t\t<\/div>\n\t\t\t\t<\/div>\n\t\t\t\t<div class=\"elementor-element elementor-element-1f40bbb elementor-widget elementor-widget-text-editor\" data-id=\"1f40bbb\" data-element_type=\"widget\" data-widget_type=\"text-editor.default\">\n\t\t\t\t<div class=\"elementor-widget-container\">\n\t\t\t\t\t\t\t<p>El Director del IRIS-CC es el Dr. Jos\u00e9 Jer\u00f3nimo Navas Palacios, quien asume las competencias establecidas en los estatutos de: direcci\u00f3n, planificaci\u00f3n, organizaci\u00f3n y control de todas las actividades de investigaci\u00f3n, innovaci\u00f3n y gesti\u00f3n general y de los recursos humanos del Instituto.<\/p>\n<p>La direcci\u00f3n es responsable de elevar al patronato para su aprobaci\u00f3n, las propuestas de planificaci\u00f3n estrat\u00e9gica y presupuestarias. La direcci\u00f3n recibe de la gerencia, del Comit\u00e9 de Direcci\u00f3n, del Comit\u00e9 cient\u00edfico interno, y de las Coordinaciones territoriales y cient\u00edficas la informaci\u00f3n para la formulaci\u00f3n de los planes estrat\u00e9gicos, financieros y cient\u00edficos.<\/p>\n\t\t\t\t\t\t<\/div>\n\t\t\t\t<\/div>\n\t\t\t\t\t<\/div>\n\t\t<\/div>\n\t\t\t\t<div class=\"elementor-column elementor-col-50 elementor-inner-column elementor-element elementor-element-f82dd22\" data-id=\"f82dd22\" data-element_type=\"column\">\n\t\t\t<div class=\"elementor-widget-wrap elementor-element-populated\">\n\t\t\t\t\t\t<div class=\"elementor-element elementor-element-88935ad elementor-widget elementor-widget-heading\" data-id=\"88935ad\" data-element_type=\"widget\" data-widget_type=\"heading.default\">\n\t\t\t\t<div class=\"elementor-widget-container\">\n\t\t\t<h6 class=\"elementor-heading-title elementor-size-default\">Gerencia<\/h6>\t\t<\/div>\n\t\t\t\t<\/div>\n\t\t\t\t<div class=\"elementor-element elementor-element-f874a71 elementor-widget elementor-widget-text-editor\" data-id=\"f874a71\" data-element_type=\"widget\" data-widget_type=\"text-editor.default\">\n\t\t\t\t<div class=\"elementor-widget-container\">\n\t\t\t\t\t\t\t<p>La Gerente del Instituto, Sra. Olga Bellorb\u00ed Rubio, tiene las competencias establecidas en los estatutos, depende org\u00e1nicamente de la Direcci\u00f3n. Es responsable de la gesti\u00f3n de los recursos econ\u00f3micos, recursos humanos y de los servicios generales del Instituto.<\/p>\n\t\t\t\t\t\t<\/div>\n\t\t\t\t<\/div>\n\t\t\t\t\t<\/div>\n\t\t<\/div>\n\t\t\t\t\t<\/div>\n\t\t<\/section>\n\t\t\t\t\t<\/div>\n\t\t<\/div>\n\t\t\t\t\t<\/div>\n\t\t<\/section>\n\t\t\t\t<section class=\"elementor-section elementor-top-section elementor-element elementor-element-789ed20 elementor-section-boxed elementor-section-height-default elementor-section-height-default\" data-id=\"789ed20\" data-element_type=\"section\">\n\t\t\t\t\t\t<div class=\"elementor-container elementor-column-gap-default\">\n\t\t\t\t\t<div class=\"elementor-column elementor-col-50 elementor-top-column elementor-element elementor-element-48e6cac\" data-id=\"48e6cac\" data-element_type=\"column\">\n\t\t\t<div class=\"elementor-widget-wrap elementor-element-populated\">\n\t\t\t\t\t\t<div class=\"elementor-element elementor-element-bde0d66 elementor-widget elementor-widget-image\" data-id=\"bde0d66\" data-element_type=\"widget\" data-widget_type=\"image.default\">\n\t\t\t\t<div class=\"elementor-widget-container\">\n\t\t\t\t\t\t\t\t\t\t\t\t\t<img loading=\"lazy\" decoding=\"async\" width=\"1024\" height=\"683\" src=\"https:\/\/iris-cc.cat\/wp-content\/uploads\/2022\/08\/2.2.2.3-1024x683.jpg\" class=\"attachment-large size-large wp-image-8005\" alt=\"\" srcset=\"https:\/\/iris-cc.cat\/wp-content\/uploads\/2022\/08\/2.2.2.3-1024x683.jpg 1024w, https:\/\/iris-cc.cat\/wp-content\/uploads\/2022\/08\/2.2.2.3-300x200.jpg 300w, https:\/\/iris-cc.cat\/wp-content\/uploads\/2022\/08\/2.2.2.3-768x512.jpg 768w, https:\/\/iris-cc.cat\/wp-content\/uploads\/2022\/08\/2.2.2.3.jpg 1200w\" sizes=\"(max-width: 1024px) 100vw, 1024px\" \/>\t\t\t\t\t\t\t\t\t\t\t\t\t<\/div>\n\t\t\t\t<\/div>\n\t\t\t\t\t<\/div>\n\t\t<\/div>\n\t\t\t\t<div class=\"elementor-column elementor-col-50 elementor-top-column elementor-element elementor-element-7ae44f0\" data-id=\"7ae44f0\" data-element_type=\"column\">\n\t\t\t<div class=\"elementor-widget-wrap elementor-element-populated\">\n\t\t\t\t\t\t<div class=\"elementor-element elementor-element-05ef943 elementor-widget elementor-widget-heading\" data-id=\"05ef943\" data-element_type=\"widget\" data-widget_type=\"heading.default\">\n\t\t\t\t<div class=\"elementor-widget-container\">\n\t\t\t<h3 class=\"elementor-heading-title elementor-size-default\">Comit\u00e9 de direcci\u00f3n<\/h3>\t\t<\/div>\n\t\t\t\t<\/div>\n\t\t\t\t<div class=\"elementor-element elementor-element-48cef8c elementor-widget elementor-widget-text-editor\" data-id=\"48cef8c\" data-element_type=\"widget\" data-widget_type=\"text-editor.default\">\n\t\t\t\t<div class=\"elementor-widget-container\">\n\t\t\t\t\t\t\t<p><strong>Jos\u00e9 Jer\u00f3nimo Navas Palacios<\/strong>, Director del IRIS-CC, Presidente<\/p><p><strong>Olga Bellorb\u00ed Rubio<\/strong>, Gerenta del IRIS-CC,\u00a0<\/p><p><strong>Gemma Cuberas Borr\u00f3s<\/strong>, Jefa de Unidad de Ensayos Cl\u00ednicos<\/p><p><strong>Juan Manuel<\/strong> <strong>Barroso Beltran<\/strong>, Jefe de Unidad de Proyectos<\/p><p><strong>N\u00faria Roger Canals<\/strong>, Coordinadora territorial de Osona-Vic<\/p><p><strong>Alfons Herv\u00e0s Roque<\/strong>, Coordinador territorial de Bages-Manresa<\/p><p><strong>Elena Medarde Barrag\u00e1n<\/strong>, Jefa de la Unidad de Innovaci\u00f3n<\/p><p><strong>Mar\u00eda Alejo S\u00e1nchez<\/strong>, Jefa de Unidad de Biobanco<\/p><p><strong>Irene Roman Degano<\/strong>, Jefa de la Unidad de Epidemiolog\u00eda y Bioestad\u00edstica<\/p><p>Coordinador de laboratorio de investigaci\u00f3n biom\u00e9dica b\u00e1sica (vacante)<\/p><p><strong>Pili Pascual<\/strong>, Secretaria de Direcci\u00f3n, Secretaria<\/p>\t\t\t\t\t\t<\/div>\n\t\t\t\t<\/div>\n\t\t\t\t\t<\/div>\n\t\t<\/div>\n\t\t\t\t\t<\/div>\n\t\t<\/section>\n\t\t\t\t<section class=\"elementor-section elementor-top-section elementor-element elementor-element-58984f4 elementor-section-boxed elementor-section-height-default elementor-section-height-default\" data-id=\"58984f4\" data-element_type=\"section\">\n\t\t\t\t\t\t<div class=\"elementor-container elementor-column-gap-default\">\n\t\t\t\t\t<div class=\"elementor-column elementor-col-100 elementor-top-column elementor-element elementor-element-a28f063\" data-id=\"a28f063\" data-element_type=\"column\">\n\t\t\t<div class=\"elementor-widget-wrap elementor-element-populated\">\n\t\t\t\t\t\t<div class=\"elementor-element elementor-element-ef83452 elementor-widget elementor-widget-heading\" data-id=\"ef83452\" data-element_type=\"widget\" data-widget_type=\"heading.default\">\n\t\t\t\t<div class=\"elementor-widget-container\">\n\t\t\t<h3 class=\"elementor-heading-title elementor-size-default\">\u00d3rganos de asesoramiento<\/h3>\t\t<\/div>\n\t\t\t\t<\/div>\n\t\t\t\t\t<\/div>\n\t\t<\/div>\n\t\t\t\t\t<\/div>\n\t\t<\/section>\n\t\t\t\t<section class=\"elementor-section elementor-top-section elementor-element elementor-element-ef09643 elementor-section-boxed elementor-section-height-default elementor-section-height-default\" data-id=\"ef09643\" data-element_type=\"section\">\n\t\t\t\t\t\t<div class=\"elementor-container elementor-column-gap-default\">\n\t\t\t\t\t<div class=\"elementor-column elementor-col-50 elementor-top-column elementor-element elementor-element-4c07244\" data-id=\"4c07244\" data-element_type=\"column\">\n\t\t\t<div class=\"elementor-widget-wrap elementor-element-populated\">\n\t\t\t\t\t\t<div class=\"elementor-element elementor-element-3b72e13 elementor-widget elementor-widget-heading\" data-id=\"3b72e13\" data-element_type=\"widget\" data-widget_type=\"heading.default\">\n\t\t\t\t<div class=\"elementor-widget-container\">\n\t\t\t<h6 class=\"elementor-heading-title elementor-size-default\">Comit\u00e9 cient\u00edfico externo<\/h6>\t\t<\/div>\n\t\t\t\t<\/div>\n\t\t\t\t<div class=\"elementor-element elementor-element-62248c2 elementor-widget elementor-widget-text-editor\" data-id=\"62248c2\" data-element_type=\"widget\" data-widget_type=\"text-editor.default\">\n\t\t\t\t<div class=\"elementor-widget-container\">\n\t\t\t\t\t\t\t<p>Composici\u00f3n pendiente de aprobaci\u00f3n por el patronato<\/p>\n\t\t\t\t\t\t<\/div>\n\t\t\t\t<\/div>\n\t\t\t\t\t<\/div>\n\t\t<\/div>\n\t\t\t\t<div class=\"elementor-column elementor-col-50 elementor-top-column elementor-element elementor-element-688db86\" data-id=\"688db86\" data-element_type=\"column\">\n\t\t\t<div class=\"elementor-widget-wrap elementor-element-populated\">\n\t\t\t\t\t\t<div class=\"elementor-element elementor-element-697e0cc elementor-widget elementor-widget-heading\" data-id=\"697e0cc\" data-element_type=\"widget\" data-widget_type=\"heading.default\">\n\t\t\t\t<div class=\"elementor-widget-container\">\n\t\t\t<h6 class=\"elementor-heading-title elementor-size-default\">Comit\u00e9 cient\u00edfico interno<\/h6>\t\t<\/div>\n\t\t\t\t<\/div>\n\t\t\t\t<div class=\"elementor-element elementor-element-18e0a03 elementor-widget elementor-widget-text-editor\" data-id=\"18e0a03\" data-element_type=\"widget\" data-widget_type=\"text-editor.default\">\n\t\t\t\t<div class=\"elementor-widget-container\">\n\t\t\t\t\t\t\t<p><strong>Jos\u00e9 Jer\u00f3nimo Navas Palacios<\/strong>, Director del IRIS-CC, Presidente<\/p>\n<p><strong>Olga Bellorb\u00ed Rubio<\/strong>, Gerenta del IRIS-CC,<\/p>\n<p><strong>Eva Espasa Borr\u00e0s<\/strong>, Vicerrectora de Investigaci\u00f3n y Transferencia de Conocimiento de la UVIC-UCC<\/p>\n<p><strong>Roberto Elosua<\/strong>, Vicedecano de investigaci\u00f3n de la Facultad de Medicina de la UVIC-UCC<\/p>\n<p><strong>Carlo Manzo<\/strong>, Delegado de investigaci\u00f3n de las facultades de la UVIC-UCC relacionadas con ciencias de la vida y de la salud<\/p>\n<p><strong>Llu\u00eds Pujadas<\/strong>, Coordinador AR Regeneraci\u00f3n y Transformaci\u00f3n Tissular<\/p>\n<p><strong>Jordi Vill\u00e0<\/strong>, Coordinador AI Bioinform\u00e1tica y Bioimagen<\/p>\n<p><strong>Manuel Crespo<\/strong>, Coordinador AI Cl\u00ednica<\/p>\n<p><strong>Irene Roman<\/strong>, Coordinadora AI Epidemiolog\u00eda y Salud P\u00fablica<\/p>\n<p><strong>Jordi Ambl\u00e0s<\/strong>, Coordinador AI Envejecimiento y Cronicidad<\/p>\n<p><strong>Javier Jerez<\/strong>, Coordinador AI Cuidados<\/p>\n<p><strong>Anna M. Puig<\/strong>, Coordinadora AI Programas Transversales<\/p>\n<p><strong>Elena Medarde<\/strong>, Coordinadora AI Innovaci\u00f3n<\/p>\n<p><strong>Ignasi Puig<\/strong>, Coordinador cient\u00edfico territorial del Bages-Manresa<\/p>\n<p><strong>Judit Serra<\/strong>, Coordinador cient\u00edfico territorial de Osona-Vic<\/p>\n<p><strong>Josep Vidal<\/strong>, Coordinador cient\u00edfico del ICS en la Catalunya Central<\/p>\n<p><strong>Juan Crespo<\/strong>, Coordinador cient\u00edfico de la Fundaci\u00f3 Elisava&nbsp;<\/p>\n<p>El Coordinador\/a del laboratorio de investigaci\u00f3n biom\u00e9dica b\u00e1sica (vacante)<\/p><p><strong>Pili Pascual<\/strong>, Secretaria de Direcci\u00f3n, Secretaria<\/p>\t\t\t\t\t\t<\/div>\n\t\t\t\t<\/div>\n\t\t\t\t\t<\/div>\n\t\t<\/div>\n\t\t\t\t\t<\/div>\n\t\t<\/section>\n\t\t\t\t<section class=\"elementor-section elementor-top-section elementor-element elementor-element-c92bfce elementor-section-boxed elementor-section-height-default elementor-section-height-default\" data-id=\"c92bfce\" data-element_type=\"section\">\n\t\t\t\t\t\t<div class=\"elementor-container elementor-column-gap-default\">\n\t\t\t\t\t<div class=\"elementor-column elementor-col-100 elementor-top-column elementor-element elementor-element-e4216de\" data-id=\"e4216de\" data-element_type=\"column\">\n\t\t\t<div class=\"elementor-widget-wrap elementor-element-populated\">\n\t\t\t\t\t\t<div class=\"elementor-element elementor-element-a2ed4f1 elementor-widget elementor-widget-heading\" data-id=\"a2ed4f1\" data-element_type=\"widget\" data-widget_type=\"heading.default\">\n\t\t\t\t<div class=\"elementor-widget-container\">\n\t\t\t<h3 class=\"elementor-heading-title elementor-size-default\">Organigrama<\/h3>\t\t<\/div>\n\t\t\t\t<\/div>\n\t\t\t\t\t<\/div>\n\t\t<\/div>\n\t\t\t\t\t<\/div>\n\t\t<\/section>\n\t\t\t\t<section class=\"elementor-section elementor-top-section elementor-element elementor-element-f95523c elementor-section-boxed elementor-section-height-default elementor-section-height-default\" data-id=\"f95523c\" data-element_type=\"section\">\n\t\t\t\t\t\t<div class=\"elementor-container elementor-column-gap-default\">\n\t\t\t\t\t<div class=\"elementor-column elementor-col-100 elementor-top-column elementor-element elementor-element-c92ace2\" data-id=\"c92ace2\" data-element_type=\"column\" data-settings=\"{&quot;background_background&quot;:&quot;classic&quot;}\">\n\t\t\t<div class=\"elementor-widget-wrap elementor-element-populated\">\n\t\t\t\t\t\t<div class=\"elementor-element elementor-element-9cc2d4c elementor-widget elementor-widget-image\" data-id=\"9cc2d4c\" data-element_type=\"widget\" data-widget_type=\"image.default\">\n\t\t\t\t<div class=\"elementor-widget-container\">\n\t\t\t\t\t\t\t\t\t\t\t\t\t<img loading=\"lazy\" decoding=\"async\" width=\"1178\" height=\"494\" src=\"https:\/\/iris-cc.cat\/wp-content\/uploads\/2023\/03\/OrganigramaES-2.png\" class=\"attachment-full size-full wp-image-11613\" alt=\"\" srcset=\"https:\/\/iris-cc.cat\/wp-content\/uploads\/2023\/03\/OrganigramaES-2.png 1178w, https:\/\/iris-cc.cat\/wp-content\/uploads\/2023\/03\/OrganigramaES-2-300x126.png 300w, https:\/\/iris-cc.cat\/wp-content\/uploads\/2023\/03\/OrganigramaES-2-1024x429.png 1024w, https:\/\/iris-cc.cat\/wp-content\/uploads\/2023\/03\/OrganigramaES-2-768x322.png 768w\" sizes=\"(max-width: 1178px) 100vw, 1178px\" \/>\t\t\t\t\t\t\t\t\t\t\t\t\t<\/div>\n\t\t\t\t<\/div>\n\t\t\t\t\t<\/div>\n\t\t<\/div>\n\t\t\t\t\t<\/div>\n\t\t<\/section>\n\t\t\t\t<section class=\"elementor-section elementor-top-section elementor-element elementor-element-287481b elementor-section-boxed elementor-section-height-default elementor-section-height-default\" data-id=\"287481b\" data-element_type=\"section\">\n\t\t\t\t\t\t<div class=\"elementor-container elementor-column-gap-default\">\n\t\t\t\t\t<div class=\"elementor-column elementor-col-100 elementor-top-column elementor-element elementor-element-46ac3f4\" data-id=\"46ac3f4\" data-element_type=\"column\">\n\t\t\t<div class=\"elementor-widget-wrap elementor-element-populated\">\n\t\t\t\t\t\t<div class=\"elementor-element elementor-element-756eb4d elementor-widget elementor-widget-heading\" data-id=\"756eb4d\" data-element_type=\"widget\" data-widget_type=\"heading.default\">\n\t\t\t\t<div class=\"elementor-widget-container\">\n\t\t\t<h3 class=\"elementor-heading-title elementor-size-default\">Sedes territoriales<\/h3>\t\t<\/div>\n\t\t\t\t<\/div>\n\t\t\t\t\t<\/div>\n\t\t<\/div>\n\t\t\t\t\t<\/div>\n\t\t<\/section>\n\t\t\t\t<section class=\"elementor-section elementor-top-section elementor-element elementor-element-4fde211 elementor-section-boxed elementor-section-height-default elementor-section-height-default\" data-id=\"4fde211\" data-element_type=\"section\">\n\t\t\t\t\t\t<div class=\"elementor-container elementor-column-gap-default\">\n\t\t\t\t\t<div class=\"elementor-column elementor-col-50 elementor-top-column elementor-element elementor-element-c5fec51\" data-id=\"c5fec51\" data-element_type=\"column\">\n\t\t\t<div class=\"elementor-widget-wrap elementor-element-populated\">\n\t\t\t\t\t\t<div class=\"elementor-element elementor-element-a570dd2 elementor-widget elementor-widget-text-editor\" data-id=\"a570dd2\" data-element_type=\"widget\" data-widget_type=\"text-editor.default\">\n\t\t\t\t<div class=\"elementor-widget-container\">\n\t\t\t\t\t\t\t<p>El IRIS-CC es un instituto de base territorial y de car\u00e1cter multic\u00e9ntrico. Hay una agregaci\u00f3n de centros en Bages (Manresa) y Osona (Vic). Para aprovechar las estructuras preexistentes para mantener la proximidad y la diligencia en la gesti\u00f3n de los recursos de los investigadores, se han establecido dos sedes territoriales: una en Manresa ubicada en el Hospital de Sant Joan de D\u00e9u (Fundaci\u00f3 Althaia), y otra en Vic, ubicada en Can Baumann (Facultad de Medicina).<\/p><p>Cada sede territorial cuenta con un equipo de coordinaci\u00f3n (coordinador\/a general, coordinador\/a cient\u00edfico\/a territorial, y los responsables de las unidades operativas).<\/p>\t\t\t\t\t\t<\/div>\n\t\t\t\t<\/div>\n\t\t\t\t\t<\/div>\n\t\t<\/div>\n\t\t\t\t<div class=\"elementor-column elementor-col-50 elementor-top-column elementor-element elementor-element-0e3cdff\" data-id=\"0e3cdff\" data-element_type=\"column\">\n\t\t\t<div class=\"elementor-widget-wrap elementor-element-populated\">\n\t\t\t\t\t\t<div class=\"elementor-element elementor-element-df280a6 elementor-widget elementor-widget-image\" data-id=\"df280a6\" data-element_type=\"widget\" data-widget_type=\"image.default\">\n\t\t\t\t<div class=\"elementor-widget-container\">\n\t\t\t\t\t\t\t\t\t\t\t\t\t<img loading=\"lazy\" decoding=\"async\" width=\"800\" height=\"440\" src=\"https:\/\/iris-cc.cat\/wp-content\/uploads\/2022\/09\/institut-seus.jpg\" class=\"attachment-full size-full wp-image-8055\" alt=\"\" srcset=\"https:\/\/iris-cc.cat\/wp-content\/uploads\/2022\/09\/institut-seus.jpg 800w, https:\/\/iris-cc.cat\/wp-content\/uploads\/2022\/09\/institut-seus-300x165.jpg 300w, https:\/\/iris-cc.cat\/wp-content\/uploads\/2022\/09\/institut-seus-768x422.jpg 768w\" sizes=\"(max-width: 800px) 100vw, 800px\" \/>\t\t\t\t\t\t\t\t\t\t\t\t\t<\/div>\n\t\t\t\t<\/div>\n\t\t\t\t\t<\/div>\n\t\t<\/div>\n\t\t\t\t\t<\/div>\n\t\t<\/section>\n\t\t\t\t<section class=\"elementor-section elementor-top-section elementor-element elementor-element-c1c6202 elementor-section-boxed elementor-section-height-default elementor-section-height-default\" data-id=\"c1c6202\" data-element_type=\"section\">\n\t\t\t\t\t\t<div class=\"elementor-container elementor-column-gap-default\">\n\t\t\t\t\t<div class=\"elementor-column elementor-col-50 elementor-top-column elementor-element elementor-element-013f645\" data-id=\"013f645\" data-element_type=\"column\">\n\t\t\t<div class=\"elementor-widget-wrap elementor-element-populated\">\n\t\t\t\t\t\t<div class=\"elementor-element elementor-element-7d11508 elementor-widget elementor-widget-heading\" data-id=\"7d11508\" data-element_type=\"widget\" data-widget_type=\"heading.default\">\n\t\t\t\t<div class=\"elementor-widget-container\">\n\t\t\t<h6 class=\"elementor-heading-title elementor-size-default\">Equipo de coordinaci\u00f3n territorial Bages (Manresa)<\/h6>\t\t<\/div>\n\t\t\t\t<\/div>\n\t\t\t\t<div class=\"elementor-element elementor-element-76b54ca elementor-widget elementor-widget-text-editor\" data-id=\"76b54ca\" data-element_type=\"widget\" data-widget_type=\"text-editor.default\">\n\t\t\t\t<div class=\"elementor-widget-container\">\n\t\t\t\t\t\t\t<p><strong>Alfons Herv\u00e0s<\/strong>, Coordinador General Territorial Bages-Manresa<\/p><p><strong>Ignasi Puig<\/strong>, Coordinador Cient\u00edfico Territorial Bages-Manresa<\/p><p><strong>Gemma Cuberas<\/strong>, Responsable de la Unidad Operativa del Hospital Universitari de Sant Joan de D\u00e9u \u2013 Althaia<\/p><p><strong>Elena Medarde<\/strong>, Responsable de la Unidad Operativa de FUBages<\/p><p><strong>Maria Bosch<\/strong>, Responsable de la Unidad Operativa del Hospital de Sant Andreu Salut<\/p><p><strong>Carme Serrano<\/strong>, Responsable de la Unidad Operativa de la Fundaci\u00f3 Hospital Sant Joan de D\u00e9u de Martorell<\/p><p><strong>Josep Vidal<\/strong>, Responsable de la Unidad Operativa ICS-Bages<\/p>\t\t\t\t\t\t<\/div>\n\t\t\t\t<\/div>\n\t\t\t\t<div class=\"elementor-element elementor-element-cf129d5 elementor-widget elementor-widget-image\" data-id=\"cf129d5\" data-element_type=\"widget\" data-widget_type=\"image.default\">\n\t\t\t\t<div class=\"elementor-widget-container\">\n\t\t\t\t\t\t\t\t\t\t\t\t\t<img loading=\"lazy\" decoding=\"async\" width=\"1024\" height=\"666\" src=\"https:\/\/iris-cc.cat\/wp-content\/uploads\/2022\/08\/2.2.5.1-1024x666.jpg\" class=\"attachment-large size-large wp-image-8007\" alt=\"\" srcset=\"https:\/\/iris-cc.cat\/wp-content\/uploads\/2022\/08\/2.2.5.1-1024x666.jpg 1024w, https:\/\/iris-cc.cat\/wp-content\/uploads\/2022\/08\/2.2.5.1-300x195.jpg 300w, https:\/\/iris-cc.cat\/wp-content\/uploads\/2022\/08\/2.2.5.1-768x500.jpg 768w, https:\/\/iris-cc.cat\/wp-content\/uploads\/2022\/08\/2.2.5.1.jpg 1200w\" sizes=\"(max-width: 1024px) 100vw, 1024px\" \/>\t\t\t\t\t\t\t\t\t\t\t\t\t<\/div>\n\t\t\t\t<\/div>\n\t\t\t\t<div class=\"elementor-element elementor-element-938b939 elementor-widget elementor-widget-image\" data-id=\"938b939\" data-element_type=\"widget\" data-widget_type=\"image.default\">\n\t\t\t\t<div class=\"elementor-widget-container\">\n\t\t\t\t\t\t\t\t\t\t\t\t\t<img loading=\"lazy\" decoding=\"async\" width=\"1024\" height=\"734\" src=\"https:\/\/iris-cc.cat\/wp-content\/uploads\/2022\/09\/2.2.5.1bis.jpg\" class=\"attachment-large size-large wp-image-8063\" alt=\"\" srcset=\"https:\/\/iris-cc.cat\/wp-content\/uploads\/2022\/09\/2.2.5.1bis.jpg 1024w, https:\/\/iris-cc.cat\/wp-content\/uploads\/2022\/09\/2.2.5.1bis-300x215.jpg 300w, https:\/\/iris-cc.cat\/wp-content\/uploads\/2022\/09\/2.2.5.1bis-768x551.jpg 768w\" sizes=\"(max-width: 1024px) 100vw, 1024px\" \/>\t\t\t\t\t\t\t\t\t\t\t\t\t<\/div>\n\t\t\t\t<\/div>\n\t\t\t\t\t<\/div>\n\t\t<\/div>\n\t\t\t\t<div class=\"elementor-column elementor-col-50 elementor-top-column elementor-element elementor-element-e0238c1\" data-id=\"e0238c1\" data-element_type=\"column\">\n\t\t\t<div class=\"elementor-widget-wrap elementor-element-populated\">\n\t\t\t\t\t\t<div class=\"elementor-element elementor-element-d7efc37 elementor-widget elementor-widget-heading\" data-id=\"d7efc37\" data-element_type=\"widget\" data-widget_type=\"heading.default\">\n\t\t\t\t<div class=\"elementor-widget-container\">\n\t\t\t<h6 class=\"elementor-heading-title elementor-size-default\">Equipo de coordinaci\u00f3n territorial Osona (Vic)<\/h6>\t\t<\/div>\n\t\t\t\t<\/div>\n\t\t\t\t<div class=\"elementor-element elementor-element-21544b0 elementor-widget elementor-widget-text-editor\" data-id=\"21544b0\" data-element_type=\"widget\" data-widget_type=\"text-editor.default\">\n\t\t\t\t<div class=\"elementor-widget-container\">\n\t\t\t\t\t\t\t<p><strong>N\u00faria Roger<\/strong>, Coordinadora General Territorial Osona-Vic<\/p><p><strong>Judit Serra<\/strong>, Coordinadora Cient\u00edfica Territorial Osona-Vic<\/p><p><strong>Eduard Kanterewicz<\/strong>, Responsable de la Unidad Operativa del Hospital Universitari Consorci Hospitalari de Vic<\/p><p><strong>Beth Dachs<\/strong>, Responsable de la Unidad Operativa de FUBalmes-FESS<\/p><p><strong>N\u00faria Molist<\/strong>, Responsable de la Unidad Operativa del Hospital Universitari de la Santa Creu de Vic<\/p><p><strong>Carmen \u00c1lvarez<\/strong>, Responsable de la Unidad Operativa de la EBA EAP Vic-Sud<\/p><p><strong>Josep Vidal<\/strong>, Responsable de la Unidad Operativa del ICS-Osona<\/p><p><strong>Jessica Fern\u00e1ndez<\/strong>, Responsable de la Unidad Operativa de la Fundaci\u00f3 Elisava<\/p><p><strong>Jaume Heredia<\/strong>, Responsable de la Unidad Operativa del Hospital d&#8217;Olot<\/p><p><strong>Ver\u00f2nica Mora<\/strong>, Responsable de la Unitat Operativa del Hospital de Campdev\u00e0nol<\/p>\t\t\t\t\t\t<\/div>\n\t\t\t\t<\/div>\n\t\t\t\t<div class=\"elementor-element elementor-element-9ff9dea elementor-widget elementor-widget-image\" data-id=\"9ff9dea\" data-element_type=\"widget\" data-widget_type=\"image.default\">\n\t\t\t\t<div class=\"elementor-widget-container\">\n\t\t\t\t\t\t\t\t\t\t\t\t\t<img loading=\"lazy\" decoding=\"async\" width=\"1024\" height=\"440\" src=\"https:\/\/iris-cc.cat\/wp-content\/uploads\/2022\/08\/CHV_webropiadef-1024x440.jpg\" class=\"attachment-large size-large wp-image-8009\" alt=\"\" srcset=\"https:\/\/iris-cc.cat\/wp-content\/uploads\/2022\/08\/CHV_webropiadef-1024x440.jpg 1024w, https:\/\/iris-cc.cat\/wp-content\/uploads\/2022\/08\/CHV_webropiadef-300x129.jpg 300w, https:\/\/iris-cc.cat\/wp-content\/uploads\/2022\/08\/CHV_webropiadef-768x330.jpg 768w, https:\/\/iris-cc.cat\/wp-content\/uploads\/2022\/08\/CHV_webropiadef.jpg 1031w\" sizes=\"(max-width: 1024px) 100vw, 1024px\" \/>\t\t\t\t\t\t\t\t\t\t\t\t\t<\/div>\n\t\t\t\t<\/div>\n\t\t\t\t<div class=\"elementor-element elementor-element-68b9406 elementor-widget elementor-widget-image\" data-id=\"68b9406\" data-element_type=\"widget\" data-widget_type=\"image.default\">\n\t\t\t\t<div class=\"elementor-widget-container\">\n\t\t\t\t\t\t\t\t\t\t\t\t\t<img loading=\"lazy\" decoding=\"async\" width=\"1024\" height=\"683\" src=\"https:\/\/iris-cc.cat\/wp-content\/uploads\/2022\/08\/FESS-1024x683.jpg\" class=\"attachment-large size-large wp-image-8011\" alt=\"\" srcset=\"https:\/\/iris-cc.cat\/wp-content\/uploads\/2022\/08\/FESS-1024x683.jpg 1024w, https:\/\/iris-cc.cat\/wp-content\/uploads\/2022\/08\/FESS-300x200.jpg 300w, https:\/\/iris-cc.cat\/wp-content\/uploads\/2022\/08\/FESS-768x512.jpg 768w, https:\/\/iris-cc.cat\/wp-content\/uploads\/2022\/08\/FESS.jpg 1200w\" sizes=\"(max-width: 1024px) 100vw, 1024px\" \/>\t\t\t\t\t\t\t\t\t\t\t\t\t<\/div>\n\t\t\t\t<\/div>\n\t\t\t\t\t<\/div>\n\t\t<\/div>\n\t\t\t\t\t<\/div>\n\t\t<\/section>\n\t\t\t\t<section class=\"elementor-section elementor-top-section elementor-element elementor-element-920cb07 elementor-section-boxed elementor-section-height-default elementor-section-height-default\" data-id=\"920cb07\" data-element_type=\"section\">\n\t\t\t\t\t\t<div class=\"elementor-container elementor-column-gap-default\">\n\t\t\t\t\t<div class=\"elementor-column elementor-col-100 elementor-top-column elementor-element elementor-element-6d65dcc\" data-id=\"6d65dcc\" data-element_type=\"column\">\n\t\t\t<div class=\"elementor-widget-wrap elementor-element-populated\">\n\t\t\t\t\t\t<div class=\"elementor-element elementor-element-5bf9e94 elementor-widget elementor-widget-heading\" data-id=\"5bf9e94\" data-element_type=\"widget\" data-widget_type=\"heading.default\">\n\t\t\t\t<div class=\"elementor-widget-container\">\n\t\t\t<h3 class=\"elementor-heading-title elementor-size-default\">Perfil del contratante<\/h3>\t\t<\/div>\n\t\t\t\t<\/div>\n\t\t\t\t<div class=\"elementor-element elementor-element-716f048 elementor-widget elementor-widget-text-editor\" data-id=\"716f048\" data-element_type=\"widget\" data-widget_type=\"text-editor.default\">\n\t\t\t\t<div class=\"elementor-widget-container\">\n\t\t\t\t\t\t\t<p><strong>Nombre legal<\/strong>: Fundaci\u00f3 Institut de Recerca i Innovaci\u00f3 en Ci\u00e8ncies de la Vida i de la Salut de la Catalunya Central FUNDACI\u00d3 IRIS-CC<\/p><p><strong>Direcci\u00f3n<\/strong>: Can Baumann, carretera de Roda, n\u00famero 70, 08500 VIC, Barcelona<\/p><p><strong>Tel\u00e9fono<\/strong>: (+34) 93 135 83 15<\/p><p><strong>Correo electr\u00f3nico:<\/strong> <a href=\"mailto:info@iris-cc.cat\">info@iris-cc.cat<\/a><\/p><p><strong>Web<\/strong>: <a href=\"http:\/\/www.iris-cc.cat\">www.iris-cc.cat<\/a><\/p>\t\t\t\t\t\t<\/div>\n\t\t\t\t<\/div>\n\t\t\t\t\t<\/div>\n\t\t<\/div>\n\t\t\t\t\t<\/div>\n\t\t<\/section>\n\t\t\t\t<section class=\"elementor-section elementor-top-section elementor-element elementor-element-1c4ff12 elementor-section-boxed elementor-section-height-default elementor-section-height-default\" data-id=\"1c4ff12\" data-element_type=\"section\">\n\t\t\t\t\t\t<div class=\"elementor-container elementor-column-gap-default\">\n\t\t\t\t\t<div class=\"elementor-column elementor-col-100 elementor-top-column elementor-element elementor-element-9a01d8b\" data-id=\"9a01d8b\" data-element_type=\"column\">\n\t\t\t<div class=\"elementor-widget-wrap elementor-element-populated\">\n\t\t\t\t\t\t<div class=\"elementor-element elementor-element-b867a33 elementor-widget elementor-widget-heading\" data-id=\"b867a33\" data-element_type=\"widget\" data-widget_type=\"heading.default\">\n\t\t\t\t<div class=\"elementor-widget-container\">\n\t\t\t<h2 class=\"elementor-heading-title elementor-size-default\">Transparencia<\/h2>\t\t<\/div>\n\t\t\t\t<\/div>\n\t\t\t\t<div class=\"elementor-element elementor-element-2657a94 elementor-widget elementor-widget-heading\" data-id=\"2657a94\" data-element_type=\"widget\" data-widget_type=\"heading.default\">\n\t\t\t\t<div class=\"elementor-widget-container\">\n\t\t\t<h3 class=\"elementor-heading-title elementor-size-default\">Organizaci\u00f3n institucional<\/h3>\t\t<\/div>\n\t\t\t\t<\/div>\n\t\t\t\t<div class=\"elementor-element elementor-element-436da6f elementor-widget elementor-widget-shortcode\" data-id=\"436da6f\" data-element_type=\"widget\" data-widget_type=\"shortcode.default\">\n\t\t\t\t<div class=\"elementor-widget-container\">\n\t\t\t\t\t<div class=\"elementor-shortcode\"><div class='w3eden'>\n    <div class=''>\n\n        \n        <div id=\"content_wpdm_package_1\">\n            <div class='row'><div class='col-lg-12 col-md-12 col-12'><!-- WPDM Link Template: Default Template -->\n\n<div class=\"link-template-default card mb-2\">\n    <div class=\"card-body\">\n        <div class=\"media\">\n            <div class=\"mr-3 img-48\"><img decoding=\"async\" class=\"wpdm_icon\" alt=\"Icono\" src=\"https:\/\/iris-cc.cat\/wp-content\/plugins\/download-manager\/assets\/file-type-icons\/pdf.svg\" \/><\/div>\n            <div class=\"media-body\">\n                <h3 class=\"package-title\"><a href='https:\/\/iris-cc.cat\/es\/download\/acord-de-govern-2'>Acuerdo del Gobierno<\/a><\/h3>\n                <div class=\"text-muted text-small\"><i class=\"fas fa-copy\"><\/i> 1 archivo(s) <i class=\"fas fa-hdd ml-3\"><\/i> 191.17 KB<\/div>\n            <\/div>\n            <div class=\"ml-3\">\n                <a class='wpdm-download-link download-on-click btn btn-primary ' rel='nofollow' href='#' data-downloadurl=\"https:\/\/iris-cc.cat\/es\/download\/acord-de-govern-2?wpdmdl=9438&refresh=69f188a5e56d71777436837\">Descargar<\/a>\n            <\/div>\n        <\/div>\n    <\/div>\n<\/div>\n\n<\/div><div class='col-lg-12 col-md-12 col-12'><!-- WPDM Link Template: Default Template -->\n\n<div class=\"link-template-default card mb-2\">\n    <div class=\"card-body\">\n        <div class=\"media\">\n            <div class=\"mr-3 img-48\"><img decoding=\"async\" class=\"wpdm_icon\" alt=\"Icono\" src=\"https:\/\/iris-cc.cat\/wp-content\/plugins\/download-manager\/assets\/file-type-icons\/pdf.svg\" \/><\/div>\n            <div class=\"media-body\">\n                <h3 class=\"package-title\"><a href='https:\/\/iris-cc.cat\/es\/download\/acord-resolucio-registre-fundacions-2'>Acuerdo resoluci\u00f3n Registro Fundaciones<\/a><\/h3>\n                <div class=\"text-muted text-small\"><i class=\"fas fa-copy\"><\/i> 1 archivo(s) <i class=\"fas fa-hdd ml-3\"><\/i> 233.85 KB<\/div>\n            <\/div>\n            <div class=\"ml-3\">\n                <a class='wpdm-download-link download-on-click btn btn-primary ' rel='nofollow' href='#' data-downloadurl=\"https:\/\/iris-cc.cat\/es\/download\/acord-resolucio-registre-fundacions-2?wpdmdl=9442&refresh=69f188a5ed5451777436837\">Descargar<\/a>\n            <\/div>\n        <\/div>\n    <\/div>\n<\/div>\n\n<\/div><div class='col-lg-12 col-md-12 col-12'><!-- WPDM Link Template: Default Template -->\n\n<div class=\"link-template-default card mb-2\">\n    <div class=\"card-body\">\n        <div class=\"media\">\n            <div class=\"mr-3 img-48\"><img decoding=\"async\" class=\"wpdm_icon\" alt=\"Icono\" src=\"https:\/\/iris-cc.cat\/wp-content\/plugins\/download-manager\/assets\/file-type-icons\/pdf.svg\" \/><\/div>\n            <div class=\"media-body\">\n                <h3 class=\"package-title\"><a href='https:\/\/iris-cc.cat\/es\/download\/action-plan-iris-cc'>Action Plan IRIS-CC<\/a><\/h3>\n                <div class=\"text-muted text-small\"><i class=\"fas fa-copy\"><\/i> 1 archivo(s) <i class=\"fas fa-hdd ml-3\"><\/i> 904.52 KB<\/div>\n            <\/div>\n            <div class=\"ml-3\">\n                <a class='wpdm-download-link download-on-click btn btn-primary ' rel='nofollow' href='#' data-downloadurl=\"https:\/\/iris-cc.cat\/es\/download\/action-plan-iris-cc?wpdmdl=13434&refresh=69f188a5f26d81777436837\">Descargar<\/a>\n            <\/div>\n        <\/div>\n    <\/div>\n<\/div>\n\n<\/div><div class='col-lg-12 col-md-12 col-12'><!-- WPDM Link Template: Default Template -->\n\n<div class=\"link-template-default card mb-2\">\n    <div class=\"card-body\">\n        <div class=\"media\">\n            <div class=\"mr-3 img-48\"><img decoding=\"async\" class=\"wpdm_icon\" alt=\"Icono\" src=\"https:\/\/iris-cc.cat\/wp-content\/plugins\/download-manager\/assets\/file-type-icons\/pdf.svg\" \/><\/div>\n            <div class=\"media-body\">\n                <h3 class=\"package-title\"><a href='https:\/\/iris-cc.cat\/es\/download\/carta-fundacional-2'>Carta fundacional<\/a><\/h3>\n                <div class=\"text-muted text-small\"><i class=\"fas fa-copy\"><\/i> 1 archivo(s) <i class=\"fas fa-hdd ml-3\"><\/i> 4.03 MB<\/div>\n            <\/div>\n            <div class=\"ml-3\">\n                <a class='wpdm-download-link download-on-click btn btn-primary ' rel='nofollow' href='#' data-downloadurl=\"https:\/\/iris-cc.cat\/es\/download\/carta-fundacional-2?wpdmdl=9449&refresh=69f188a6058701777436838\">Descargar<\/a>\n            <\/div>\n        <\/div>\n    <\/div>\n<\/div>\n\n<\/div><div class='col-lg-12 col-md-12 col-12'><!-- WPDM Link Template: Default Template -->\n\n<div class=\"link-template-default card mb-2\">\n    <div class=\"card-body\">\n        <div class=\"media\">\n            <div class=\"mr-3 img-48\"><img decoding=\"async\" class=\"wpdm_icon\" alt=\"Icono\" src=\"https:\/\/iris-cc.cat\/wp-content\/plugins\/download-manager\/assets\/file-type-icons\/pdf.svg\" \/><\/div>\n            <div class=\"media-body\">\n                <h3 class=\"package-title\"><a href='https:\/\/iris-cc.cat\/es\/download\/endorsement-letter'>Endorsement Letter<\/a><\/h3>\n                <div class=\"text-muted text-small\"><i class=\"fas fa-copy\"><\/i> 1 archivo(s) <i class=\"fas fa-hdd ml-3\"><\/i> 446.42 KB<\/div>\n            <\/div>\n            <div class=\"ml-3\">\n                <a class='wpdm-download-link download-on-click btn btn-primary ' rel='nofollow' href='#' data-downloadurl=\"https:\/\/iris-cc.cat\/es\/download\/endorsement-letter?wpdmdl=13436&refresh=69f188a60b3d51777436838\">Descargar<\/a>\n            <\/div>\n        <\/div>\n    <\/div>\n<\/div>\n\n<\/div><div class='col-lg-12 col-md-12 col-12'><!-- WPDM Link Template: Default Template -->\n\n<div class=\"link-template-default card mb-2\">\n    <div class=\"card-body\">\n        <div class=\"media\">\n            <div class=\"mr-3 img-48\"><img decoding=\"async\" class=\"wpdm_icon\" alt=\"Icono\" src=\"https:\/\/iris-cc.cat\/wp-content\/plugins\/download-manager\/assets\/file-type-icons\/pdf.svg\" \/><\/div>\n            <div class=\"media-body\">\n                <h3 class=\"package-title\"><a href='https:\/\/iris-cc.cat\/es\/download\/estatuts-2'>Estatutos<\/a><\/h3>\n                <div class=\"text-muted text-small\"><i class=\"fas fa-copy\"><\/i> 1 archivo(s) <i class=\"fas fa-hdd ml-3\"><\/i> 341.29 KB<\/div>\n            <\/div>\n            <div class=\"ml-3\">\n                <a class='wpdm-download-link download-on-click btn btn-primary ' rel='nofollow' href='#' data-downloadurl=\"https:\/\/iris-cc.cat\/es\/download\/estatuts-2?wpdmdl=9448&refresh=69f188a610bc21777436838\">Descargar<\/a>\n            <\/div>\n        <\/div>\n    <\/div>\n<\/div>\n\n<\/div><div class='col-lg-12 col-md-12 col-12'><!-- WPDM Link Template: Default Template -->\n\n<div class=\"link-template-default card mb-2\">\n    <div class=\"card-body\">\n        <div class=\"media\">\n            <div class=\"mr-3 img-48\"><img decoding=\"async\" class=\"wpdm_icon\" alt=\"Icono\" src=\"https:\/\/iris-cc.cat\/wp-content\/plugins\/download-manager\/assets\/file-type-icons\/pdf.svg\" \/><\/div>\n            <div class=\"media-body\">\n                <h3 class=\"package-title\"><a href='https:\/\/iris-cc.cat\/es\/download\/gap-analysis-iris-cc'>GAP Analysis IRIS-CC<\/a><\/h3>\n                <div class=\"text-muted text-small\"><i class=\"fas fa-copy\"><\/i> 1 archivo(s) <i class=\"fas fa-hdd ml-3\"><\/i> 538.63 KB<\/div>\n            <\/div>\n            <div class=\"ml-3\">\n                <a class='wpdm-download-link download-on-click btn btn-primary ' rel='nofollow' href='#' data-downloadurl=\"https:\/\/iris-cc.cat\/es\/download\/gap-analysis-iris-cc?wpdmdl=13433&refresh=69f188a617d391777436838\">Descargar<\/a>\n            <\/div>\n        <\/div>\n    <\/div>\n<\/div>\n\n<\/div><div class='col-lg-12 col-md-12 col-12'><!-- WPDM Link Template: Default Template -->\n\n<div class=\"link-template-default card mb-2\">\n    <div class=\"card-body\">\n        <div class=\"media\">\n            <div class=\"mr-3 img-48\"><img decoding=\"async\" class=\"wpdm_icon\" alt=\"Icono\" src=\"https:\/\/iris-cc.cat\/wp-content\/plugins\/download-manager\/assets\/file-type-icons\/pdf.svg\" \/><\/div>\n            <div class=\"media-body\">\n                <h3 class=\"package-title\"><a href='https:\/\/iris-cc.cat\/es\/download\/otm-r-iris-cc'>OTM-R IRIS-CC<\/a><\/h3>\n                <div class=\"text-muted text-small\"><i class=\"fas fa-copy\"><\/i> 1 archivo(s) <i class=\"fas fa-hdd ml-3\"><\/i> 333.87 KB<\/div>\n            <\/div>\n            <div class=\"ml-3\">\n                <a class='wpdm-download-link download-on-click btn btn-primary ' rel='nofollow' href='#' data-downloadurl=\"https:\/\/iris-cc.cat\/es\/download\/otm-r-iris-cc?wpdmdl=13435&refresh=69f188a61d5ce1777436838\">Descargar<\/a>\n            <\/div>\n        <\/div>\n    <\/div>\n<\/div>\n\n<\/div><div class='col-lg-12 col-md-12 col-12'><!-- WPDM Link Template: Default Template -->\n\n<div class=\"link-template-default card mb-2\">\n    <div class=\"card-body\">\n        <div class=\"media\">\n            <div class=\"mr-3 img-48\"><img decoding=\"async\" class=\"wpdm_icon\" alt=\"Icono\" src=\"https:\/\/iris-cc.cat\/wp-content\/plugins\/download-manager\/assets\/file-type-icons\/pdf.svg\" \/><\/div>\n            <div class=\"media-body\">\n                <h3 class=\"package-title\"><a href='https:\/\/iris-cc.cat\/es\/download\/resolucion-de-la-acreditacion-del-ceim-del-iris-cc'>Resoluci\u00f3n de la acreditaci\u00f3n del CEIm del IRIS-CC<\/a><\/h3>\n                <div class=\"text-muted text-small\"><i class=\"fas fa-copy\"><\/i> 1 archivo(s) <i class=\"fas fa-hdd ml-3\"><\/i> 297.75 KB<\/div>\n            <\/div>\n            <div class=\"ml-3\">\n                <a class='wpdm-download-link download-on-click btn btn-primary ' rel='nofollow' href='#' data-downloadurl=\"https:\/\/iris-cc.cat\/es\/download\/resolucion-de-la-acreditacion-del-ceim-del-iris-cc?wpdmdl=12376&refresh=69f188a6219291777436838\">Descargar<\/a>\n            <\/div>\n        <\/div>\n    <\/div>\n<\/div>\n\n<\/div><\/div>                    <\/div>\n\n        <div style='clear:both'><\/div>\n    <\/div>\n<\/div>\n<\/div>\n\t\t\t\t<\/div>\n\t\t\t\t<\/div>\n\t\t\t\t<div class=\"elementor-element elementor-element-3cae400 elementor-widget elementor-widget-heading\" data-id=\"3cae400\" data-element_type=\"widget\" data-widget_type=\"heading.default\">\n\t\t\t\t<div class=\"elementor-widget-container\">\n\t\t\t<h3 class=\"elementor-heading-title elementor-size-default\">Memoria de actividades<\/h3>\t\t<\/div>\n\t\t\t\t<\/div>\n\t\t\t\t<div class=\"elementor-element elementor-element-f2d715b elementor-widget elementor-widget-shortcode\" data-id=\"f2d715b\" data-element_type=\"widget\" data-widget_type=\"shortcode.default\">\n\t\t\t\t<div class=\"elementor-widget-container\">\n\t\t\t\t\t<div class=\"elementor-shortcode\"><div class='w3eden'><!-- WPDM Link Template: Default Template -->\n\n<div class=\"link-template-default card mb-2\">\n    <div class=\"card-body\">\n        <div class=\"media\">\n            <div class=\"mr-3 img-48\"><img decoding=\"async\" class=\"wpdm_icon\" alt=\"Icono\" src=\"https:\/\/iris-cc.cat\/wp-content\/plugins\/download-manager\/assets\/file-type-icons\/pdf.svg\" \/><\/div>\n            <div class=\"media-body\">\n                <h3 class=\"package-title\"><a href='https:\/\/iris-cc.cat\/es\/download\/memoria-cientifica-iris-cc-2024'>Mem\u00f2ria cient\u00edfica IRIS-CC 2024<\/a><\/h3>\n                <div class=\"text-muted text-small\"><i class=\"fas fa-copy\"><\/i> 1 archivo(s) <i class=\"fas fa-hdd ml-3\"><\/i> 5.10 MB<\/div>\n            <\/div>\n            <div class=\"ml-3\">\n                <a class='wpdm-download-link download-on-click btn btn-primary ' rel='nofollow' href='#' data-downloadurl=\"https:\/\/iris-cc.cat\/es\/download\/memoria-cientifica-iris-cc-2024?wpdmdl=16599&refresh=69f188a6272da1777436838\">Descargar<\/a>\n            <\/div>\n        <\/div>\n    <\/div>\n<\/div>\n\n<\/div>\n<div class='w3eden'><!-- WPDM Link Template: Default Template -->\n\n<div class=\"link-template-default card mb-2\">\n    <div class=\"card-body\">\n        <div class=\"media\">\n            <div class=\"mr-3 img-48\"><img decoding=\"async\" class=\"wpdm_icon\" alt=\"Icono\" src=\"https:\/\/iris-cc.cat\/wp-content\/plugins\/download-manager\/assets\/file-type-icons\/pdf.svg\" \/><\/div>\n            <div class=\"media-body\">\n                <h3 class=\"package-title\"><a href='https:\/\/iris-cc.cat\/es\/download\/memoria-cientifica-iris-cc-2023'>Mem\u00f2ria cient\u00edfica IRIS-CC 2023<\/a><\/h3>\n                <div class=\"text-muted text-small\"><i class=\"fas fa-copy\"><\/i> 1 archivo(s) <i class=\"fas fa-hdd ml-3\"><\/i> 4.85 MB<\/div>\n            <\/div>\n            <div class=\"ml-3\">\n                <a class='wpdm-download-link download-on-click btn btn-primary ' rel='nofollow' href='#' data-downloadurl=\"https:\/\/iris-cc.cat\/es\/download\/memoria-cientifica-iris-cc-2023?wpdmdl=16598&refresh=69f188a62d89e1777436838\">Descargar<\/a>\n            <\/div>\n        <\/div>\n    <\/div>\n<\/div>\n\n<\/div><\/div>\n\t\t\t\t<\/div>\n\t\t\t\t<\/div>\n\t\t\t\t<div class=\"elementor-element elementor-element-689204f elementor-widget elementor-widget-heading\" data-id=\"689204f\" data-element_type=\"widget\" data-widget_type=\"heading.default\">\n\t\t\t\t<div class=\"elementor-widget-container\">\n\t\t\t<h3 class=\"elementor-heading-title elementor-size-default\">Gesti\u00f3n econ\u00f3mica y presupuestaria<\/h3>\t\t<\/div>\n\t\t\t\t<\/div>\n\t\t\t\t<div class=\"elementor-element elementor-element-d885826 elementor-widget elementor-widget-shortcode\" data-id=\"d885826\" data-element_type=\"widget\" data-widget_type=\"shortcode.default\">\n\t\t\t\t<div class=\"elementor-widget-container\">\n\t\t\t\t\t<div class=\"elementor-shortcode\"><div class='w3eden'>\n    <div class=''>\n\n        \n        <div id=\"content_wpdm_package_2\">\n            <div class='row'><div class='col-lg-12 col-md-12 col-12'><!-- WPDM Link Template: Default Template -->\n\n<div class=\"link-template-default card mb-2\">\n    <div class=\"card-body\">\n        <div class=\"media\">\n            <div class=\"mr-3 img-48\"><img decoding=\"async\" class=\"wpdm_icon\" alt=\"Icono\" src=\"https:\/\/iris-cc.cat\/wp-content\/plugins\/download-manager\/assets\/file-type-icons\/pdf.svg\" \/><\/div>\n            <div class=\"media-body\">\n                <h3 class=\"package-title\"><a href='https:\/\/iris-cc.cat\/es\/download\/cuentas-anuales-2022'>Cuentas Anuales 2022<\/a><\/h3>\n                <div class=\"text-muted text-small\"><i class=\"fas fa-copy\"><\/i> 1 archivo(s) <i class=\"fas fa-hdd ml-3\"><\/i> 1.08 MB<\/div>\n            <\/div>\n            <div class=\"ml-3\">\n                <a class='wpdm-download-link download-on-click btn btn-primary ' rel='nofollow' href='#' data-downloadurl=\"https:\/\/iris-cc.cat\/es\/download\/cuentas-anuales-2022?wpdmdl=12184&refresh=69f188a634bc81777436838\">Descargar<\/a>\n            <\/div>\n        <\/div>\n    <\/div>\n<\/div>\n\n<\/div><div class='col-lg-12 col-md-12 col-12'><!-- WPDM Link Template: Default Template -->\n\n<div class=\"link-template-default card mb-2\">\n    <div class=\"card-body\">\n        <div class=\"media\">\n            <div class=\"mr-3 img-48\"><img decoding=\"async\" class=\"wpdm_icon\" alt=\"Icono\" src=\"https:\/\/iris-cc.cat\/wp-content\/plugins\/download-manager\/assets\/file-type-icons\/pdf.svg\" \/><\/div>\n            <div class=\"media-body\">\n                <h3 class=\"package-title\"><a href='https:\/\/iris-cc.cat\/es\/download\/cuentas-anuales-2023'>Cuentas Anuales 2023<\/a><\/h3>\n                <div class=\"text-muted text-small\"><i class=\"fas fa-copy\"><\/i> 1 archivo(s) <i class=\"fas fa-hdd ml-3\"><\/i> 3.37 MB<\/div>\n            <\/div>\n            <div class=\"ml-3\">\n                <a class='wpdm-download-link download-on-click btn btn-primary ' rel='nofollow' href='#' data-downloadurl=\"https:\/\/iris-cc.cat\/es\/download\/cuentas-anuales-2023?wpdmdl=13790&refresh=69f188a63a94c1777436838\">Descargar<\/a>\n            <\/div>\n        <\/div>\n    <\/div>\n<\/div>\n\n<\/div><div class='col-lg-12 col-md-12 col-12'><!-- WPDM Link Template: Default Template -->\n\n<div class=\"link-template-default card mb-2\">\n    <div class=\"card-body\">\n        <div class=\"media\">\n            <div class=\"mr-3 img-48\"><img decoding=\"async\" class=\"wpdm_icon\" alt=\"Icono\" src=\"https:\/\/iris-cc.cat\/wp-content\/plugins\/download-manager\/assets\/file-type-icons\/pdf.svg\" \/><\/div>\n            <div class=\"media-body\">\n                <h3 class=\"package-title\"><a href='https:\/\/iris-cc.cat\/es\/download\/cuentas-anuales-2024'>Cuentas anuales 2024<\/a><\/h3>\n                <div class=\"text-muted text-small\"><i class=\"fas fa-copy\"><\/i> 1 archivo(s) <i class=\"fas fa-hdd ml-3\"><\/i> 3.66 MB<\/div>\n            <\/div>\n            <div class=\"ml-3\">\n                <a class='wpdm-download-link download-on-click btn btn-primary ' rel='nofollow' href='#' data-downloadurl=\"https:\/\/iris-cc.cat\/es\/download\/cuentas-anuales-2024?wpdmdl=16028&refresh=69f188a63f9dd1777436838\">Descargar<\/a>\n            <\/div>\n        <\/div>\n    <\/div>\n<\/div>\n\n<\/div><div class='col-lg-12 col-md-12 col-12'><!-- WPDM Link Template: Default Template -->\n\n<div class=\"link-template-default card mb-2\">\n    <div class=\"card-body\">\n        <div class=\"media\">\n            <div class=\"mr-3 img-48\"><img decoding=\"async\" class=\"wpdm_icon\" alt=\"Icono\" src=\"https:\/\/iris-cc.cat\/wp-content\/plugins\/download-manager\/assets\/file-type-icons\/pdf.svg\" \/><\/div>\n            <div class=\"media-body\">\n                <h3 class=\"package-title\"><a href='https:\/\/iris-cc.cat\/es\/download\/politica-de-overheads'>Pol\u00edtica de overheads<\/a><\/h3>\n                <div class=\"text-muted text-small\"><i class=\"fas fa-copy\"><\/i> 1 archivo(s) <i class=\"fas fa-hdd ml-3\"><\/i> 301.94 KB<\/div>\n            <\/div>\n            <div class=\"ml-3\">\n                <a class='wpdm-download-link download-on-click btn btn-primary ' rel='nofollow' href='#' data-downloadurl=\"https:\/\/iris-cc.cat\/es\/download\/politica-de-overheads?wpdmdl=14457&refresh=69f188a645ea51777436838\">Descargar<\/a>\n            <\/div>\n        <\/div>\n    <\/div>\n<\/div>\n\n<\/div><\/div>                    <\/div>\n\n        <div style='clear:both'><\/div>\n    <\/div>\n<\/div>\n<\/div>\n\t\t\t\t<\/div>\n\t\t\t\t<\/div>\n\t\t\t\t<div class=\"elementor-element elementor-element-cf7dd07 elementor-widget elementor-widget-heading\" data-id=\"cf7dd07\" data-element_type=\"widget\" data-widget_type=\"heading.default\">\n\t\t\t\t<div class=\"elementor-widget-container\">\n\t\t\t<h3 class=\"elementor-heading-title elementor-size-default\">Planificaci\u00f3n<\/h3>\t\t<\/div>\n\t\t\t\t<\/div>\n\t\t\t\t<div class=\"elementor-element elementor-element-f313bc9 elementor-widget elementor-widget-shortcode\" data-id=\"f313bc9\" data-element_type=\"widget\" data-widget_type=\"shortcode.default\">\n\t\t\t\t<div class=\"elementor-widget-container\">\n\t\t\t\t\t<div class=\"elementor-shortcode\"><div class='w3eden'>\n    <div class=''>\n\n        \n        <div id=\"content_wpdm_package_3\">\n            <div class='row'><div class='col-lg-12 col-md-12 col-12'><!-- WPDM Link Template: Default Template -->\n\n<div class=\"link-template-default card mb-2\">\n    <div class=\"card-body\">\n        <div class=\"media\">\n            <div class=\"mr-3 img-48\"><img decoding=\"async\" class=\"wpdm_icon\" alt=\"Icono\" src=\"https:\/\/iris-cc.cat\/wp-content\/plugins\/download-manager\/assets\/file-type-icons\/pdf.svg\" \/><\/div>\n            <div class=\"media-body\">\n                <h3 class=\"package-title\"><a href='https:\/\/iris-cc.cat\/es\/download\/codigo-de-buenas-practicas-cientificas'>C\u00f3digo de Buenas Pr\u00e1cticas Cient\u00edficas<\/a><\/h3>\n                <div class=\"text-muted text-small\"><i class=\"fas fa-copy\"><\/i> 1 archivo(s) <i class=\"fas fa-hdd ml-3\"><\/i> 362.45 KB<\/div>\n            <\/div>\n            <div class=\"ml-3\">\n                <a class='wpdm-download-link download-on-click btn btn-primary ' rel='nofollow' href='#' data-downloadurl=\"https:\/\/iris-cc.cat\/es\/download\/codigo-de-buenas-practicas-cientificas?wpdmdl=12903&refresh=69f188a64d3531777436838\">Descargar<\/a>\n            <\/div>\n        <\/div>\n    <\/div>\n<\/div>\n\n<\/div><div class='col-lg-12 col-md-12 col-12'><!-- WPDM Link Template: Default Template -->\n\n<div class=\"link-template-default card mb-2\">\n    <div class=\"card-body\">\n        <div class=\"media\">\n            <div class=\"mr-3 img-48\"><img decoding=\"async\" class=\"wpdm_icon\" alt=\"Icono\" src=\"https:\/\/iris-cc.cat\/wp-content\/plugins\/download-manager\/assets\/file-type-icons\/pdf.svg\" \/><\/div>\n            <div class=\"media-body\">\n                <h3 class=\"package-title\"><a href='https:\/\/iris-cc.cat\/es\/download\/manual-de-acogida-al-iris-cc'>Manual de acogida al IRIS-CC<\/a><\/h3>\n                <div class=\"text-muted text-small\"><i class=\"fas fa-copy\"><\/i> 1 archivo(s) <i class=\"fas fa-hdd ml-3\"><\/i> 424.09 KB<\/div>\n            <\/div>\n            <div class=\"ml-3\">\n                <a class='wpdm-download-link download-on-click btn btn-primary ' rel='nofollow' href='#' data-downloadurl=\"https:\/\/iris-cc.cat\/es\/download\/manual-de-acogida-al-iris-cc?wpdmdl=13778&refresh=69f188a653e8a1777436838\">Descargar<\/a>\n            <\/div>\n        <\/div>\n    <\/div>\n<\/div>\n\n<\/div><div class='col-lg-12 col-md-12 col-12'><!-- WPDM Link Template: Default Template -->\n\n<div class=\"link-template-default card mb-2\">\n    <div class=\"card-body\">\n        <div class=\"media\">\n            <div class=\"mr-3 img-48\"><img decoding=\"async\" class=\"wpdm_icon\" alt=\"Icono\" src=\"https:\/\/iris-cc.cat\/wp-content\/plugins\/download-manager\/assets\/file-type-icons\/pdf.svg\" \/><\/div>\n            <div class=\"media-body\">\n                <h3 class=\"package-title\"><a href='https:\/\/iris-cc.cat\/es\/download\/pla-estrategic-2'>Plan estrat\u00e9gico<\/a><\/h3>\n                <div class=\"text-muted text-small\"><i class=\"fas fa-copy\"><\/i> 1 archivo(s) <i class=\"fas fa-hdd ml-3\"><\/i> 514.13 KB<\/div>\n            <\/div>\n            <div class=\"ml-3\">\n                <a class='wpdm-download-link download-on-click btn btn-primary ' rel='nofollow' href='#' data-downloadurl=\"https:\/\/iris-cc.cat\/es\/download\/pla-estrategic-2?wpdmdl=9444&refresh=69f188a659d2f1777436838\">Descargar<\/a>\n            <\/div>\n        <\/div>\n    <\/div>\n<\/div>\n\n<\/div><div class='col-lg-12 col-md-12 col-12'><!-- WPDM Link Template: Default Template -->\n\n<div class=\"link-template-default card mb-2\">\n    <div class=\"card-body\">\n        <div class=\"media\">\n            <div class=\"mr-3 img-48\"><img decoding=\"async\" class=\"wpdm_icon\" alt=\"Icono\" src=\"https:\/\/iris-cc.cat\/wp-content\/plugins\/download-manager\/assets\/file-type-icons\/pdf.svg\" \/><\/div>\n            <div class=\"media-body\">\n                <h3 class=\"package-title\"><a href='https:\/\/iris-cc.cat\/es\/download\/plan-de-igualdad-de-genero-iris-cc'>Plan de Igualdad de Genero IRIS-CC<\/a><\/h3>\n                <div class=\"text-muted text-small\"><i class=\"fas fa-copy\"><\/i> 1 archivo(s) <i class=\"fas fa-hdd ml-3\"><\/i> 409.45 KB<\/div>\n            <\/div>\n            <div class=\"ml-3\">\n                <a class='wpdm-download-link download-on-click btn btn-primary ' rel='nofollow' href='#' data-downloadurl=\"https:\/\/iris-cc.cat\/es\/download\/plan-de-igualdad-de-genero-iris-cc?wpdmdl=12552&refresh=69f188a65ebd11777436838\">Descargar<\/a>\n            <\/div>\n        <\/div>\n    <\/div>\n<\/div>\n\n<\/div><div class='col-lg-12 col-md-12 col-12'><!-- WPDM Link Template: Default Template -->\n\n<div class=\"link-template-default card mb-2\">\n    <div class=\"card-body\">\n        <div class=\"media\">\n            <div class=\"mr-3 img-48\"><img decoding=\"async\" class=\"wpdm_icon\" alt=\"Icono\" src=\"https:\/\/iris-cc.cat\/wp-content\/plugins\/download-manager\/assets\/file-type-icons\/pdf.svg\" \/><\/div>\n            <div class=\"media-body\">\n                <h3 class=\"package-title\"><a href='https:\/\/iris-cc.cat\/es\/download\/plan-de-prevencion'>Plan de prevenci\u00f3n<\/a><\/h3>\n                <div class=\"text-muted text-small\"><i class=\"fas fa-copy\"><\/i> 1 archivo(s) <i class=\"fas fa-hdd ml-3\"><\/i> 124.85 KB<\/div>\n            <\/div>\n            <div class=\"ml-3\">\n                <a class='wpdm-download-link download-on-click btn btn-primary ' rel='nofollow' href='#' data-downloadurl=\"https:\/\/iris-cc.cat\/es\/download\/plan-de-prevencion?wpdmdl=10324&refresh=69f188a663b2c1777436838\">Descargar<\/a>\n            <\/div>\n        <\/div>\n    <\/div>\n<\/div>\n\n<\/div><\/div>                    <\/div>\n\n        <div style='clear:both'><\/div>\n    <\/div>\n<\/div>\n<\/div>\n\t\t\t\t<\/div>\n\t\t\t\t<\/div>\n\t\t\t\t\t<\/div>\n\t\t<\/div>\n\t\t\t\t\t<\/div>\n\t\t<\/section>\n\t\t\t\t<\/div>\n\t\t","protected":false},"excerpt":{"rendered":"<p>EL INSTITUTO El IRIS-CC es una Fundaci\u00f3n Privada que gobierna, dirige y gestiona el Instituto de Investigaci\u00f3n e Innovaci\u00f3n en Ciencias de la Vida y de la Salud en la Catalu\u00f1a Central. Es el resultado de una alianza estrat\u00e9gica entre 17 instituciones acad\u00e9micas, sanitarias y sociales de la Catalu\u00f1a Central y su \u00e1rea de influencia.&hellip;<\/p>\n","protected":false},"author":1,"featured_media":0,"parent":0,"menu_order":0,"comment_status":"closed","ping_status":"closed","template":"","meta":{"footnotes":""},"class_list":["post-8102","page","type-page","status-publish","hentry","description-off"],"yoast_head":"<!-- This site is optimized with the Yoast SEO plugin v23.9 - https:\/\/yoast.com\/wordpress\/plugins\/seo\/ -->\n<title>El Instituto - IRIS-CC<\/title>\n<meta name=\"robots\" content=\"index, follow, max-snippet:-1, max-image-preview:large, max-video-preview:-1\" \/>\n<link rel=\"canonical\" href=\"https:\/\/iris-cc.cat\/es\/instituto\" \/>\n<meta property=\"og:locale\" content=\"es_ES\" \/>\n<meta property=\"og:type\" content=\"article\" \/>\n<meta property=\"og:title\" content=\"El Instituto - IRIS-CC\" \/>\n<meta property=\"og:description\" content=\"EL INSTITUTO El IRIS-CC es una Fundaci\u00f3n Privada que gobierna, dirige y gestiona el Instituto de Investigaci\u00f3n e Innovaci\u00f3n en Ciencias de la Vida y de la Salud en la Catalu\u00f1a Central. Es el resultado de una alianza estrat\u00e9gica entre 17 instituciones acad\u00e9micas, sanitarias y sociales de la Catalu\u00f1a Central y su \u00e1rea de influencia.&hellip;\" \/>\n<meta property=\"og:url\" content=\"https:\/\/iris-cc.cat\/es\/instituto\" \/>\n<meta property=\"og:site_name\" content=\"IRIS-CC\" \/>\n<meta property=\"article:modified_time\" content=\"2026-04-07T10:13:39+00:00\" \/>\n<meta property=\"og:image\" content=\"https:\/\/iris-cc.cat\/wp-content\/uploads\/2022\/09\/institut.jpg\" \/>\n<meta name=\"twitter:card\" content=\"summary_large_image\" \/>\n<meta name=\"twitter:label1\" content=\"Tiempo de lectura\" \/>\n\t<meta name=\"twitter:data1\" content=\"8 minutos\" \/>\n<script type=\"application\/ld+json\" class=\"yoast-schema-graph\">{\"@context\":\"https:\/\/schema.org\",\"@graph\":[{\"@type\":\"WebPage\",\"@id\":\"https:\/\/iris-cc.cat\/es\/instituto\",\"url\":\"https:\/\/iris-cc.cat\/es\/instituto\",\"name\":\"El Instituto - IRIS-CC\",\"isPartOf\":{\"@id\":\"https:\/\/iris-cc.cat\/es#website\"},\"primaryImageOfPage\":{\"@id\":\"https:\/\/iris-cc.cat\/es\/instituto#primaryimage\"},\"image\":{\"@id\":\"https:\/\/iris-cc.cat\/es\/instituto#primaryimage\"},\"thumbnailUrl\":\"https:\/\/iris-cc.cat\/wp-content\/uploads\/2022\/09\/institut.jpg\",\"datePublished\":\"2022-08-23T13:21:36+00:00\",\"dateModified\":\"2026-04-07T10:13:39+00:00\",\"breadcrumb\":{\"@id\":\"https:\/\/iris-cc.cat\/es\/instituto#breadcrumb\"},\"inLanguage\":\"es\",\"potentialAction\":[{\"@type\":\"ReadAction\",\"target\":[\"https:\/\/iris-cc.cat\/es\/instituto\"]}]},{\"@type\":\"ImageObject\",\"inLanguage\":\"es\",\"@id\":\"https:\/\/iris-cc.cat\/es\/instituto#primaryimage\",\"url\":\"https:\/\/iris-cc.cat\/wp-content\/uploads\/2022\/09\/institut.jpg\",\"contentUrl\":\"https:\/\/iris-cc.cat\/wp-content\/uploads\/2022\/09\/institut.jpg\"},{\"@type\":\"BreadcrumbList\",\"@id\":\"https:\/\/iris-cc.cat\/es\/instituto#breadcrumb\",\"itemListElement\":[{\"@type\":\"ListItem\",\"position\":1,\"name\":\"Inici\",\"item\":\"https:\/\/iris-cc.cat\/es\"},{\"@type\":\"ListItem\",\"position\":2,\"name\":\"El Instituto\"}]},{\"@type\":\"WebSite\",\"@id\":\"https:\/\/iris-cc.cat\/es#website\",\"url\":\"https:\/\/iris-cc.cat\/es\",\"name\":\"IRIS-CC\",\"description\":\"Institut de Recerca i Innovaci\u00f3 en Ci\u00e8ncies de la Vida i de la Salut a la Catalunya Central\",\"publisher\":{\"@id\":\"https:\/\/iris-cc.cat\/es#organization\"},\"potentialAction\":[{\"@type\":\"SearchAction\",\"target\":{\"@type\":\"EntryPoint\",\"urlTemplate\":\"https:\/\/iris-cc.cat\/es?s={search_term_string}\"},\"query-input\":{\"@type\":\"PropertyValueSpecification\",\"valueRequired\":true,\"valueName\":\"search_term_string\"}}],\"inLanguage\":\"es\"},{\"@type\":\"Organization\",\"@id\":\"https:\/\/iris-cc.cat\/es#organization\",\"name\":\"Institut de Recerca i Innovaci\u00f3 en Ci\u00e8ncies de la Vida i de la Salut a la Catalunya Central\",\"url\":\"https:\/\/iris-cc.cat\/es\",\"logo\":{\"@type\":\"ImageObject\",\"inLanguage\":\"es\",\"@id\":\"https:\/\/iris-cc.cat\/es#\/schema\/logo\/image\/\",\"url\":\"https:\/\/iris-cc.cat\/wp-content\/uploads\/2022\/08\/iris-cc-logo.png\",\"contentUrl\":\"https:\/\/iris-cc.cat\/wp-content\/uploads\/2022\/08\/iris-cc-logo.png\",\"width\":628,\"height\":172,\"caption\":\"Institut de Recerca i Innovaci\u00f3 en Ci\u00e8ncies de la Vida i de la Salut a la Catalunya Central\"},\"image\":{\"@id\":\"https:\/\/iris-cc.cat\/es#\/schema\/logo\/image\/\"}}]}<\/script>\n<!-- \/ Yoast SEO plugin. -->","yoast_head_json":{"title":"El Instituto - IRIS-CC","robots":{"index":"index","follow":"follow","max-snippet":"max-snippet:-1","max-image-preview":"max-image-preview:large","max-video-preview":"max-video-preview:-1"},"canonical":"https:\/\/iris-cc.cat\/es\/instituto","og_locale":"es_ES","og_type":"article","og_title":"El Instituto - IRIS-CC","og_description":"EL INSTITUTO El IRIS-CC es una Fundaci\u00f3n Privada que gobierna, dirige y gestiona el Instituto de Investigaci\u00f3n e Innovaci\u00f3n en Ciencias de la Vida y de la Salud en la Catalu\u00f1a Central. Es el resultado de una alianza estrat\u00e9gica entre 17 instituciones acad\u00e9micas, sanitarias y sociales de la Catalu\u00f1a Central y su \u00e1rea de influencia.&hellip;","og_url":"https:\/\/iris-cc.cat\/es\/instituto","og_site_name":"IRIS-CC","article_modified_time":"2026-04-07T10:13:39+00:00","og_image":[{"url":"https:\/\/iris-cc.cat\/wp-content\/uploads\/2022\/09\/institut.jpg"}],"twitter_card":"summary_large_image","twitter_misc":{"Tiempo de lectura":"8 minutos"},"schema":{"@context":"https:\/\/schema.org","@graph":[{"@type":"WebPage","@id":"https:\/\/iris-cc.cat\/es\/instituto","url":"https:\/\/iris-cc.cat\/es\/instituto","name":"El Instituto - IRIS-CC","isPartOf":{"@id":"https:\/\/iris-cc.cat\/es#website"},"primaryImageOfPage":{"@id":"https:\/\/iris-cc.cat\/es\/instituto#primaryimage"},"image":{"@id":"https:\/\/iris-cc.cat\/es\/instituto#primaryimage"},"thumbnailUrl":"https:\/\/iris-cc.cat\/wp-content\/uploads\/2022\/09\/institut.jpg","datePublished":"2022-08-23T13:21:36+00:00","dateModified":"2026-04-07T10:13:39+00:00","breadcrumb":{"@id":"https:\/\/iris-cc.cat\/es\/instituto#breadcrumb"},"inLanguage":"es","potentialAction":[{"@type":"ReadAction","target":["https:\/\/iris-cc.cat\/es\/instituto"]}]},{"@type":"ImageObject","inLanguage":"es","@id":"https:\/\/iris-cc.cat\/es\/instituto#primaryimage","url":"https:\/\/iris-cc.cat\/wp-content\/uploads\/2022\/09\/institut.jpg","contentUrl":"https:\/\/iris-cc.cat\/wp-content\/uploads\/2022\/09\/institut.jpg"},{"@type":"BreadcrumbList","@id":"https:\/\/iris-cc.cat\/es\/instituto#breadcrumb","itemListElement":[{"@type":"ListItem","position":1,"name":"Inici","item":"https:\/\/iris-cc.cat\/es"},{"@type":"ListItem","position":2,"name":"El Instituto"}]},{"@type":"WebSite","@id":"https:\/\/iris-cc.cat\/es#website","url":"https:\/\/iris-cc.cat\/es","name":"IRIS-CC","description":"Institut de Recerca i Innovaci\u00f3 en Ci\u00e8ncies de la Vida i de la Salut a la Catalunya Central","publisher":{"@id":"https:\/\/iris-cc.cat\/es#organization"},"potentialAction":[{"@type":"SearchAction","target":{"@type":"EntryPoint","urlTemplate":"https:\/\/iris-cc.cat\/es?s={search_term_string}"},"query-input":{"@type":"PropertyValueSpecification","valueRequired":true,"valueName":"search_term_string"}}],"inLanguage":"es"},{"@type":"Organization","@id":"https:\/\/iris-cc.cat\/es#organization","name":"Institut de Recerca i Innovaci\u00f3 en Ci\u00e8ncies de la Vida i de la Salut a la Catalunya Central","url":"https:\/\/iris-cc.cat\/es","logo":{"@type":"ImageObject","inLanguage":"es","@id":"https:\/\/iris-cc.cat\/es#\/schema\/logo\/image\/","url":"https:\/\/iris-cc.cat\/wp-content\/uploads\/2022\/08\/iris-cc-logo.png","contentUrl":"https:\/\/iris-cc.cat\/wp-content\/uploads\/2022\/08\/iris-cc-logo.png","width":628,"height":172,"caption":"Institut de Recerca i Innovaci\u00f3 en Ci\u00e8ncies de la Vida i de la Salut a la Catalunya Central"},"image":{"@id":"https:\/\/iris-cc.cat\/es#\/schema\/logo\/image\/"}}]}},"_links":{"self":[{"href":"https:\/\/iris-cc.cat\/es\/wp-json\/wp\/v2\/pages\/8102","targetHints":{"allow":["GET"]}}],"collection":[{"href":"https:\/\/iris-cc.cat\/es\/wp-json\/wp\/v2\/pages"}],"about":[{"href":"https:\/\/iris-cc.cat\/es\/wp-json\/wp\/v2\/types\/page"}],"author":[{"embeddable":true,"href":"https:\/\/iris-cc.cat\/es\/wp-json\/wp\/v2\/users\/1"}],"replies":[{"embeddable":true,"href":"https:\/\/iris-cc.cat\/es\/wp-json\/wp\/v2\/comments?post=8102"}],"version-history":[{"count":143,"href":"https:\/\/iris-cc.cat\/es\/wp-json\/wp\/v2\/pages\/8102\/revisions"}],"predecessor-version":[{"id":16621,"href":"https:\/\/iris-cc.cat\/es\/wp-json\/wp\/v2\/pages\/8102\/revisions\/16621"}],"wp:attachment":[{"href":"https:\/\/iris-cc.cat\/es\/wp-json\/wp\/v2\/media?parent=8102"}],"curies":[{"name":"wp","href":"https:\/\/api.w.org\/{rel}","templated":true}]}}