{"id":8218,"date":"2022-09-13T09:30:27","date_gmt":"2022-09-13T09:30:27","guid":{"rendered":"https:\/\/iris-cc.cat\/empreses"},"modified":"2024-02-15T10:31:26","modified_gmt":"2024-02-15T10:31:26","slug":"empresas","status":"publish","type":"page","link":"https:\/\/iris-cc.cat\/es\/empresas","title":{"rendered":"Empresas"},"content":{"rendered":"\t\t<div data-elementor-type=\"wp-page\" data-elementor-id=\"8218\" class=\"elementor elementor-8218 elementor-7058\" data-elementor-post-type=\"page\">\n\t\t\t\t\t\t<section class=\"elementor-section elementor-top-section elementor-element elementor-element-374900d elementor-section-boxed elementor-section-height-default elementor-section-height-default\" data-id=\"374900d\" data-element_type=\"section\">\n\t\t\t\t\t\t<div class=\"elementor-container elementor-column-gap-default\">\n\t\t\t\t\t<div class=\"elementor-column elementor-col-100 elementor-top-column elementor-element elementor-element-b7cce5e\" data-id=\"b7cce5e\" data-element_type=\"column\">\n\t\t\t<div class=\"elementor-widget-wrap elementor-element-populated\">\n\t\t\t\t\t\t<div class=\"elementor-element elementor-element-10f03a6 elementor-widget elementor-widget-heading\" data-id=\"10f03a6\" data-element_type=\"widget\" data-widget_type=\"heading.default\">\n\t\t\t\t<div class=\"elementor-widget-container\">\n\t\t\t<h1 class=\"elementor-heading-title elementor-size-default\">EMPRESAS<\/h1>\t\t<\/div>\n\t\t\t\t<\/div>\n\t\t\t\t\t<\/div>\n\t\t<\/div>\n\t\t\t\t\t<\/div>\n\t\t<\/section>\n\t\t\t\t<section class=\"elementor-section elementor-top-section elementor-element elementor-element-54ab0a9 elementor-section-boxed elementor-section-height-default elementor-section-height-default\" data-id=\"54ab0a9\" data-element_type=\"section\">\n\t\t\t\t\t\t<div class=\"elementor-container elementor-column-gap-default\">\n\t\t\t\t\t<div class=\"elementor-column elementor-col-50 elementor-top-column elementor-element elementor-element-15daae1\" data-id=\"15daae1\" data-element_type=\"column\">\n\t\t\t<div class=\"elementor-widget-wrap elementor-element-populated\">\n\t\t\t\t\t\t<div class=\"elementor-element elementor-element-bcc6e7a elementor-widget elementor-widget-heading\" data-id=\"bcc6e7a\" data-element_type=\"widget\" data-widget_type=\"heading.default\">\n\t\t\t\t<div class=\"elementor-widget-container\">\n\t\t\t<h2 class=\"elementor-heading-title elementor-size-default\">Consejo empresarial<\/h2>\t\t<\/div>\n\t\t\t\t<\/div>\n\t\t\t\t<div class=\"elementor-element elementor-element-c3263ea elementor-widget elementor-widget-text-editor\" data-id=\"c3263ea\" data-element_type=\"widget\" data-widget_type=\"text-editor.default\">\n\t\t\t\t<div class=\"elementor-widget-container\">\n\t\t\t\t\t\t\t<p>El Consejo Empresarial (composici\u00f3n y funciones establecidas en los estatutos), \u00f3rgano asesor del Patronato, nos permitir\u00e1 conocer las iniciativas y necesidades del sector empresarial de Bages y Osona, con miembros invitados en el Patronato. El objetivo es encontrar proyectos de colaboraci\u00f3n entre los generadores de conocimiento y desarrolladores de productos y servicios competitivos.<\/p>\t\t\t\t\t\t<\/div>\n\t\t\t\t<\/div>\n\t\t\t\t<div class=\"elementor-element elementor-element-fcf8e56 elementor-widget elementor-widget-image\" data-id=\"fcf8e56\" data-element_type=\"widget\" data-widget_type=\"image.default\">\n\t\t\t\t<div class=\"elementor-widget-container\">\n\t\t\t\t\t\t\t\t\t\t\t\t\t<img fetchpriority=\"high\" decoding=\"async\" width=\"1024\" height=\"533\" src=\"https:\/\/iris-cc.cat\/wp-content\/uploads\/2024\/02\/reunio-constituent-consell-empresarial-iris-cc-1-1024x533.jpg\" class=\"attachment-large size-large wp-image-13233\" alt=\"\" srcset=\"https:\/\/iris-cc.cat\/wp-content\/uploads\/2024\/02\/reunio-constituent-consell-empresarial-iris-cc-1-1024x533.jpg 1024w, https:\/\/iris-cc.cat\/wp-content\/uploads\/2024\/02\/reunio-constituent-consell-empresarial-iris-cc-1-300x156.jpg 300w, https:\/\/iris-cc.cat\/wp-content\/uploads\/2024\/02\/reunio-constituent-consell-empresarial-iris-cc-1-768x400.jpg 768w, https:\/\/iris-cc.cat\/wp-content\/uploads\/2024\/02\/reunio-constituent-consell-empresarial-iris-cc-1-1536x800.jpg 1536w, https:\/\/iris-cc.cat\/wp-content\/uploads\/2024\/02\/reunio-constituent-consell-empresarial-iris-cc-1-2048x1066.jpg 2048w\" sizes=\"(max-width: 1024px) 100vw, 1024px\" \/>\t\t\t\t\t\t\t\t\t\t\t\t\t<\/div>\n\t\t\t\t<\/div>\n\t\t\t\t<div class=\"elementor-element elementor-element-9b9fcba elementor-widget elementor-widget-text-editor\" data-id=\"9b9fcba\" data-element_type=\"widget\" data-widget_type=\"text-editor.default\">\n\t\t\t\t<div class=\"elementor-widget-container\">\n\t\t\t\t\t\t\t<p><strong>Composici\u00f3n<\/strong><\/p><p>Representantes del Bages:<\/p><ul><li><strong>Albert Giralt<\/strong>, director general de Avinent (President).<\/li><li><strong>Ramon Manda\u00f1a<\/strong>, consejero delegado de Oliva Torras.\u00a0<\/li><li><strong>S\u00edlvia Gratac\u00f2s<\/strong>, presidenta de la Cambra de Comer\u00e7 de Manresa.<\/li><li><strong>Eudald Camprub\u00ed<\/strong>, CEO de Nuclia.<\/li><li><strong>M\u00edriam Ponsa<\/strong>, dise\u00f1adora de moda independiente.<\/li><\/ul><p>Representantes de Osona:<\/p><ul><li><strong>Gemma Vivet<\/strong>, directora general de Gepork y presidenta del Consell Empresarial d\u2019Osona.<\/li><li><strong>Anna Terradellas<\/strong>, consejera de Casa Tarradellas.<\/li><li><strong>Cl\u00e0udia Bay\u00e9s<\/strong>, gerente del Consultori Bay\u00e9s.<\/li><li><strong>Merc\u00e8 Girbau<\/strong>, presidenta y consejera delegada de Girbau SA.<\/li><li><strong>Lourdes Baulenas<\/strong>, consejera delegada de Construccions Ferrer.<\/li><\/ul>\t\t\t\t\t\t<\/div>\n\t\t\t\t<\/div>\n\t\t\t\t\t<\/div>\n\t\t<\/div>\n\t\t\t\t<div class=\"elementor-column elementor-col-50 elementor-top-column elementor-element elementor-element-b44c845\" data-id=\"b44c845\" data-element_type=\"column\">\n\t\t\t<div class=\"elementor-widget-wrap elementor-element-populated\">\n\t\t\t\t\t\t<div class=\"elementor-element elementor-element-6b6d534 elementor-widget elementor-widget-heading\" data-id=\"6b6d534\" data-element_type=\"widget\" data-widget_type=\"heading.default\">\n\t\t\t\t<div class=\"elementor-widget-container\">\n\t\t\t<h2 class=\"elementor-heading-title elementor-size-default\">Empresas colaboradoras<\/h2>\t\t<\/div>\n\t\t\t\t<\/div>\n\t\t\t\t<div class=\"elementor-element elementor-element-9ef84e0 elementor-widget elementor-widget-text-editor\" data-id=\"9ef84e0\" data-element_type=\"widget\" data-widget_type=\"text-editor.default\">\n\t\t\t\t<div class=\"elementor-widget-container\">\n\t\t\t\t\t\t\t<p>El IRIS-CC tiene una actitud proactiva para encontrar proyectos conjuntos de colaboraci\u00f3n en los \u00e1mbitos de la investigaci\u00f3n y la innovaci\u00f3n, en ciencias de la vida y de la salud. Estos proyectos est\u00e1n orientados a objetivos espec\u00edficos de mutuo inter\u00e9s.<\/p>\t\t\t\t\t\t<\/div>\n\t\t\t\t<\/div>\n\t\t\t\t\t<\/div>\n\t\t<\/div>\n\t\t\t\t\t<\/div>\n\t\t<\/section>\n\t\t\t\t<\/div>\n\t\t","protected":false},"excerpt":{"rendered":"<p>EMPRESAS Consejo empresarial El Consejo Empresarial (composici\u00f3n y funciones establecidas en los estatutos), \u00f3rgano asesor del Patronato, nos permitir\u00e1 conocer las iniciativas y necesidades del sector empresarial de Bages y Osona, con miembros invitados en el Patronato. El objetivo es encontrar proyectos de colaboraci\u00f3n entre los generadores de conocimiento y desarrolladores de productos y servicios&hellip;<\/p>\n","protected":false},"author":1,"featured_media":0,"parent":0,"menu_order":0,"comment_status":"closed","ping_status":"closed","template":"","meta":{"footnotes":""},"class_list":["post-8218","page","type-page","status-publish","hentry"],"yoast_head":"<!-- This site is optimized with the Yoast SEO plugin v23.9 - https:\/\/yoast.com\/wordpress\/plugins\/seo\/ -->\n<title>Empresas - IRIS-CC<\/title>\n<meta name=\"robots\" content=\"index, follow, max-snippet:-1, max-image-preview:large, max-video-preview:-1\" \/>\n<link rel=\"canonical\" href=\"https:\/\/iris-cc.cat\/es\/empresas\" \/>\n<meta property=\"og:locale\" content=\"es_ES\" \/>\n<meta property=\"og:type\" content=\"article\" \/>\n<meta property=\"og:title\" content=\"Empresas - IRIS-CC\" \/>\n<meta property=\"og:description\" content=\"EMPRESAS Consejo empresarial El Consejo Empresarial (composici\u00f3n y funciones establecidas en los estatutos), \u00f3rgano asesor del Patronato, nos permitir\u00e1 conocer las iniciativas y necesidades del sector empresarial de Bages y Osona, con miembros invitados en el Patronato. El objetivo es encontrar proyectos de colaboraci\u00f3n entre los generadores de conocimiento y desarrolladores de productos y servicios&hellip;\" \/>\n<meta property=\"og:url\" content=\"https:\/\/iris-cc.cat\/es\/empresas\" \/>\n<meta property=\"og:site_name\" content=\"IRIS-CC\" \/>\n<meta property=\"article:modified_time\" content=\"2024-02-15T10:31:26+00:00\" \/>\n<meta property=\"og:image\" content=\"https:\/\/iris-cc.cat\/wp-content\/uploads\/2024\/02\/reunio-constituent-consell-empresarial-iris-cc-1-1024x533.jpg\" \/>\n<meta name=\"twitter:card\" content=\"summary_large_image\" \/>\n<meta name=\"twitter:label1\" content=\"Tiempo de lectura\" \/>\n\t<meta name=\"twitter:data1\" content=\"1 minuto\" \/>\n<script type=\"application\/ld+json\" class=\"yoast-schema-graph\">{\"@context\":\"https:\/\/schema.org\",\"@graph\":[{\"@type\":\"WebPage\",\"@id\":\"https:\/\/iris-cc.cat\/es\/empresas\",\"url\":\"https:\/\/iris-cc.cat\/es\/empresas\",\"name\":\"Empresas - IRIS-CC\",\"isPartOf\":{\"@id\":\"https:\/\/iris-cc.cat\/es#website\"},\"primaryImageOfPage\":{\"@id\":\"https:\/\/iris-cc.cat\/es\/empresas#primaryimage\"},\"image\":{\"@id\":\"https:\/\/iris-cc.cat\/es\/empresas#primaryimage\"},\"thumbnailUrl\":\"https:\/\/iris-cc.cat\/wp-content\/uploads\/2024\/02\/reunio-constituent-consell-empresarial-iris-cc-1-1024x533.jpg\",\"datePublished\":\"2022-09-13T09:30:27+00:00\",\"dateModified\":\"2024-02-15T10:31:26+00:00\",\"breadcrumb\":{\"@id\":\"https:\/\/iris-cc.cat\/es\/empresas#breadcrumb\"},\"inLanguage\":\"es\",\"potentialAction\":[{\"@type\":\"ReadAction\",\"target\":[\"https:\/\/iris-cc.cat\/es\/empresas\"]}]},{\"@type\":\"ImageObject\",\"inLanguage\":\"es\",\"@id\":\"https:\/\/iris-cc.cat\/es\/empresas#primaryimage\",\"url\":\"https:\/\/iris-cc.cat\/wp-content\/uploads\/2024\/02\/reunio-constituent-consell-empresarial-iris-cc-1-1024x533.jpg\",\"contentUrl\":\"https:\/\/iris-cc.cat\/wp-content\/uploads\/2024\/02\/reunio-constituent-consell-empresarial-iris-cc-1-1024x533.jpg\"},{\"@type\":\"BreadcrumbList\",\"@id\":\"https:\/\/iris-cc.cat\/es\/empresas#breadcrumb\",\"itemListElement\":[{\"@type\":\"ListItem\",\"position\":1,\"name\":\"Inici\",\"item\":\"https:\/\/iris-cc.cat\/es\"},{\"@type\":\"ListItem\",\"position\":2,\"name\":\"Empresas\"}]},{\"@type\":\"WebSite\",\"@id\":\"https:\/\/iris-cc.cat\/es#website\",\"url\":\"https:\/\/iris-cc.cat\/es\",\"name\":\"IRIS-CC\",\"description\":\"Institut de Recerca i Innovaci\u00f3 en Ci\u00e8ncies de la Vida i de la Salut a la Catalunya Central\",\"publisher\":{\"@id\":\"https:\/\/iris-cc.cat\/es#organization\"},\"potentialAction\":[{\"@type\":\"SearchAction\",\"target\":{\"@type\":\"EntryPoint\",\"urlTemplate\":\"https:\/\/iris-cc.cat\/es?s={search_term_string}\"},\"query-input\":{\"@type\":\"PropertyValueSpecification\",\"valueRequired\":true,\"valueName\":\"search_term_string\"}}],\"inLanguage\":\"es\"},{\"@type\":\"Organization\",\"@id\":\"https:\/\/iris-cc.cat\/es#organization\",\"name\":\"Institut de Recerca i Innovaci\u00f3 en Ci\u00e8ncies de la Vida i de la Salut a la Catalunya Central\",\"url\":\"https:\/\/iris-cc.cat\/es\",\"logo\":{\"@type\":\"ImageObject\",\"inLanguage\":\"es\",\"@id\":\"https:\/\/iris-cc.cat\/es#\/schema\/logo\/image\/\",\"url\":\"https:\/\/iris-cc.cat\/wp-content\/uploads\/2022\/08\/iris-cc-logo.png\",\"contentUrl\":\"https:\/\/iris-cc.cat\/wp-content\/uploads\/2022\/08\/iris-cc-logo.png\",\"width\":628,\"height\":172,\"caption\":\"Institut de Recerca i Innovaci\u00f3 en Ci\u00e8ncies de la Vida i de la Salut a la Catalunya Central\"},\"image\":{\"@id\":\"https:\/\/iris-cc.cat\/es#\/schema\/logo\/image\/\"}}]}<\/script>\n<!-- \/ Yoast SEO plugin. -->","yoast_head_json":{"title":"Empresas - IRIS-CC","robots":{"index":"index","follow":"follow","max-snippet":"max-snippet:-1","max-image-preview":"max-image-preview:large","max-video-preview":"max-video-preview:-1"},"canonical":"https:\/\/iris-cc.cat\/es\/empresas","og_locale":"es_ES","og_type":"article","og_title":"Empresas - IRIS-CC","og_description":"EMPRESAS Consejo empresarial El Consejo Empresarial (composici\u00f3n y funciones establecidas en los estatutos), \u00f3rgano asesor del Patronato, nos permitir\u00e1 conocer las iniciativas y necesidades del sector empresarial de Bages y Osona, con miembros invitados en el Patronato. El objetivo es encontrar proyectos de colaboraci\u00f3n entre los generadores de conocimiento y desarrolladores de productos y servicios&hellip;","og_url":"https:\/\/iris-cc.cat\/es\/empresas","og_site_name":"IRIS-CC","article_modified_time":"2024-02-15T10:31:26+00:00","og_image":[{"url":"https:\/\/iris-cc.cat\/wp-content\/uploads\/2024\/02\/reunio-constituent-consell-empresarial-iris-cc-1-1024x533.jpg"}],"twitter_card":"summary_large_image","twitter_misc":{"Tiempo de lectura":"1 minuto"},"schema":{"@context":"https:\/\/schema.org","@graph":[{"@type":"WebPage","@id":"https:\/\/iris-cc.cat\/es\/empresas","url":"https:\/\/iris-cc.cat\/es\/empresas","name":"Empresas - IRIS-CC","isPartOf":{"@id":"https:\/\/iris-cc.cat\/es#website"},"primaryImageOfPage":{"@id":"https:\/\/iris-cc.cat\/es\/empresas#primaryimage"},"image":{"@id":"https:\/\/iris-cc.cat\/es\/empresas#primaryimage"},"thumbnailUrl":"https:\/\/iris-cc.cat\/wp-content\/uploads\/2024\/02\/reunio-constituent-consell-empresarial-iris-cc-1-1024x533.jpg","datePublished":"2022-09-13T09:30:27+00:00","dateModified":"2024-02-15T10:31:26+00:00","breadcrumb":{"@id":"https:\/\/iris-cc.cat\/es\/empresas#breadcrumb"},"inLanguage":"es","potentialAction":[{"@type":"ReadAction","target":["https:\/\/iris-cc.cat\/es\/empresas"]}]},{"@type":"ImageObject","inLanguage":"es","@id":"https:\/\/iris-cc.cat\/es\/empresas#primaryimage","url":"https:\/\/iris-cc.cat\/wp-content\/uploads\/2024\/02\/reunio-constituent-consell-empresarial-iris-cc-1-1024x533.jpg","contentUrl":"https:\/\/iris-cc.cat\/wp-content\/uploads\/2024\/02\/reunio-constituent-consell-empresarial-iris-cc-1-1024x533.jpg"},{"@type":"BreadcrumbList","@id":"https:\/\/iris-cc.cat\/es\/empresas#breadcrumb","itemListElement":[{"@type":"ListItem","position":1,"name":"Inici","item":"https:\/\/iris-cc.cat\/es"},{"@type":"ListItem","position":2,"name":"Empresas"}]},{"@type":"WebSite","@id":"https:\/\/iris-cc.cat\/es#website","url":"https:\/\/iris-cc.cat\/es","name":"IRIS-CC","description":"Institut de Recerca i Innovaci\u00f3 en Ci\u00e8ncies de la Vida i de la Salut a la Catalunya Central","publisher":{"@id":"https:\/\/iris-cc.cat\/es#organization"},"potentialAction":[{"@type":"SearchAction","target":{"@type":"EntryPoint","urlTemplate":"https:\/\/iris-cc.cat\/es?s={search_term_string}"},"query-input":{"@type":"PropertyValueSpecification","valueRequired":true,"valueName":"search_term_string"}}],"inLanguage":"es"},{"@type":"Organization","@id":"https:\/\/iris-cc.cat\/es#organization","name":"Institut de Recerca i Innovaci\u00f3 en Ci\u00e8ncies de la Vida i de la Salut a la Catalunya Central","url":"https:\/\/iris-cc.cat\/es","logo":{"@type":"ImageObject","inLanguage":"es","@id":"https:\/\/iris-cc.cat\/es#\/schema\/logo\/image\/","url":"https:\/\/iris-cc.cat\/wp-content\/uploads\/2022\/08\/iris-cc-logo.png","contentUrl":"https:\/\/iris-cc.cat\/wp-content\/uploads\/2022\/08\/iris-cc-logo.png","width":628,"height":172,"caption":"Institut de Recerca i Innovaci\u00f3 en Ci\u00e8ncies de la Vida i de la Salut a la Catalunya Central"},"image":{"@id":"https:\/\/iris-cc.cat\/es#\/schema\/logo\/image\/"}}]}},"_links":{"self":[{"href":"https:\/\/iris-cc.cat\/es\/wp-json\/wp\/v2\/pages\/8218","targetHints":{"allow":["GET"]}}],"collection":[{"href":"https:\/\/iris-cc.cat\/es\/wp-json\/wp\/v2\/pages"}],"about":[{"href":"https:\/\/iris-cc.cat\/es\/wp-json\/wp\/v2\/types\/page"}],"author":[{"embeddable":true,"href":"https:\/\/iris-cc.cat\/es\/wp-json\/wp\/v2\/users\/1"}],"replies":[{"embeddable":true,"href":"https:\/\/iris-cc.cat\/es\/wp-json\/wp\/v2\/comments?post=8218"}],"version-history":[{"count":29,"href":"https:\/\/iris-cc.cat\/es\/wp-json\/wp\/v2\/pages\/8218\/revisions"}],"predecessor-version":[{"id":13262,"href":"https:\/\/iris-cc.cat\/es\/wp-json\/wp\/v2\/pages\/8218\/revisions\/13262"}],"wp:attachment":[{"href":"https:\/\/iris-cc.cat\/es\/wp-json\/wp\/v2\/media?parent=8218"}],"curies":[{"name":"wp","href":"https:\/\/api.w.org\/{rel}","templated":true}]}}