{"id":8236,"date":"2022-09-13T09:35:50","date_gmt":"2022-09-13T09:35:50","guid":{"rendered":"https:\/\/iris-cc.cat\/formacio"},"modified":"2024-04-12T12:49:26","modified_gmt":"2024-04-12T12:49:26","slug":"formacion","status":"publish","type":"page","link":"https:\/\/iris-cc.cat\/es\/formacion","title":{"rendered":"Formaci\u00f3n"},"content":{"rendered":"\t\t<div data-elementor-type=\"wp-page\" data-elementor-id=\"8236\" class=\"elementor elementor-8236 elementor-7075\" data-elementor-post-type=\"page\">\n\t\t\t\t\t\t<section class=\"elementor-section elementor-top-section elementor-element elementor-element-12ec45a elementor-section-boxed elementor-section-height-default elementor-section-height-default\" data-id=\"12ec45a\" data-element_type=\"section\">\n\t\t\t\t\t\t<div class=\"elementor-container elementor-column-gap-default\">\n\t\t\t\t\t<div class=\"elementor-column elementor-col-100 elementor-top-column elementor-element elementor-element-b5ae156\" data-id=\"b5ae156\" data-element_type=\"column\">\n\t\t\t<div class=\"elementor-widget-wrap elementor-element-populated\">\n\t\t\t\t\t\t<div class=\"elementor-element elementor-element-099002d elementor-widget elementor-widget-heading\" data-id=\"099002d\" data-element_type=\"widget\" data-widget_type=\"heading.default\">\n\t\t\t\t<div class=\"elementor-widget-container\">\n\t\t\t<h1 class=\"elementor-heading-title elementor-size-default\">FORMACI\u00d3N<\/h1>\t\t<\/div>\n\t\t\t\t<\/div>\n\t\t\t\t\t<\/div>\n\t\t<\/div>\n\t\t\t\t\t<\/div>\n\t\t<\/section>\n\t\t\t\t<section class=\"elementor-section elementor-top-section elementor-element elementor-element-26b1845 elementor-section-boxed elementor-section-height-default elementor-section-height-default\" data-id=\"26b1845\" data-element_type=\"section\">\n\t\t\t\t\t\t<div class=\"elementor-container elementor-column-gap-default\">\n\t\t\t\t\t<div class=\"elementor-column elementor-col-100 elementor-top-column elementor-element elementor-element-9361d7f\" data-id=\"9361d7f\" data-element_type=\"column\">\n\t\t\t<div class=\"elementor-widget-wrap elementor-element-populated\">\n\t\t\t\t\t\t<div class=\"elementor-element elementor-element-bfcc32f elementor-widget elementor-widget-heading\" data-id=\"bfcc32f\" data-element_type=\"widget\" data-widget_type=\"heading.default\">\n\t\t\t\t<div class=\"elementor-widget-container\">\n\t\t\t<h2 class=\"elementor-heading-title elementor-size-default\">Plan de formaci\u00f3n<\/h2>\t\t<\/div>\n\t\t\t\t<\/div>\n\t\t\t\t\t<\/div>\n\t\t<\/div>\n\t\t\t\t\t<\/div>\n\t\t<\/section>\n\t\t\t\t<section class=\"elementor-section elementor-top-section elementor-element elementor-element-8454d5a elementor-section-boxed elementor-section-height-default elementor-section-height-default\" data-id=\"8454d5a\" data-element_type=\"section\">\n\t\t\t\t\t\t<div class=\"elementor-container elementor-column-gap-default\">\n\t\t\t\t\t<div class=\"elementor-column elementor-col-50 elementor-top-column elementor-element elementor-element-c23fb90\" data-id=\"c23fb90\" data-element_type=\"column\">\n\t\t\t<div class=\"elementor-widget-wrap elementor-element-populated\">\n\t\t\t\t\t\t<div class=\"elementor-element elementor-element-34ebeec elementor-widget elementor-widget-heading\" data-id=\"34ebeec\" data-element_type=\"widget\" data-widget_type=\"heading.default\">\n\t\t\t\t<div class=\"elementor-widget-container\">\n\t\t\t<h3 class=\"elementor-heading-title elementor-size-default\">CEIm<\/h3>\t\t<\/div>\n\t\t\t\t<\/div>\n\t\t\t\t<div class=\"elementor-element elementor-element-d42c299 elementor-widget elementor-widget-text-editor\" data-id=\"d42c299\" data-element_type=\"widget\" data-widget_type=\"text-editor.default\">\n\t\t\t\t<div class=\"elementor-widget-container\">\n\t\t\t\t\t\t\t<p>El IRIS-CC est\u00e1 desarrollando programas formativos dirigidos a investigadores, gestores de la investigaci\u00f3n y la innovaci\u00f3n, y los comit\u00e9s del Instituto.<\/p><p>El primer curso que se pondr\u00e1 en marcha es un curso espec\u00edfico dirigido a los miembros del CEIm, personal investigador del campo de la innovaci\u00f3n terap\u00e9utica y personal de gesti\u00f3n del \u00e1mbito de los ensayos cl\u00ednicos.<\/p>\t\t\t\t\t\t<\/div>\n\t\t\t\t<\/div>\n\t\t\t\t\t<\/div>\n\t\t<\/div>\n\t\t\t\t<div class=\"elementor-column elementor-col-50 elementor-top-column elementor-element elementor-element-95a8e94\" data-id=\"95a8e94\" data-element_type=\"column\">\n\t\t\t<div class=\"elementor-widget-wrap elementor-element-populated\">\n\t\t\t\t\t\t<div class=\"elementor-element elementor-element-3dac4e0 elementor-widget elementor-widget-heading\" data-id=\"3dac4e0\" data-element_type=\"widget\" data-widget_type=\"heading.default\">\n\t\t\t\t<div class=\"elementor-widget-container\">\n\t\t\t<h3 class=\"elementor-heading-title elementor-size-default\">Investigadores<\/h3>\t\t<\/div>\n\t\t\t\t<\/div>\n\t\t\t\t<div class=\"elementor-element elementor-element-8d42a88 elementor-widget elementor-widget-text-editor\" data-id=\"8d42a88\" data-element_type=\"widget\" data-widget_type=\"text-editor.default\">\n\t\t\t\t<div class=\"elementor-widget-container\">\n\t\t\t\t\t\t\t<p>El IRIS-CC formular\u00e1 un programa de formaci\u00f3n dirigido a los investigadores de las instituciones fundadoras. Inicialmente estar\u00e1 dirigido a los investigadores en formaci\u00f3n que inicien su carrera investigadora. Tendr\u00e1 una estructura modular, con un m\u00f3dulo nuclear y otros m\u00f3dulos espec\u00edficos. Los m\u00f3dulos se impartir\u00e1n tanto presencialmente como online, en las sedes territoriales y en las unidades operativas.<\/p>\t\t\t\t\t\t<\/div>\n\t\t\t\t<\/div>\n\t\t\t\t<div class=\"elementor-element elementor-element-c1cdbcb elementor-widget elementor-widget-shortcode\" data-id=\"c1cdbcb\" data-element_type=\"widget\" data-widget_type=\"shortcode.default\">\n\t\t\t\t<div class=\"elementor-widget-container\">\n\t\t\t\t\t<div class=\"elementor-shortcode\"><div class='w3eden'>\n    <div class=''>\n\n        \n        <div id=\"content_wpdm_package_1\">\n            <div class='row'><div class='col-md-12'>\u00a1No se encontraron descargas!<\/div><\/div>                    <\/div>\n\n        <div style='clear:both'><\/div>\n    <\/div>\n<\/div>\n<\/div>\n\t\t\t\t<\/div>\n\t\t\t\t<\/div>\n\t\t\t\t\t<\/div>\n\t\t<\/div>\n\t\t\t\t\t<\/div>\n\t\t<\/section>\n\t\t\t\t<section class=\"elementor-section elementor-top-section elementor-element elementor-element-3faf618 elementor-section-boxed elementor-section-height-default elementor-section-height-default\" data-id=\"3faf618\" data-element_type=\"section\">\n\t\t\t\t\t\t<div class=\"elementor-container elementor-column-gap-default\">\n\t\t\t\t\t<div class=\"elementor-column elementor-col-50 elementor-top-column elementor-element elementor-element-2741b90\" data-id=\"2741b90\" data-element_type=\"column\">\n\t\t\t<div class=\"elementor-widget-wrap elementor-element-populated\">\n\t\t\t\t\t\t<div class=\"elementor-element elementor-element-31cb3ec elementor-widget elementor-widget-image\" data-id=\"31cb3ec\" data-element_type=\"widget\" data-widget_type=\"image.default\">\n\t\t\t\t<div class=\"elementor-widget-container\">\n\t\t\t\t\t\t\t\t\t\t\t\t\t<img decoding=\"async\" src=\"https:\/\/iris-cc.cat\/wp-content\/uploads\/2022\/11\/7.1.2-Proposta-c-2-scaled.jpg\" title=\"7.1.2 Proposta c\" alt=\"7.1.2 Proposta c\" loading=\"lazy\" \/>\t\t\t\t\t\t\t\t\t\t\t\t\t<\/div>\n\t\t\t\t<\/div>\n\t\t\t\t\t<\/div>\n\t\t<\/div>\n\t\t\t\t<div class=\"elementor-column elementor-col-50 elementor-top-column elementor-element elementor-element-04e34d1\" data-id=\"04e34d1\" data-element_type=\"column\">\n\t\t\t<div class=\"elementor-widget-wrap elementor-element-populated\">\n\t\t\t\t\t\t<div class=\"elementor-element elementor-element-33f02bb elementor-widget elementor-widget-image\" data-id=\"33f02bb\" data-element_type=\"widget\" data-widget_type=\"image.default\">\n\t\t\t\t<div class=\"elementor-widget-container\">\n\t\t\t\t\t\t\t\t\t\t\t\t\t<img fetchpriority=\"high\" decoding=\"async\" width=\"1024\" height=\"683\" src=\"https:\/\/iris-cc.cat\/wp-content\/uploads\/2022\/09\/7.1.1.jpg\" class=\"attachment-large size-large wp-image-8065\" alt=\"\" srcset=\"https:\/\/iris-cc.cat\/wp-content\/uploads\/2022\/09\/7.1.1.jpg 1024w, https:\/\/iris-cc.cat\/wp-content\/uploads\/2022\/09\/7.1.1-300x200.jpg 300w, https:\/\/iris-cc.cat\/wp-content\/uploads\/2022\/09\/7.1.1-768x512.jpg 768w\" sizes=\"(max-width: 1024px) 100vw, 1024px\" \/>\t\t\t\t\t\t\t\t\t\t\t\t\t<\/div>\n\t\t\t\t<\/div>\n\t\t\t\t\t<\/div>\n\t\t<\/div>\n\t\t\t\t\t<\/div>\n\t\t<\/section>\n\t\t\t\t<section class=\"elementor-section elementor-top-section elementor-element elementor-element-3f239ab elementor-section-boxed elementor-section-height-default elementor-section-height-default\" data-id=\"3f239ab\" data-element_type=\"section\">\n\t\t\t\t\t\t<div class=\"elementor-container elementor-column-gap-default\">\n\t\t\t\t\t<div class=\"elementor-column elementor-col-100 elementor-top-column elementor-element elementor-element-e2caf9b\" data-id=\"e2caf9b\" data-element_type=\"column\">\n\t\t\t<div class=\"elementor-widget-wrap elementor-element-populated\">\n\t\t\t\t\t\t<div class=\"elementor-element elementor-element-d4079e1 elementor-widget elementor-widget-heading\" data-id=\"d4079e1\" data-element_type=\"widget\" data-widget_type=\"heading.default\">\n\t\t\t\t<div class=\"elementor-widget-container\">\n\t\t\t<h2 class=\"elementor-heading-title elementor-size-default\">Cursos<\/h2>\t\t<\/div>\n\t\t\t\t<\/div>\n\t\t\t\t<div class=\"elementor-element elementor-element-ee22aa7 elementor-widget elementor-widget-text-editor\" data-id=\"ee22aa7\" data-element_type=\"widget\" data-widget_type=\"text-editor.default\">\n\t\t\t\t<div class=\"elementor-widget-container\">\n\t\t\t\t\t\t\t<p><strong>CEIm:<\/strong> el primer curso que se pondr\u00e1 en marcha ser\u00e1 el de formaci\u00f3n de los miembros del CEIm, con una parte presencial y una parte online, y se desarrollar\u00e1 en los meses de octubre \u2013 noviembre de 2022.<\/p><p><strong>Fundanet:<\/strong> curso de formaci\u00f3n del Sistema de Informaci\u00f3n Fundanet, dirigido inicialmente a los gestores de la investigaci\u00f3n de las Instituciones Fundadoras, desarrollado en los meses de junio y julio de 2022. La formaci\u00f3n del m\u00f3dulo dirigido a los investigadores empezar\u00e1 a impartirse durante los meses de octubre y noviembre del 2022.<\/p>\t\t\t\t\t\t<\/div>\n\t\t\t\t<\/div>\n\t\t\t\t<div class=\"elementor-element elementor-element-cfdf917 elementor-widget elementor-widget-heading\" data-id=\"cfdf917\" data-element_type=\"widget\" data-widget_type=\"heading.default\">\n\t\t\t\t<div class=\"elementor-widget-container\">\n\t\t\t<h2 class=\"elementor-heading-title elementor-size-default\">Doctorados<\/h2>\t\t<\/div>\n\t\t\t\t<\/div>\n\t\t\t\t<div class=\"elementor-element elementor-element-9a5ead2 elementor-widget elementor-widget-text-editor\" data-id=\"9a5ead2\" data-element_type=\"widget\" data-widget_type=\"text-editor.default\">\n\t\t\t\t<div class=\"elementor-widget-container\">\n\t\t\t\t\t\t\t<p><strong>Ofertas vigentes de doctorados industriales: <\/strong><\/p><ul><li>Solicitud de ayudas para Doctorados Industriales 2024 (DI 2024): <a href=\"https:\/\/translate.google.es\/?sl=auto&amp;tl=es&amp;text=Sol%C2%B7licitud%20d%27ajuts%20per%20a%20Doctorats%20Industrials%202024%20(DI%202024)&amp;op=translate\" target=\"_blank\" rel=\"noopener\">m\u00e1s informaci\u00f3n<\/a><\/li><\/ul>\t\t\t\t\t\t<\/div>\n\t\t\t\t<\/div>\n\t\t\t\t\t<\/div>\n\t\t<\/div>\n\t\t\t\t\t<\/div>\n\t\t<\/section>\n\t\t\t\t<\/div>\n\t\t","protected":false},"excerpt":{"rendered":"<p>FORMACI\u00d3N Plan de formaci\u00f3n CEIm El IRIS-CC est\u00e1 desarrollando programas formativos dirigidos a investigadores, gestores de la investigaci\u00f3n y la innovaci\u00f3n, y los comit\u00e9s del Instituto. El primer curso que se pondr\u00e1 en marcha es un curso espec\u00edfico dirigido a los miembros del CEIm, personal investigador del campo de la innovaci\u00f3n terap\u00e9utica y personal de&hellip;<\/p>\n","protected":false},"author":1,"featured_media":0,"parent":0,"menu_order":0,"comment_status":"closed","ping_status":"closed","template":"","meta":{"footnotes":""},"class_list":["post-8236","page","type-page","status-publish","hentry"],"yoast_head":"<!-- This site is optimized with the Yoast SEO plugin v23.9 - https:\/\/yoast.com\/wordpress\/plugins\/seo\/ -->\n<title>Formaci\u00f3n - IRIS-CC<\/title>\n<meta name=\"robots\" content=\"index, follow, max-snippet:-1, max-image-preview:large, max-video-preview:-1\" \/>\n<link rel=\"canonical\" href=\"https:\/\/iris-cc.cat\/es\/formacion\" \/>\n<meta property=\"og:locale\" content=\"es_ES\" \/>\n<meta property=\"og:type\" content=\"article\" \/>\n<meta property=\"og:title\" content=\"Formaci\u00f3n - IRIS-CC\" \/>\n<meta property=\"og:description\" content=\"FORMACI\u00d3N Plan de formaci\u00f3n CEIm El IRIS-CC est\u00e1 desarrollando programas formativos dirigidos a investigadores, gestores de la investigaci\u00f3n y la innovaci\u00f3n, y los comit\u00e9s del Instituto. El primer curso que se pondr\u00e1 en marcha es un curso espec\u00edfico dirigido a los miembros del CEIm, personal investigador del campo de la innovaci\u00f3n terap\u00e9utica y personal de&hellip;\" \/>\n<meta property=\"og:url\" content=\"https:\/\/iris-cc.cat\/es\/formacion\" \/>\n<meta property=\"og:site_name\" content=\"IRIS-CC\" \/>\n<meta property=\"article:modified_time\" content=\"2024-04-12T12:49:26+00:00\" \/>\n<meta property=\"og:image\" content=\"https:\/\/iris-cc.cat\/wp-content\/uploads\/2022\/11\/7.1.2-Proposta-c-2-scaled.jpg\" \/>\n<meta name=\"twitter:card\" content=\"summary_large_image\" \/>\n<meta name=\"twitter:label1\" content=\"Tiempo de lectura\" \/>\n\t<meta name=\"twitter:data1\" content=\"2 minutos\" \/>\n<script type=\"application\/ld+json\" class=\"yoast-schema-graph\">{\"@context\":\"https:\/\/schema.org\",\"@graph\":[{\"@type\":\"WebPage\",\"@id\":\"https:\/\/iris-cc.cat\/es\/formacion\",\"url\":\"https:\/\/iris-cc.cat\/es\/formacion\",\"name\":\"Formaci\u00f3n - IRIS-CC\",\"isPartOf\":{\"@id\":\"https:\/\/iris-cc.cat\/es#website\"},\"primaryImageOfPage\":{\"@id\":\"https:\/\/iris-cc.cat\/es\/formacion#primaryimage\"},\"image\":{\"@id\":\"https:\/\/iris-cc.cat\/es\/formacion#primaryimage\"},\"thumbnailUrl\":\"https:\/\/iris-cc.cat\/wp-content\/uploads\/2022\/11\/7.1.2-Proposta-c-2-scaled.jpg\",\"datePublished\":\"2022-09-13T09:35:50+00:00\",\"dateModified\":\"2024-04-12T12:49:26+00:00\",\"breadcrumb\":{\"@id\":\"https:\/\/iris-cc.cat\/es\/formacion#breadcrumb\"},\"inLanguage\":\"es\",\"potentialAction\":[{\"@type\":\"ReadAction\",\"target\":[\"https:\/\/iris-cc.cat\/es\/formacion\"]}]},{\"@type\":\"ImageObject\",\"inLanguage\":\"es\",\"@id\":\"https:\/\/iris-cc.cat\/es\/formacion#primaryimage\",\"url\":\"https:\/\/iris-cc.cat\/wp-content\/uploads\/2022\/11\/7.1.2-Proposta-c-2-scaled.jpg\",\"contentUrl\":\"https:\/\/iris-cc.cat\/wp-content\/uploads\/2022\/11\/7.1.2-Proposta-c-2-scaled.jpg\"},{\"@type\":\"BreadcrumbList\",\"@id\":\"https:\/\/iris-cc.cat\/es\/formacion#breadcrumb\",\"itemListElement\":[{\"@type\":\"ListItem\",\"position\":1,\"name\":\"Inici\",\"item\":\"https:\/\/iris-cc.cat\/es\"},{\"@type\":\"ListItem\",\"position\":2,\"name\":\"Formaci\u00f3n\"}]},{\"@type\":\"WebSite\",\"@id\":\"https:\/\/iris-cc.cat\/es#website\",\"url\":\"https:\/\/iris-cc.cat\/es\",\"name\":\"IRIS-CC\",\"description\":\"Institut de Recerca i Innovaci\u00f3 en Ci\u00e8ncies de la Vida i de la Salut a la Catalunya Central\",\"publisher\":{\"@id\":\"https:\/\/iris-cc.cat\/es#organization\"},\"potentialAction\":[{\"@type\":\"SearchAction\",\"target\":{\"@type\":\"EntryPoint\",\"urlTemplate\":\"https:\/\/iris-cc.cat\/es?s={search_term_string}\"},\"query-input\":{\"@type\":\"PropertyValueSpecification\",\"valueRequired\":true,\"valueName\":\"search_term_string\"}}],\"inLanguage\":\"es\"},{\"@type\":\"Organization\",\"@id\":\"https:\/\/iris-cc.cat\/es#organization\",\"name\":\"Institut de Recerca i Innovaci\u00f3 en Ci\u00e8ncies de la Vida i de la Salut a la Catalunya Central\",\"url\":\"https:\/\/iris-cc.cat\/es\",\"logo\":{\"@type\":\"ImageObject\",\"inLanguage\":\"es\",\"@id\":\"https:\/\/iris-cc.cat\/es#\/schema\/logo\/image\/\",\"url\":\"https:\/\/iris-cc.cat\/wp-content\/uploads\/2022\/08\/iris-cc-logo.png\",\"contentUrl\":\"https:\/\/iris-cc.cat\/wp-content\/uploads\/2022\/08\/iris-cc-logo.png\",\"width\":628,\"height\":172,\"caption\":\"Institut de Recerca i Innovaci\u00f3 en Ci\u00e8ncies de la Vida i de la Salut a la Catalunya Central\"},\"image\":{\"@id\":\"https:\/\/iris-cc.cat\/es#\/schema\/logo\/image\/\"}}]}<\/script>\n<!-- \/ Yoast SEO plugin. -->","yoast_head_json":{"title":"Formaci\u00f3n - IRIS-CC","robots":{"index":"index","follow":"follow","max-snippet":"max-snippet:-1","max-image-preview":"max-image-preview:large","max-video-preview":"max-video-preview:-1"},"canonical":"https:\/\/iris-cc.cat\/es\/formacion","og_locale":"es_ES","og_type":"article","og_title":"Formaci\u00f3n - IRIS-CC","og_description":"FORMACI\u00d3N Plan de formaci\u00f3n CEIm El IRIS-CC est\u00e1 desarrollando programas formativos dirigidos a investigadores, gestores de la investigaci\u00f3n y la innovaci\u00f3n, y los comit\u00e9s del Instituto. El primer curso que se pondr\u00e1 en marcha es un curso espec\u00edfico dirigido a los miembros del CEIm, personal investigador del campo de la innovaci\u00f3n terap\u00e9utica y personal de&hellip;","og_url":"https:\/\/iris-cc.cat\/es\/formacion","og_site_name":"IRIS-CC","article_modified_time":"2024-04-12T12:49:26+00:00","og_image":[{"url":"https:\/\/iris-cc.cat\/wp-content\/uploads\/2022\/11\/7.1.2-Proposta-c-2-scaled.jpg"}],"twitter_card":"summary_large_image","twitter_misc":{"Tiempo de lectura":"2 minutos"},"schema":{"@context":"https:\/\/schema.org","@graph":[{"@type":"WebPage","@id":"https:\/\/iris-cc.cat\/es\/formacion","url":"https:\/\/iris-cc.cat\/es\/formacion","name":"Formaci\u00f3n - IRIS-CC","isPartOf":{"@id":"https:\/\/iris-cc.cat\/es#website"},"primaryImageOfPage":{"@id":"https:\/\/iris-cc.cat\/es\/formacion#primaryimage"},"image":{"@id":"https:\/\/iris-cc.cat\/es\/formacion#primaryimage"},"thumbnailUrl":"https:\/\/iris-cc.cat\/wp-content\/uploads\/2022\/11\/7.1.2-Proposta-c-2-scaled.jpg","datePublished":"2022-09-13T09:35:50+00:00","dateModified":"2024-04-12T12:49:26+00:00","breadcrumb":{"@id":"https:\/\/iris-cc.cat\/es\/formacion#breadcrumb"},"inLanguage":"es","potentialAction":[{"@type":"ReadAction","target":["https:\/\/iris-cc.cat\/es\/formacion"]}]},{"@type":"ImageObject","inLanguage":"es","@id":"https:\/\/iris-cc.cat\/es\/formacion#primaryimage","url":"https:\/\/iris-cc.cat\/wp-content\/uploads\/2022\/11\/7.1.2-Proposta-c-2-scaled.jpg","contentUrl":"https:\/\/iris-cc.cat\/wp-content\/uploads\/2022\/11\/7.1.2-Proposta-c-2-scaled.jpg"},{"@type":"BreadcrumbList","@id":"https:\/\/iris-cc.cat\/es\/formacion#breadcrumb","itemListElement":[{"@type":"ListItem","position":1,"name":"Inici","item":"https:\/\/iris-cc.cat\/es"},{"@type":"ListItem","position":2,"name":"Formaci\u00f3n"}]},{"@type":"WebSite","@id":"https:\/\/iris-cc.cat\/es#website","url":"https:\/\/iris-cc.cat\/es","name":"IRIS-CC","description":"Institut de Recerca i Innovaci\u00f3 en Ci\u00e8ncies de la Vida i de la Salut a la Catalunya Central","publisher":{"@id":"https:\/\/iris-cc.cat\/es#organization"},"potentialAction":[{"@type":"SearchAction","target":{"@type":"EntryPoint","urlTemplate":"https:\/\/iris-cc.cat\/es?s={search_term_string}"},"query-input":{"@type":"PropertyValueSpecification","valueRequired":true,"valueName":"search_term_string"}}],"inLanguage":"es"},{"@type":"Organization","@id":"https:\/\/iris-cc.cat\/es#organization","name":"Institut de Recerca i Innovaci\u00f3 en Ci\u00e8ncies de la Vida i de la Salut a la Catalunya Central","url":"https:\/\/iris-cc.cat\/es","logo":{"@type":"ImageObject","inLanguage":"es","@id":"https:\/\/iris-cc.cat\/es#\/schema\/logo\/image\/","url":"https:\/\/iris-cc.cat\/wp-content\/uploads\/2022\/08\/iris-cc-logo.png","contentUrl":"https:\/\/iris-cc.cat\/wp-content\/uploads\/2022\/08\/iris-cc-logo.png","width":628,"height":172,"caption":"Institut de Recerca i Innovaci\u00f3 en Ci\u00e8ncies de la Vida i de la Salut a la Catalunya Central"},"image":{"@id":"https:\/\/iris-cc.cat\/es#\/schema\/logo\/image\/"}}]}},"_links":{"self":[{"href":"https:\/\/iris-cc.cat\/es\/wp-json\/wp\/v2\/pages\/8236","targetHints":{"allow":["GET"]}}],"collection":[{"href":"https:\/\/iris-cc.cat\/es\/wp-json\/wp\/v2\/pages"}],"about":[{"href":"https:\/\/iris-cc.cat\/es\/wp-json\/wp\/v2\/types\/page"}],"author":[{"embeddable":true,"href":"https:\/\/iris-cc.cat\/es\/wp-json\/wp\/v2\/users\/1"}],"replies":[{"embeddable":true,"href":"https:\/\/iris-cc.cat\/es\/wp-json\/wp\/v2\/comments?post=8236"}],"version-history":[{"count":35,"href":"https:\/\/iris-cc.cat\/es\/wp-json\/wp\/v2\/pages\/8236\/revisions"}],"predecessor-version":[{"id":13613,"href":"https:\/\/iris-cc.cat\/es\/wp-json\/wp\/v2\/pages\/8236\/revisions\/13613"}],"wp:attachment":[{"href":"https:\/\/iris-cc.cat\/es\/wp-json\/wp\/v2\/media?parent=8236"}],"curies":[{"name":"wp","href":"https:\/\/api.w.org\/{rel}","templated":true}]}}